{"id":45436,"date":"2025-02-04T11:55:16","date_gmt":"2025-02-04T18:55:16","guid":{"rendered":"https:\/\/soccercampsinternational.com\/atletico-de-madrid-high-performance-fussballcamp-flughafentransfer-und-fragen-zum-camp\/"},"modified":"2026-04-10T12:23:32","modified_gmt":"2026-04-10T19:23:32","slug":"flughafentransfer-fragen","status":"publish","type":"page","link":"https:\/\/soccercampsinternational.com\/de\/spanien-fussballcamps\/atletico-de-madrid-fussballcamps\/flughafentransfer-fragen\/","title":{"rendered":"Atletico de Madrid High Performance Fu\u00dfballcamp Flughafentransfer und Fragen zum Camp"},"content":{"rendered":"\t\t<div data-elementor-type=\"wp-page\" data-elementor-id=\"45436\" class=\"elementor elementor-45436 elementor-42645\" data-elementor-post-type=\"page\">\n\t\t\t\t\t\t<section class=\"elementor-section elementor-top-section elementor-element elementor-element-e3131e2 elementor-section-stretched elementor-section-boxed elementor-section-height-default elementor-section-height-default\" data-id=\"e3131e2\" data-element_type=\"section\" data-e-type=\"section\" data-settings=\"{&quot;stretch_section&quot;:&quot;section-stretched&quot;,&quot;background_background&quot;:&quot;classic&quot;,&quot;sticky&quot;:&quot;top&quot;,&quot;sticky_on&quot;:[&quot;desktop&quot;],&quot;sticky_offset&quot;:0,&quot;sticky_effects_offset&quot;:0,&quot;sticky_anchor_link_offset&quot;:0}\">\n\t\t\t\t\t\t<div class=\"elementor-container elementor-column-gap-default\">\n\t\t\t\t\t<div class=\"elementor-column elementor-col-100 elementor-top-column elementor-element elementor-element-9ab6e6a\" data-id=\"9ab6e6a\" data-element_type=\"column\" data-e-type=\"column\">\n\t\t\t<div class=\"elementor-widget-wrap elementor-element-populated\">\n\t\t\t\t\t\t<div class=\"elementor-element elementor-element-f13b291 elementor-widget-tablet__width-auto elementor-nav-menu--dropdown-tablet elementor-nav-menu__text-align-aside elementor-widget elementor-widget-nav-menu\" data-id=\"f13b291\" data-element_type=\"widget\" data-e-type=\"widget\" data-settings=\"{&quot;layout&quot;:&quot;horizontal&quot;,&quot;submenu_icon&quot;:{&quot;value&quot;:&quot;&lt;svg aria-hidden=\\&quot;true\\&quot; class=\\&quot;e-font-icon-svg e-fas-caret-down\\&quot; viewBox=\\&quot;0 0 320 512\\&quot; xmlns=\\&quot;http:\\\/\\\/www.w3.org\\\/2000\\\/svg\\&quot;&gt;&lt;path d=\\&quot;M31.3 192h257.3c17.8 0 26.7 21.5 14.1 34.1L174.1 354.8c-7.8 7.8-20.5 7.8-28.3 0L17.2 226.1C4.6 213.5 13.5 192 31.3 192z\\&quot;&gt;&lt;\\\/path&gt;&lt;\\\/svg&gt;&quot;,&quot;library&quot;:&quot;fa-solid&quot;}}\" data-widget_type=\"nav-menu.default\">\n\t\t\t\t<div class=\"elementor-widget-container\">\n\t\t\t\t\t\t\t\t<nav aria-label=\"Menu\" class=\"elementor-nav-menu--main elementor-nav-menu__container elementor-nav-menu--layout-horizontal e--pointer-none\">\n\t\t\t\t<ul id=\"menu-1-f13b291\" class=\"elementor-nav-menu\"><li class=\"menu-item menu-item-type-post_type menu-item-object-page menu-item-42663\"><a href=\"https:\/\/soccercampsinternational.com\/spain-soccer-camps\/atletico-madrid-soccer-camp\/\" class=\"elementor-item\">Atletico de Madrid Profi-Fu\u00dfballcamps<\/a><\/li>\n<li class=\"menu-item menu-item-type-custom menu-item-object-custom menu-item-42664\"><a href=\"\/spain-soccer-camps\/atletico-madrid-soccer-camp\/#atletico-dates\" class=\"elementor-item elementor-item-anchor\">Dates<\/a><\/li>\n<li class=\"menu-item menu-item-type-custom menu-item-object-custom menu-item-42665\"><a href=\"\/spain-soccer-camps\/atletico-madrid-soccer-camp\/#atletico-prices\" class=\"elementor-item elementor-item-anchor\">Prices<\/a><\/li>\n<li class=\"menu-item menu-item-type-post_type menu-item-object-page menu-item-42669\"><a href=\"https:\/\/soccercampsinternational.com\/spain-soccer-camps\/atletico-madrid-soccer-camp\/soccer-sites-information\/\" class=\"elementor-item\">Standort des Atletico de Madrid PRO Fu\u00dfballcamps<\/a><\/li>\n<li class=\"menu-item menu-item-type-post_type menu-item-object-page menu-item-42736\"><a href=\"https:\/\/soccercampsinternational.com\/spain-soccer-camps\/atletico-madrid-soccer-camp\/faq-airport\/\" class=\"elementor-item\">Atletico de Madrid High Performance Fu\u00dfballcamp Flughafentransfer und Fragen zum Camp<\/a><\/li>\n<li class=\"menu-item menu-item-type-post_type menu-item-object-page menu-item-42737\"><a href=\"https:\/\/soccercampsinternational.com\/spain-soccer-camps\/atletico-madrid-soccer-camp\/photos\/\" class=\"elementor-item\">Atletico de Madrid PRO Fu\u00dfballcamps Fotos<\/a><\/li>\n<\/ul>\t\t\t<\/nav>\n\t\t\t\t\t\t<nav class=\"elementor-nav-menu--dropdown elementor-nav-menu__container\" aria-hidden=\"true\">\n\t\t\t\t<ul id=\"menu-2-f13b291\" class=\"elementor-nav-menu\"><li class=\"menu-item menu-item-type-post_type menu-item-object-page menu-item-42663\"><a href=\"https:\/\/soccercampsinternational.com\/spain-soccer-camps\/atletico-madrid-soccer-camp\/\" class=\"elementor-item\" tabindex=\"-1\">Atletico de Madrid Profi-Fu\u00dfballcamps<\/a><\/li>\n<li class=\"menu-item menu-item-type-custom menu-item-object-custom menu-item-42664\"><a href=\"\/spain-soccer-camps\/atletico-madrid-soccer-camp\/#atletico-dates\" class=\"elementor-item elementor-item-anchor\" tabindex=\"-1\">Dates<\/a><\/li>\n<li class=\"menu-item menu-item-type-custom menu-item-object-custom menu-item-42665\"><a href=\"\/spain-soccer-camps\/atletico-madrid-soccer-camp\/#atletico-prices\" class=\"elementor-item elementor-item-anchor\" tabindex=\"-1\">Prices<\/a><\/li>\n<li class=\"menu-item menu-item-type-post_type menu-item-object-page menu-item-42669\"><a href=\"https:\/\/soccercampsinternational.com\/spain-soccer-camps\/atletico-madrid-soccer-camp\/soccer-sites-information\/\" class=\"elementor-item\" tabindex=\"-1\">Standort des Atletico de Madrid PRO Fu\u00dfballcamps<\/a><\/li>\n<li class=\"menu-item menu-item-type-post_type menu-item-object-page menu-item-42736\"><a href=\"https:\/\/soccercampsinternational.com\/spain-soccer-camps\/atletico-madrid-soccer-camp\/faq-airport\/\" class=\"elementor-item\" tabindex=\"-1\">Atletico de Madrid High Performance Fu\u00dfballcamp Flughafentransfer und Fragen zum Camp<\/a><\/li>\n<li class=\"menu-item menu-item-type-post_type menu-item-object-page menu-item-42737\"><a href=\"https:\/\/soccercampsinternational.com\/spain-soccer-camps\/atletico-madrid-soccer-camp\/photos\/\" class=\"elementor-item\" tabindex=\"-1\">Atletico de Madrid PRO Fu\u00dfballcamps Fotos<\/a><\/li>\n<\/ul>\t\t\t<\/nav>\n\t\t\t\t\t\t<\/div>\n\t\t\t\t<\/div>\n\t\t\t\t\t<\/div>\n\t\t<\/div>\n\t\t\t\t\t<\/div>\n\t\t<\/section>\n\t\t\t\t<section class=\"elementor-section elementor-top-section elementor-element elementor-element-7f34941 elementor-section-stretched elementor-section-boxed elementor-section-height-default elementor-section-height-default\" data-id=\"7f34941\" data-element_type=\"section\" data-e-type=\"section\" data-settings=\"{&quot;stretch_section&quot;:&quot;section-stretched&quot;,&quot;background_background&quot;:&quot;gradient&quot;}\">\n\t\t\t\t\t\t\t<div class=\"elementor-background-overlay\"><\/div>\n\t\t\t\t\t\t\t<div class=\"elementor-container elementor-column-gap-default\">\n\t\t\t\t\t<div class=\"elementor-column elementor-col-100 elementor-top-column elementor-element elementor-element-b7c9731\" data-id=\"b7c9731\" data-element_type=\"column\" data-e-type=\"column\">\n\t\t\t<div class=\"elementor-widget-wrap elementor-element-populated\">\n\t\t\t\t\t\t<div class=\"elementor-element elementor-element-c3e8421 elementor-widget elementor-widget-heading\" data-id=\"c3e8421\" data-element_type=\"widget\" data-e-type=\"widget\" data-widget_type=\"heading.default\">\n\t\t\t\t<div class=\"elementor-widget-container\">\n\t\t\t\t\t<h2 class=\"elementor-heading-title elementor-size-default\">Atletico de Madrid PRO Fu\u00dfballcamps<\/h2>\t\t\t\t<\/div>\n\t\t\t\t<\/div>\n\t\t\t\t<div class=\"elementor-element elementor-element-7448560 elementor-widget elementor-widget-heading\" data-id=\"7448560\" data-element_type=\"widget\" data-e-type=\"widget\" data-widget_type=\"heading.default\">\n\t\t\t\t<div class=\"elementor-widget-container\">\n\t\t\t\t\t<h2 class=\"elementor-heading-title elementor-size-default\">Informationen zum Flughafentransfer &amp; H\u00e4ufig gestellte Fragen zum Camp<\/h2>\t\t\t\t<\/div>\n\t\t\t\t<\/div>\n\t\t\t\t<section class=\"elementor-section elementor-inner-section elementor-element elementor-element-777b2f8 elementor-section-full_width elementor-section-height-default elementor-section-height-default\" data-id=\"777b2f8\" data-element_type=\"section\" data-e-type=\"section\" data-settings=\"{&quot;background_background&quot;:&quot;classic&quot;}\">\n\t\t\t\t\t\t<div class=\"elementor-container elementor-column-gap-wide\">\n\t\t\t\t\t<div class=\"elementor-column elementor-col-50 elementor-inner-column elementor-element elementor-element-e383e1c\" data-id=\"e383e1c\" data-element_type=\"column\" data-e-type=\"column\">\n\t\t\t<div class=\"elementor-widget-wrap elementor-element-populated\">\n\t\t\t\t\t\t<div class=\"elementor-element elementor-element-cb7bc0b elementor-widget elementor-widget-text-editor\" data-id=\"cb7bc0b\" data-element_type=\"widget\" data-e-type=\"widget\" data-widget_type=\"text-editor.default\">\n\t\t\t\t<div class=\"elementor-widget-container\">\n\t\t\t\t\t\t\t\t\t<p>F\u00fcr diejenigen, die aus dem Ausland anreisen, bietet das Camp einen kostenpflichtigen Transferservice vom Flughafen Madrid (MAD) Barajas zur Campunterkunft an. Alle Transfers m\u00fcssen im Voraus arrangiert werden.  <strong>Die Fl\u00fcge kommen zwischen 9 Uhr und 20:00 Uhr am ersten und letzten Tag des Camps an.<\/strong><\/p><p>Nachdem die Sch\u00fcler ihr Gep\u00e4ck abgeholt haben, passieren sie den Zoll. Die Studenten werden dann von einem Vertreter des Camps im \u00f6ffentlichen Ankunftsbereich empfangen, der ein auff\u00e4lliges Schild tr\u00e4gt. Von hier aus werden die Sch\u00fcler zu ihren Unterk\u00fcnften gebracht.  <\/p><p><strong>Die Teilnehmer m\u00fcssen am ersten Tag des Camps anreisen und am letzten Tag des Camps abreisen, wie in Ihrer Anmeldung angegeben.<\/strong><\/p><p>Die Transfers finden in regelm\u00e4\u00dfigen Abst\u00e4nden statt. Die Mitarbeiter des Camps werden versuchen, Sie zu transferieren, sobald Sie ankommen. Wenn dies nicht gelingt, m\u00fcssen Sie m\u00f6glicherweise bis zur n\u00e4chsten Ankunft warten, um die Transfers zu kombinieren. <\/p><p>Bei der Abreise werden die Sch\u00fcler am Ticketschalter ihrer Fluggesellschaft abgesetzt. Viele Fluggesellschaften verlangen, dass Kinder unter 16 Jahren bei der R\u00fcckreise zum Check-in-Schalter am Flughafen begleitet werden. Bitte pr\u00fcfen Sie, ob die Fluggesellschaft Ihres Kindes dies verlangt, da wir diesen Service derzeit nicht anbieten. (Unbegleitete Minderj\u00e4hrige, UM, siehe <span style=\"color: #e01020;\"><a style=\"color: #e01020;\" href=\"\/wp-content\/uploads\/2024\/07\/Airline-Unaccompanied-Minor.pdf\" target=\"_blank\" rel=\"noopener\"><strong>Dienstleistungen der Fluggesellschaft f\u00fcr UM<\/strong><\/a><\/span>).   <\/p><p>Pr\u00fcfen Sie die \u00f6rtlichen Bestimmungen f\u00fcr Kinder, die ohne ihre Eltern oder Erziehungsberechtigten reisen &#8211; jedes Land hat spezifische Anforderungen und kann eine schriftliche Zustimmung und\/oder Ausweispapiere verlangen.<\/p><p>Es ist von entscheidender Bedeutung, dass alle notwendigen Flugdaten zusammen mit den Buchungsinformationen oder so bald wie m\u00f6glich an Fu\u00dfballcamps International gesendet werden. Das Camp ben\u00f6tigt die genauen Flugdaten, einschlie\u00dflich Daten, Fluggesellschaften, Ankunfts- und Abflugterminals, Flugnummern und Flugzeiten. Dieser Service muss sp\u00e4testens 4 Wochen vor Beginn des Kurses gebucht werden.  <\/p>\t\t\t\t\t\t\t\t<\/div>\n\t\t\t\t<\/div>\n\t\t\t\t\t<\/div>\n\t\t<\/div>\n\t\t\t\t<div class=\"elementor-column elementor-col-50 elementor-inner-column elementor-element elementor-element-7a67ce9\" data-id=\"7a67ce9\" data-element_type=\"column\" data-e-type=\"column\" data-settings=\"{&quot;background_background&quot;:&quot;classic&quot;}\">\n\t\t\t<div class=\"elementor-widget-wrap elementor-element-populated\">\n\t\t\t\t\t\t<div class=\"elementor-element elementor-element-6df1846 elementor-widget elementor-widget-image\" data-id=\"6df1846\" data-element_type=\"widget\" data-e-type=\"widget\" data-widget_type=\"image.default\">\n\t\t\t\t<div class=\"elementor-widget-container\">\n\t\t\t\t\t\t\t\t\t\t\t\t\t\t\t<img fetchpriority=\"high\" decoding=\"async\" width=\"1024\" height=\"683\" src=\"https:\/\/soccercampsinternational.com\/wp-content\/uploads\/2025\/02\/2022_07_04_CampusVerano_Alcala-8-1024x683.jpg\" class=\"attachment-large size-large wp-image-42748\" alt=\"\" srcset=\"https:\/\/soccercampsinternational.com\/wp-content\/uploads\/2025\/02\/2022_07_04_CampusVerano_Alcala-8-1024x683.jpg 1024w, https:\/\/soccercampsinternational.com\/wp-content\/uploads\/2025\/02\/2022_07_04_CampusVerano_Alcala-8-300x200.jpg 300w, https:\/\/soccercampsinternational.com\/wp-content\/uploads\/2025\/02\/2022_07_04_CampusVerano_Alcala-8-768x512.jpg 768w, https:\/\/soccercampsinternational.com\/wp-content\/uploads\/2025\/02\/2022_07_04_CampusVerano_Alcala-8-1536x1024.jpg 1536w, https:\/\/soccercampsinternational.com\/wp-content\/uploads\/2025\/02\/2022_07_04_CampusVerano_Alcala-8-2048x1366.jpg 2048w\" sizes=\"(max-width: 1024px) 100vw, 1024px\" \/>\t\t\t\t\t\t\t\t\t\t\t\t\t\t\t<\/div>\n\t\t\t\t<\/div>\n\t\t\t\t<section class=\"elementor-section elementor-inner-section elementor-element elementor-element-2858167 elementor-section-boxed elementor-section-height-default elementor-section-height-default\" data-id=\"2858167\" data-element_type=\"section\" data-e-type=\"section\" data-settings=\"{&quot;background_background&quot;:&quot;gradient&quot;}\">\n\t\t\t\t\t\t<div class=\"elementor-container elementor-column-gap-default\">\n\t\t\t\t\t<div class=\"elementor-column elementor-col-100 elementor-inner-column elementor-element elementor-element-30299ee\" data-id=\"30299ee\" data-element_type=\"column\" data-e-type=\"column\">\n\t\t\t<div class=\"elementor-widget-wrap elementor-element-populated\">\n\t\t\t\t\t\t<div class=\"elementor-element elementor-element-12b9e61 elementor-widget elementor-widget-heading\" data-id=\"12b9e61\" data-element_type=\"widget\" data-e-type=\"widget\" data-widget_type=\"heading.default\">\n\t\t\t\t<div class=\"elementor-widget-container\">\n\t\t\t\t\t<h2 class=\"elementor-heading-title elementor-size-default\">Ungef\u00e4hre Reisedauer<\/h2>\t\t\t\t<\/div>\n\t\t\t\t<\/div>\n\t\t\t\t<div class=\"elementor-element elementor-element-951bb56 elementor-widget elementor-widget-heading\" data-id=\"951bb56\" data-element_type=\"widget\" data-e-type=\"widget\" data-widget_type=\"heading.default\">\n\t\t\t\t<div class=\"elementor-widget-container\">\n\t\t\t\t\t<h2 class=\"elementor-heading-title elementor-size-default\">Vom Flughafen Madrid (MAD) Barajas nach:<\/h2>\t\t\t\t<\/div>\n\t\t\t\t<\/div>\n\t\t\t\t<div class=\"elementor-element elementor-element-7b61bbf elementor-icon-list--layout-traditional elementor-list-item-link-full_width elementor-widget elementor-widget-icon-list\" data-id=\"7b61bbf\" data-element_type=\"widget\" data-e-type=\"widget\" data-widget_type=\"icon-list.default\">\n\t\t\t\t<div class=\"elementor-widget-container\">\n\t\t\t\t\t\t\t<ul class=\"elementor-icon-list-items\">\n\t\t\t\t\t\t\t<li class=\"elementor-icon-list-item\">\n\t\t\t\t\t\t\t\t\t\t\t<span class=\"elementor-icon-list-icon\">\n\t\t\t\t\t\t\t<svg aria-hidden=\"true\" class=\"e-font-icon-svg e-fas-futbol\" viewBox=\"0 0 512 512\" xmlns=\"http:\/\/www.w3.org\/2000\/svg\"><path d=\"M504 256c0 136.967-111.033 248-248 248S8 392.967 8 256 119.033 8 256 8s248 111.033 248 248zm-48 0l-.003-.282-26.064 22.741-62.679-58.5 16.454-84.355 34.303 3.072c-24.889-34.216-60.004-60.089-100.709-73.141l13.651 31.939L256 139l-74.953-41.525 13.651-31.939c-40.631 13.028-75.78 38.87-100.709 73.141l34.565-3.073 16.192 84.355-62.678 58.5-26.064-22.741-.003.282c0 43.015 13.497 83.952 38.472 117.991l7.704-33.897 85.138 10.447 36.301 77.826-29.902 17.786c40.202 13.122 84.29 13.148 124.572 0l-29.902-17.786 36.301-77.826 85.138-10.447 7.704 33.897C442.503 339.952 456 299.015 456 256zm-248.102 69.571l-29.894-91.312L256 177.732l77.996 56.527-29.622 91.312h-96.476z\"><\/path><\/svg>\t\t\t\t\t\t<\/span>\n\t\t\t\t\t\t\t\t\t\t<span class=\"elementor-icon-list-text\">Residenz der Akademie von Atletico de Madrid, San Sebasti\u00e1n de los Reyes, Madrid: 20 Minuten<\/span>\n\t\t\t\t\t\t\t\t\t<\/li>\n\t\t\t\t\t\t<\/ul>\n\t\t\t\t\t\t<\/div>\n\t\t\t\t<\/div>\n\t\t\t\t\t<\/div>\n\t\t<\/div>\n\t\t\t\t\t<\/div>\n\t\t<\/section>\n\t\t\t\t<div class=\"elementor-element elementor-element-1e6dd4f elementor-align-justify elementor-widget elementor-widget-button\" data-id=\"1e6dd4f\" data-element_type=\"widget\" data-e-type=\"widget\" data-widget_type=\"button.default\">\n\t\t\t\t<div class=\"elementor-widget-container\">\n\t\t\t\t\t\t\t\t\t<div class=\"elementor-button-wrapper\">\n\t\t\t\t\t<a class=\"elementor-button elementor-button-link elementor-size-sm\" href=\"https:\/\/soccercampsinternational.com\/de\/kontaktieren\/\" target=\"_blank\">\n\t\t\t\t\t\t<span class=\"elementor-button-content-wrapper\">\n\t\t\t\t\t\t<span class=\"elementor-button-icon\">\n\t\t\t\t<svg aria-hidden=\"true\" class=\"e-font-icon-svg e-fas-envelope-open-text\" viewBox=\"0 0 512 512\" xmlns=\"http:\/\/www.w3.org\/2000\/svg\"><path d=\"M176 216h160c8.84 0 16-7.16 16-16v-16c0-8.84-7.16-16-16-16H176c-8.84 0-16 7.16-16 16v16c0 8.84 7.16 16 16 16zm-16 80c0 8.84 7.16 16 16 16h160c8.84 0 16-7.16 16-16v-16c0-8.84-7.16-16-16-16H176c-8.84 0-16 7.16-16 16v16zm96 121.13c-16.42 0-32.84-5.06-46.86-15.19L0 250.86V464c0 26.51 21.49 48 48 48h416c26.51 0 48-21.49 48-48V250.86L302.86 401.94c-14.02 10.12-30.44 15.19-46.86 15.19zm237.61-254.18c-8.85-6.94-17.24-13.47-29.61-22.81V96c0-26.51-21.49-48-48-48h-77.55c-3.04-2.2-5.87-4.26-9.04-6.56C312.6 29.17 279.2-.35 256 0c-23.2-.35-56.59 29.17-73.41 41.44-3.17 2.3-6 4.36-9.04 6.56H96c-26.51 0-48 21.49-48 48v44.14c-12.37 9.33-20.76 15.87-29.61 22.81A47.995 47.995 0 0 0 0 200.72v10.65l96 69.35V96h320v184.72l96-69.35v-10.65c0-14.74-6.78-28.67-18.39-37.77z\"><\/path><\/svg>\t\t\t<\/span>\n\t\t\t\t\t\t\t\t\t<span class=\"elementor-button-text\">KONTAKT US<\/span>\n\t\t\t\t\t<\/span>\n\t\t\t\t\t<\/a>\n\t\t\t\t<\/div>\n\t\t\t\t\t\t\t\t<\/div>\n\t\t\t\t<\/div>\n\t\t\t\t<div class=\"elementor-element elementor-element-97b8031 elementor-align-justify elementor-widget elementor-widget-button\" data-id=\"97b8031\" data-element_type=\"widget\" data-e-type=\"widget\" data-widget_type=\"button.default\">\n\t\t\t\t<div class=\"elementor-widget-container\">\n\t\t\t\t\t\t\t\t\t<div class=\"elementor-button-wrapper\">\n\t\t\t\t\t<a class=\"elementor-button elementor-button-link elementor-size-sm\" href=\"\/wp-content\/uploads\/2024\/07\/Airline-Unaccompanied-Minor.pdf\" target=\"_blank\">\n\t\t\t\t\t\t<span class=\"elementor-button-content-wrapper\">\n\t\t\t\t\t\t<span class=\"elementor-button-icon\">\n\t\t\t\t<svg aria-hidden=\"true\" class=\"e-font-icon-svg e-fas-file-pdf\" viewBox=\"0 0 384 512\" xmlns=\"http:\/\/www.w3.org\/2000\/svg\"><path d=\"M181.9 256.1c-5-16-4.9-46.9-2-46.9 8.4 0 7.6 36.9 2 46.9zm-1.7 47.2c-7.7 20.2-17.3 43.3-28.4 62.7 18.3-7 39-17.2 62.9-21.9-12.7-9.6-24.9-23.4-34.5-40.8zM86.1 428.1c0 .8 13.2-5.4 34.9-40.2-6.7 6.3-29.1 24.5-34.9 40.2zM248 160h136v328c0 13.3-10.7 24-24 24H24c-13.3 0-24-10.7-24-24V24C0 10.7 10.7 0 24 0h200v136c0 13.2 10.8 24 24 24zm-8 171.8c-20-12.2-33.3-29-42.7-53.8 4.5-18.5 11.6-46.6 6.2-64.2-4.7-29.4-42.4-26.5-47.8-6.8-5 18.3-.4 44.1 8.1 77-11.6 27.6-28.7 64.6-40.8 85.8-.1 0-.1.1-.2.1-27.1 13.9-73.6 44.5-54.5 68 5.6 6.9 16 10 21.5 10 17.9 0 35.7-18 61.1-61.8 25.8-8.5 54.1-19.1 79-23.2 21.7 11.8 47.1 19.5 64 19.5 29.2 0 31.2-32 19.7-43.4-13.9-13.6-54.3-9.7-73.6-7.2zM377 105L279 7c-4.5-4.5-10.6-7-17-7h-6v128h128v-6.1c0-6.3-2.5-12.4-7-16.9zm-74.1 255.3c4.1-2.7-2.5-11.9-42.8-9 37.1 15.8 42.8 9 42.8 9z\"><\/path><\/svg>\t\t\t<\/span>\n\t\t\t\t\t\t\t\t\t<span class=\"elementor-button-text\">FLUGGESELLSCHAFTEN DIENSTLEISTUNGEN F\u00dcR UM<\/span>\n\t\t\t\t\t<\/span>\n\t\t\t\t\t<\/a>\n\t\t\t\t<\/div>\n\t\t\t\t\t\t\t\t<\/div>\n\t\t\t\t<\/div>\n\t\t\t\t\t<\/div>\n\t\t<\/div>\n\t\t\t\t\t<\/div>\n\t\t<\/section>\n\t\t\t\t\t<\/div>\n\t\t<\/div>\n\t\t\t\t\t<\/div>\n\t\t<\/section>\n\t\t\t\t<section class=\"elementor-section elementor-top-section elementor-element elementor-element-48dc97f elementor-section-stretched elementor-section-boxed elementor-section-height-default elementor-section-height-default\" data-id=\"48dc97f\" data-element_type=\"section\" data-e-type=\"section\" data-settings=\"{&quot;stretch_section&quot;:&quot;section-stretched&quot;,&quot;background_background&quot;:&quot;classic&quot;}\">\n\t\t\t\t\t\t<div class=\"elementor-container elementor-column-gap-default\">\n\t\t\t\t\t<div class=\"elementor-column elementor-col-100 elementor-top-column elementor-element elementor-element-066188f\" data-id=\"066188f\" data-element_type=\"column\" data-e-type=\"column\">\n\t\t\t<div class=\"elementor-widget-wrap elementor-element-populated\">\n\t\t\t\t\t\t<div class=\"elementor-element elementor-element-98fbe9a elementor-align-center elementor-mobile-align-start elementor-icon-list--layout-traditional elementor-list-item-link-full_width elementor-widget elementor-widget-icon-list\" data-id=\"98fbe9a\" data-element_type=\"widget\" data-e-type=\"widget\" data-widget_type=\"icon-list.default\">\n\t\t\t\t<div class=\"elementor-widget-container\">\n\t\t\t\t\t\t\t<ul class=\"elementor-icon-list-items\">\n\t\t\t\t\t\t\t<li class=\"elementor-icon-list-item\">\n\t\t\t\t\t\t\t\t\t\t\t<span class=\"elementor-icon-list-icon\">\n\t\t\t\t\t\t\t<svg aria-hidden=\"true\" class=\"e-font-icon-svg e-fas-question-circle\" viewBox=\"0 0 512 512\" xmlns=\"http:\/\/www.w3.org\/2000\/svg\"><path d=\"M504 256c0 136.997-111.043 248-248 248S8 392.997 8 256C8 119.083 119.043 8 256 8s248 111.083 248 248zM262.655 90c-54.497 0-89.255 22.957-116.549 63.758-3.536 5.286-2.353 12.415 2.715 16.258l34.699 26.31c5.205 3.947 12.621 3.008 16.665-2.122 17.864-22.658 30.113-35.797 57.303-35.797 20.429 0 45.698 13.148 45.698 32.958 0 14.976-12.363 22.667-32.534 33.976C247.128 238.528 216 254.941 216 296v4c0 6.627 5.373 12 12 12h56c6.627 0 12-5.373 12-12v-1.333c0-28.462 83.186-29.647 83.186-106.667 0-58.002-60.165-102-116.531-102zM256 338c-25.365 0-46 20.635-46 46 0 25.364 20.635 46 46 46s46-20.636 46-46c0-25.365-20.635-46-46-46z\"><\/path><\/svg>\t\t\t\t\t\t<\/span>\n\t\t\t\t\t\t\t\t\t\t<span class=\"elementor-icon-list-text\">H\u00e4ufig gestellte Fragen<\/span>\n\t\t\t\t\t\t\t\t\t<\/li>\n\t\t\t\t\t\t<\/ul>\n\t\t\t\t\t\t<\/div>\n\t\t\t\t<\/div>\n\t\t\t\t<section class=\"elementor-section elementor-inner-section elementor-element elementor-element-a275e47 elementor-section-full_width elementor-section-height-default elementor-section-height-default\" data-id=\"a275e47\" data-element_type=\"section\" data-e-type=\"section\" data-settings=\"{&quot;background_background&quot;:&quot;classic&quot;}\">\n\t\t\t\t\t\t<div class=\"elementor-container elementor-column-gap-default\">\n\t\t\t\t\t<div class=\"elementor-column elementor-col-50 elementor-inner-column elementor-element elementor-element-a09c993\" data-id=\"a09c993\" data-element_type=\"column\" data-e-type=\"column\">\n\t\t\t<div class=\"elementor-widget-wrap elementor-element-populated\">\n\t\t\t\t\t\t<div class=\"elementor-element elementor-element-5194a8a elementor-widget elementor-widget-toggle\" data-id=\"5194a8a\" data-element_type=\"widget\" data-e-type=\"widget\" data-widget_type=\"toggle.default\">\n\t\t\t\t<div class=\"elementor-widget-container\">\n\t\t\t\t\t\t\t<div class=\"elementor-toggle\">\n\t\t\t\t\t\t\t<div class=\"elementor-toggle-item\">\n\t\t\t\t\t<div id=\"elementor-tab-title-8551\" class=\"elementor-tab-title\" data-tab=\"1\" role=\"button\" aria-controls=\"elementor-tab-content-8551\" aria-expanded=\"false\">\n\t\t\t\t\t\t\t\t\t\t\t\t<span class=\"elementor-toggle-icon elementor-toggle-icon-right\" aria-hidden=\"true\">\n\t\t\t\t\t\t\t\t\t\t\t\t\t\t\t<span class=\"elementor-toggle-icon-closed\"><i class=\" icomoon-the7-font-the7-plus-01\"><\/i><\/span>\n\t\t\t\t\t\t\t\t<span class=\"elementor-toggle-icon-opened\"><svg class=\"elementor-toggle-icon-opened e-font-icon-svg e-fas-minus\" viewBox=\"0 0 448 512\" xmlns=\"http:\/\/www.w3.org\/2000\/svg\"><path d=\"M416 208H32c-17.67 0-32 14.33-32 32v32c0 17.67 14.33 32 32 32h384c17.67 0 32-14.33 32-32v-32c0-17.67-14.33-32-32-32z\"><\/path><\/svg><\/span>\n\t\t\t\t\t\t\t\t\t\t\t\t\t<\/span>\n\t\t\t\t\t\t\t\t\t\t\t\t<a class=\"elementor-toggle-title\" tabindex=\"0\">Wie sieht das Anmelde- und Annahmeverfahren f\u00fcr dieses Camp aus?<\/a>\n\t\t\t\t\t<\/div>\n\n\t\t\t\t\t<div id=\"elementor-tab-content-8551\" class=\"elementor-tab-content elementor-clearfix\" data-tab=\"1\" role=\"region\" aria-labelledby=\"elementor-tab-title-8551\"><p>Der Teilnehmer <strong>stellt in seiner Online-Bewerbung zun\u00e4chst ein Video zur Bewertung<\/strong> <strong>durch das Atletico de Madrid PRO Camp<\/strong> zur <strong>Verf\u00fcgung<\/strong> (Video des Spielers bei einem Fu\u00dfballspiel\/einer Aktivit\u00e4t erforderlich (YouTube oder Vimeo). Die Camp-Koordinatoren und das technische Personal sehen sich das Video des Teilnehmers an und treffen eine Entscheidung \u00fcber die Aufnahme in das Camp. Nach der Zulassung des Teilnehmers zum Camp wird die Zahlung (Anzahlung oder vollst\u00e4ndige Zahlung, abz\u00fcglich der kleinen Anzahlung, die bei der Voranmeldung geleistet wurde) bearbeitet, um den Platz zu best\u00e4tigen <strong>(die Pl\u00e4tze f\u00fcr dieses High-Level-Camp sind BEGRENZT!)<\/strong>  <\/p>\n<\/div>\n\t\t\t\t<\/div>\n\t\t\t\t\t\t\t<div class=\"elementor-toggle-item\">\n\t\t\t\t\t<div id=\"elementor-tab-title-8552\" class=\"elementor-tab-title\" data-tab=\"2\" role=\"button\" aria-controls=\"elementor-tab-content-8552\" aria-expanded=\"false\">\n\t\t\t\t\t\t\t\t\t\t\t\t<span class=\"elementor-toggle-icon elementor-toggle-icon-right\" aria-hidden=\"true\">\n\t\t\t\t\t\t\t\t\t\t\t\t\t\t\t<span class=\"elementor-toggle-icon-closed\"><i class=\" icomoon-the7-font-the7-plus-01\"><\/i><\/span>\n\t\t\t\t\t\t\t\t<span class=\"elementor-toggle-icon-opened\"><svg class=\"elementor-toggle-icon-opened e-font-icon-svg e-fas-minus\" viewBox=\"0 0 448 512\" xmlns=\"http:\/\/www.w3.org\/2000\/svg\"><path d=\"M416 208H32c-17.67 0-32 14.33-32 32v32c0 17.67 14.33 32 32 32h384c17.67 0 32-14.33 32-32v-32c0-17.67-14.33-32-32-32z\"><\/path><\/svg><\/span>\n\t\t\t\t\t\t\t\t\t\t\t\t\t<\/span>\n\t\t\t\t\t\t\t\t\t\t\t\t<a class=\"elementor-toggle-title\" tabindex=\"0\">Welche Altersgruppe kann an den Atletico de Madrid PRO Camps teilnehmen?<\/a>\n\t\t\t\t\t<\/div>\n\n\t\t\t\t\t<div id=\"elementor-tab-content-8552\" class=\"elementor-tab-content elementor-clearfix\" data-tab=\"2\" role=\"region\" aria-labelledby=\"elementor-tab-title-8552\"><p>Das Atletico de Madrid PRO Fu\u00dfballcamps ist offen f\u00fcr Jungen im Alter von 11 bis 17 Jahren (geboren zwischen 2009 und 2017). Bitte beachten Sie, dass Camper innerhalb der entsprechenden Altersbeschr\u00e4nkungen sein m\u00fcssen, um sich f\u00fcr das Camp anzumelden, und dass Camper, deren Alter au\u00dferhalb der oben genannten Altersgrenzen liegt, sich nicht f\u00fcr das Camp anmelden k\u00f6nnen. Camp-Teilnehmer m\u00fcssen w\u00e4hrend der gesamten Dauer des Kurses das entsprechende Alter haben, um sich anmelden zu k\u00f6nnen.  <\/p>\n<\/div>\n\t\t\t\t<\/div>\n\t\t\t\t\t\t\t<div class=\"elementor-toggle-item\">\n\t\t\t\t\t<div id=\"elementor-tab-title-8553\" class=\"elementor-tab-title\" data-tab=\"3\" role=\"button\" aria-controls=\"elementor-tab-content-8553\" aria-expanded=\"false\">\n\t\t\t\t\t\t\t\t\t\t\t\t<span class=\"elementor-toggle-icon elementor-toggle-icon-right\" aria-hidden=\"true\">\n\t\t\t\t\t\t\t\t\t\t\t\t\t\t\t<span class=\"elementor-toggle-icon-closed\"><i class=\" icomoon-the7-font-the7-plus-01\"><\/i><\/span>\n\t\t\t\t\t\t\t\t<span class=\"elementor-toggle-icon-opened\"><svg class=\"elementor-toggle-icon-opened e-font-icon-svg e-fas-minus\" viewBox=\"0 0 448 512\" xmlns=\"http:\/\/www.w3.org\/2000\/svg\"><path d=\"M416 208H32c-17.67 0-32 14.33-32 32v32c0 17.67 14.33 32 32 32h384c17.67 0 32-14.33 32-32v-32c0-17.67-14.33-32-32-32z\"><\/path><\/svg><\/span>\n\t\t\t\t\t\t\t\t\t\t\t\t\t<\/span>\n\t\t\t\t\t\t\t\t\t\t\t\t<a class=\"elementor-toggle-title\" tabindex=\"0\">Muss ich einem Fu\u00dfballverein angeh\u00f6ren, um mich f\u00fcr das Camp anzumelden?<\/a>\n\t\t\t\t\t<\/div>\n\n\t\t\t\t\t<div id=\"elementor-tab-content-8553\" class=\"elementor-tab-content elementor-clearfix\" data-tab=\"3\" role=\"region\" aria-labelledby=\"elementor-tab-title-8553\"><p>Die Teilnehmer m\u00fcssen registrierte\/lizenzierte (Vereins-)Spieler sein, um sich f\u00fcr das Fu\u00dfballcamp anzumelden. Dieses Fu\u00dfballprogramm ist nur f\u00fcr diejenigen gedacht, die zu Hause in einem Fu\u00dfballverein spielen und eine Lizenz in einem Verein haben. <\/p>\n<\/div>\n\t\t\t\t<\/div>\n\t\t\t\t\t\t\t<div class=\"elementor-toggle-item\">\n\t\t\t\t\t<div id=\"elementor-tab-title-8554\" class=\"elementor-tab-title\" data-tab=\"4\" role=\"button\" aria-controls=\"elementor-tab-content-8554\" aria-expanded=\"false\">\n\t\t\t\t\t\t\t\t\t\t\t\t<span class=\"elementor-toggle-icon elementor-toggle-icon-right\" aria-hidden=\"true\">\n\t\t\t\t\t\t\t\t\t\t\t\t\t\t\t<span class=\"elementor-toggle-icon-closed\"><i class=\" icomoon-the7-font-the7-plus-01\"><\/i><\/span>\n\t\t\t\t\t\t\t\t<span class=\"elementor-toggle-icon-opened\"><svg class=\"elementor-toggle-icon-opened e-font-icon-svg e-fas-minus\" viewBox=\"0 0 448 512\" xmlns=\"http:\/\/www.w3.org\/2000\/svg\"><path d=\"M416 208H32c-17.67 0-32 14.33-32 32v32c0 17.67 14.33 32 32 32h384c17.67 0 32-14.33 32-32v-32c0-17.67-14.33-32-32-32z\"><\/path><\/svg><\/span>\n\t\t\t\t\t\t\t\t\t\t\t\t\t<\/span>\n\t\t\t\t\t\t\t\t\t\t\t\t<a class=\"elementor-toggle-title\" tabindex=\"0\">Wie sind die Check-in und Check-out Zeiten im Camp?<\/a>\n\t\t\t\t\t<\/div>\n\n\t\t\t\t\t<div id=\"elementor-tab-content-8554\" class=\"elementor-tab-content elementor-clearfix\" data-tab=\"4\" role=\"region\" aria-labelledby=\"elementor-tab-title-8554\"><p>demn\u00e4chst<\/p>\n<\/div>\n\t\t\t\t<\/div>\n\t\t\t\t\t\t\t<div class=\"elementor-toggle-item\">\n\t\t\t\t\t<div id=\"elementor-tab-title-8555\" class=\"elementor-tab-title\" data-tab=\"5\" role=\"button\" aria-controls=\"elementor-tab-content-8555\" aria-expanded=\"false\">\n\t\t\t\t\t\t\t\t\t\t\t\t<span class=\"elementor-toggle-icon elementor-toggle-icon-right\" aria-hidden=\"true\">\n\t\t\t\t\t\t\t\t\t\t\t\t\t\t\t<span class=\"elementor-toggle-icon-closed\"><i class=\" icomoon-the7-font-the7-plus-01\"><\/i><\/span>\n\t\t\t\t\t\t\t\t<span class=\"elementor-toggle-icon-opened\"><svg class=\"elementor-toggle-icon-opened e-font-icon-svg e-fas-minus\" viewBox=\"0 0 448 512\" xmlns=\"http:\/\/www.w3.org\/2000\/svg\"><path d=\"M416 208H32c-17.67 0-32 14.33-32 32v32c0 17.67 14.33 32 32 32h384c17.67 0 32-14.33 32-32v-32c0-17.67-14.33-32-32-32z\"><\/path><\/svg><\/span>\n\t\t\t\t\t\t\t\t\t\t\t\t\t<\/span>\n\t\t\t\t\t\t\t\t\t\t\t\t<a class=\"elementor-toggle-title\" tabindex=\"0\">Wie kann ich ein Probetraining bei der Akademie absolvieren?<\/a>\n\t\t\t\t\t<\/div>\n\n\t\t\t\t\t<div id=\"elementor-tab-content-8555\" class=\"elementor-tab-content elementor-clearfix\" data-tab=\"5\" role=\"region\" aria-labelledby=\"elementor-tab-title-8555\"><p>Atletico de Madrid verf\u00fcgt \u00fcber ein Scouting-Netzwerk, um talentierte junge Spieler zu identifizieren. Die Spieler m\u00fcssen einen Eindruck f\u00fcr ihren lokalen Verein\/ihre lokale Mannschaft hinterlassen. Sie k\u00f6nnen sich nicht f\u00fcr ein Probetraining \u00fcber Atletico de Madrid PRO Football Camps bewerben.  <\/p>\n<\/div>\n\t\t\t\t<\/div>\n\t\t\t\t\t\t\t<div class=\"elementor-toggle-item\">\n\t\t\t\t\t<div id=\"elementor-tab-title-8556\" class=\"elementor-tab-title\" data-tab=\"6\" role=\"button\" aria-controls=\"elementor-tab-content-8556\" aria-expanded=\"false\">\n\t\t\t\t\t\t\t\t\t\t\t\t<span class=\"elementor-toggle-icon elementor-toggle-icon-right\" aria-hidden=\"true\">\n\t\t\t\t\t\t\t\t\t\t\t\t\t\t\t<span class=\"elementor-toggle-icon-closed\"><i class=\" icomoon-the7-font-the7-plus-01\"><\/i><\/span>\n\t\t\t\t\t\t\t\t<span class=\"elementor-toggle-icon-opened\"><svg class=\"elementor-toggle-icon-opened e-font-icon-svg e-fas-minus\" viewBox=\"0 0 448 512\" xmlns=\"http:\/\/www.w3.org\/2000\/svg\"><path d=\"M416 208H32c-17.67 0-32 14.33-32 32v32c0 17.67 14.33 32 32 32h384c17.67 0 32-14.33 32-32v-32c0-17.67-14.33-32-32-32z\"><\/path><\/svg><\/span>\n\t\t\t\t\t\t\t\t\t\t\t\t\t<\/span>\n\t\t\t\t\t\t\t\t\t\t\t\t<a class=\"elementor-toggle-title\" tabindex=\"0\">Wie hoch sind die Chancen, einen Spieler zu treffen?<\/a>\n\t\t\t\t\t<\/div>\n\n\t\t\t\t\t<div id=\"elementor-tab-content-8556\" class=\"elementor-tab-content elementor-clearfix\" data-tab=\"6\" role=\"region\" aria-labelledby=\"elementor-tab-title-8556\"><p>Die Spieler der ersten Mannschaft von Atletico de Madrid werden nicht an dem Camp teilnehmen.<\/p>\n<\/div>\n\t\t\t\t<\/div>\n\t\t\t\t\t\t\t<div class=\"elementor-toggle-item\">\n\t\t\t\t\t<div id=\"elementor-tab-title-8557\" class=\"elementor-tab-title\" data-tab=\"7\" role=\"button\" aria-controls=\"elementor-tab-content-8557\" aria-expanded=\"false\">\n\t\t\t\t\t\t\t\t\t\t\t\t<span class=\"elementor-toggle-icon elementor-toggle-icon-right\" aria-hidden=\"true\">\n\t\t\t\t\t\t\t\t\t\t\t\t\t\t\t<span class=\"elementor-toggle-icon-closed\"><i class=\" icomoon-the7-font-the7-plus-01\"><\/i><\/span>\n\t\t\t\t\t\t\t\t<span class=\"elementor-toggle-icon-opened\"><svg class=\"elementor-toggle-icon-opened e-font-icon-svg e-fas-minus\" viewBox=\"0 0 448 512\" xmlns=\"http:\/\/www.w3.org\/2000\/svg\"><path d=\"M416 208H32c-17.67 0-32 14.33-32 32v32c0 17.67 14.33 32 32 32h384c17.67 0 32-14.33 32-32v-32c0-17.67-14.33-32-32-32z\"><\/path><\/svg><\/span>\n\t\t\t\t\t\t\t\t\t\t\t\t\t<\/span>\n\t\t\t\t\t\t\t\t\t\t\t\t<a class=\"elementor-toggle-title\" tabindex=\"0\">Mein Kind besucht die Veranstaltung alleine. Wird es ihm gut gehen?<\/a>\n\t\t\t\t\t<\/div>\n\n\t\t\t\t\t<div id=\"elementor-tab-content-8557\" class=\"elementor-tab-content elementor-clearfix\" data-tab=\"7\" role=\"region\" aria-labelledby=\"elementor-tab-title-8557\"><p>Ja, die Mehrheit der Spieler nimmt ohne Freunde und Familie teil. Einzelpersonen werden in Gruppen mit Spielern gleichen Alters eingeteilt, die ebenfalls allein sind. Die erste Sitzung eines jeden Kurses dient dazu, die einzelnen Spieler zu integrieren, um ein Team zu bilden und neue Freunde zu finden.  <\/p>\n<\/div>\n\t\t\t\t<\/div>\n\t\t\t\t\t\t\t<div class=\"elementor-toggle-item\">\n\t\t\t\t\t<div id=\"elementor-tab-title-8558\" class=\"elementor-tab-title\" data-tab=\"8\" role=\"button\" aria-controls=\"elementor-tab-content-8558\" aria-expanded=\"false\">\n\t\t\t\t\t\t\t\t\t\t\t\t<span class=\"elementor-toggle-icon elementor-toggle-icon-right\" aria-hidden=\"true\">\n\t\t\t\t\t\t\t\t\t\t\t\t\t\t\t<span class=\"elementor-toggle-icon-closed\"><i class=\" icomoon-the7-font-the7-plus-01\"><\/i><\/span>\n\t\t\t\t\t\t\t\t<span class=\"elementor-toggle-icon-opened\"><svg class=\"elementor-toggle-icon-opened e-font-icon-svg e-fas-minus\" viewBox=\"0 0 448 512\" xmlns=\"http:\/\/www.w3.org\/2000\/svg\"><path d=\"M416 208H32c-17.67 0-32 14.33-32 32v32c0 17.67 14.33 32 32 32h384c17.67 0 32-14.33 32-32v-32c0-17.67-14.33-32-32-32z\"><\/path><\/svg><\/span>\n\t\t\t\t\t\t\t\t\t\t\t\t\t<\/span>\n\t\t\t\t\t\t\t\t\t\t\t\t<a class=\"elementor-toggle-title\" tabindex=\"0\">Was erwartet Sie in Bezug auf die Camp-Kultur in dem Land, in dem das Camp stattfindet?<\/a>\n\t\t\t\t\t<\/div>\n\n\t\t\t\t\t<div id=\"elementor-tab-content-8558\" class=\"elementor-tab-content elementor-clearfix\" data-tab=\"8\" role=\"region\" aria-labelledby=\"elementor-tab-title-8558\"><p>Jedes Camp bietet sowohl eine sportliche als auch eine kulturelle Erfahrung. Viele der Teilnehmer werden etwas anderes als zu Hause erleben, da sie sich in einem fremden Land mit einer anderen Lebensweise befinden. Bei den meisten Camps werden die Teilnehmer die lokale K\u00fcche kennenlernen, spezielle Essenszeiten (fr\u00fche Mahlzeiten in Nordeuropa, sp\u00e4te Mahlzeiten in S\u00fcdeuropa) entsprechend der Kultur des Landes, Duschen nach dem Training, typische Unterhaltung im Camp entsprechend der Sommercamp-Kultur des Landes, fr\u00fche oder sp\u00e4te Schlafenszeiten entsprechend den Lebensgewohnheiten des Landes und vieles mehr. Wenn Sie das Gef\u00fchl haben, dass Ihr Kind Schwierigkeiten haben wird, sich an eine neue Lebensweise anzupassen, dann empfehlen wir Ihnen, zu warten, bis Ihr Kind in einem Alter ist, in dem es dazu bereit ist.   <\/p>\n<\/div>\n\t\t\t\t<\/div>\n\t\t\t\t\t\t\t<div class=\"elementor-toggle-item\">\n\t\t\t\t\t<div id=\"elementor-tab-title-8559\" class=\"elementor-tab-title\" data-tab=\"9\" role=\"button\" aria-controls=\"elementor-tab-content-8559\" aria-expanded=\"false\">\n\t\t\t\t\t\t\t\t\t\t\t\t<span class=\"elementor-toggle-icon elementor-toggle-icon-right\" aria-hidden=\"true\">\n\t\t\t\t\t\t\t\t\t\t\t\t\t\t\t<span class=\"elementor-toggle-icon-closed\"><i class=\" icomoon-the7-font-the7-plus-01\"><\/i><\/span>\n\t\t\t\t\t\t\t\t<span class=\"elementor-toggle-icon-opened\"><svg class=\"elementor-toggle-icon-opened e-font-icon-svg e-fas-minus\" viewBox=\"0 0 448 512\" xmlns=\"http:\/\/www.w3.org\/2000\/svg\"><path d=\"M416 208H32c-17.67 0-32 14.33-32 32v32c0 17.67 14.33 32 32 32h384c17.67 0 32-14.33 32-32v-32c0-17.67-14.33-32-32-32z\"><\/path><\/svg><\/span>\n\t\t\t\t\t\t\t\t\t\t\t\t\t<\/span>\n\t\t\t\t\t\t\t\t\t\t\t\t<a class=\"elementor-toggle-title\" tabindex=\"0\">Wo befindet sich das \u00dcbernachtungscamp?<\/a>\n\t\t\t\t\t<\/div>\n\n\t\t\t\t\t<div id=\"elementor-tab-content-8559\" class=\"elementor-tab-content elementor-clearfix\" data-tab=\"9\" role=\"region\" aria-labelledby=\"elementor-tab-title-8559\"><p>Die Trainingseinheiten der Fu\u00dfballcamps mit \u00dcbernachtung finden auf dem Trainingsgel\u00e4nde der Akademie von Atletico de Madrid statt. Die Unterbringung erfolgt in der Residenz von Atletico de Madrid in San Sebasti\u00e1n de Los Reyes, Madrid, in Doppelzimmern. Weitere Informationen finden Sie auf der Seite <a href=\"https:\/\/soccercampsinternational.com\/de\/spanien-fussballcamps\/atletico-de-madrid-fussballcamps\/standort\/\"><span style=\"color: #e01020;\"><strong>Standort des Camps<\/strong><\/span><\/a> Seite.<\/p>\n<\/div>\n\t\t\t\t<\/div>\n\t\t\t\t\t\t\t<div class=\"elementor-toggle-item\">\n\t\t\t\t\t<div id=\"elementor-tab-title-85510\" class=\"elementor-tab-title\" data-tab=\"10\" role=\"button\" aria-controls=\"elementor-tab-content-85510\" aria-expanded=\"false\">\n\t\t\t\t\t\t\t\t\t\t\t\t<span class=\"elementor-toggle-icon elementor-toggle-icon-right\" aria-hidden=\"true\">\n\t\t\t\t\t\t\t\t\t\t\t\t\t\t\t<span class=\"elementor-toggle-icon-closed\"><i class=\" icomoon-the7-font-the7-plus-01\"><\/i><\/span>\n\t\t\t\t\t\t\t\t<span class=\"elementor-toggle-icon-opened\"><svg class=\"elementor-toggle-icon-opened e-font-icon-svg e-fas-minus\" viewBox=\"0 0 448 512\" xmlns=\"http:\/\/www.w3.org\/2000\/svg\"><path d=\"M416 208H32c-17.67 0-32 14.33-32 32v32c0 17.67 14.33 32 32 32h384c17.67 0 32-14.33 32-32v-32c0-17.67-14.33-32-32-32z\"><\/path><\/svg><\/span>\n\t\t\t\t\t\t\t\t\t\t\t\t\t<\/span>\n\t\t\t\t\t\t\t\t\t\t\t\t<a class=\"elementor-toggle-title\" tabindex=\"0\">Welche Unterlagen sind f\u00fcr die Teilnahme an Campus Experience erforderlich?<\/a>\n\t\t\t\t\t<\/div>\n\n\t\t\t\t\t<div id=\"elementor-tab-content-85510\" class=\"elementor-tab-content elementor-clearfix\" data-tab=\"10\" role=\"region\" aria-labelledby=\"elementor-tab-title-85510\"><p><span dir=\"auto\">Bevor das Programm beginnt, muss jeder Teilnehmer die folgenden Unterlagen \u00fcber das Formular oder per E-Mail einreichen:<\/span><\/p>\n<ul>\n<li aria-level=\"1\"><span dir=\"auto\">Aktuelles Passfoto<\/span><\/li>\n<li aria-level=\"1\"><span dir=\"auto\">Geburtsurkunde des Teilnehmers<\/span><\/li>\n<li aria-level=\"1\"><span dir=\"auto\">Kopie des Reisepasses oder Personalausweises des Teilnehmers (nicht erforderlich f\u00fcr Kinder unter 14 Jahren)<\/span><\/li>\n<li aria-level=\"1\"><span dir=\"auto\">Kopie des Reisepasses oder Personalausweises des Vaters, der Mutter oder des gesetzlichen Vormunds<\/span><\/li>\n<li aria-level=\"1\"><span dir=\"auto\">Kopie der Krankenversicherungskarte oder einer <strong>Krankenversicherung mit Deckung in Spanien<\/strong>.<\/span><\/li>\n<li aria-level=\"1\">Zustimmungsformular<\/li>\n<\/ul>\n<p><span dir=\"auto\">Das Fehlen eines dieser Dokumente kann den Spieler daran hindern, auf dem Campus zu spielen.<\/span><\/p>\n<\/div>\n\t\t\t\t<\/div>\n\t\t\t\t\t\t\t<div class=\"elementor-toggle-item\">\n\t\t\t\t\t<div id=\"elementor-tab-title-85511\" class=\"elementor-tab-title\" data-tab=\"11\" role=\"button\" aria-controls=\"elementor-tab-content-85511\" aria-expanded=\"false\">\n\t\t\t\t\t\t\t\t\t\t\t\t<span class=\"elementor-toggle-icon elementor-toggle-icon-right\" aria-hidden=\"true\">\n\t\t\t\t\t\t\t\t\t\t\t\t\t\t\t<span class=\"elementor-toggle-icon-closed\"><i class=\" icomoon-the7-font-the7-plus-01\"><\/i><\/span>\n\t\t\t\t\t\t\t\t<span class=\"elementor-toggle-icon-opened\"><svg class=\"elementor-toggle-icon-opened e-font-icon-svg e-fas-minus\" viewBox=\"0 0 448 512\" xmlns=\"http:\/\/www.w3.org\/2000\/svg\"><path d=\"M416 208H32c-17.67 0-32 14.33-32 32v32c0 17.67 14.33 32 32 32h384c17.67 0 32-14.33 32-32v-32c0-17.67-14.33-32-32-32z\"><\/path><\/svg><\/span>\n\t\t\t\t\t\t\t\t\t\t\t\t\t<\/span>\n\t\t\t\t\t\t\t\t\t\t\t\t<a class=\"elementor-toggle-title\" tabindex=\"0\">Wann sollten die Unterlagen eingereicht werden?<\/a>\n\t\t\t\t\t<\/div>\n\n\t\t\t\t\t<div id=\"elementor-tab-content-85511\" class=\"elementor-tab-content elementor-clearfix\" data-tab=\"11\" role=\"region\" aria-labelledby=\"elementor-tab-title-85511\"><p><span dir=\"auto\">Die Unterlagen m\u00fcssen mindestens vollst\u00e4ndig eingereicht werden <\/span><strong><span dir=\"auto\">30 Tage vor Beginn des Programms<\/span><\/strong><span dir=\"auto\">.<\/span><\/p>\n<p><span dir=\"auto\">Wenn die Anmeldung innerhalb dieser Frist erfolgt, muss sie innerhalb von maximal 72 Stunden nach der Zahlungsbest\u00e4tigung eingereicht werden.<\/span><\/p>\n<\/div>\n\t\t\t\t<\/div>\n\t\t\t\t\t\t\t<div class=\"elementor-toggle-item\">\n\t\t\t\t\t<div id=\"elementor-tab-title-85512\" class=\"elementor-tab-title\" data-tab=\"12\" role=\"button\" aria-controls=\"elementor-tab-content-85512\" aria-expanded=\"false\">\n\t\t\t\t\t\t\t\t\t\t\t\t<span class=\"elementor-toggle-icon elementor-toggle-icon-right\" aria-hidden=\"true\">\n\t\t\t\t\t\t\t\t\t\t\t\t\t\t\t<span class=\"elementor-toggle-icon-closed\"><i class=\" icomoon-the7-font-the7-plus-01\"><\/i><\/span>\n\t\t\t\t\t\t\t\t<span class=\"elementor-toggle-icon-opened\"><svg class=\"elementor-toggle-icon-opened e-font-icon-svg e-fas-minus\" viewBox=\"0 0 448 512\" xmlns=\"http:\/\/www.w3.org\/2000\/svg\"><path d=\"M416 208H32c-17.67 0-32 14.33-32 32v32c0 17.67 14.33 32 32 32h384c17.67 0 32-14.33 32-32v-32c0-17.67-14.33-32-32-32z\"><\/path><\/svg><\/span>\n\t\t\t\t\t\t\t\t\t\t\t\t\t<\/span>\n\t\t\t\t\t\t\t\t\t\t\t\t<a class=\"elementor-toggle-title\" tabindex=\"0\">Wann ist der Bewerbungsschluss?<\/a>\n\t\t\t\t\t<\/div>\n\n\t\t\t\t\t<div id=\"elementor-tab-content-85512\" class=\"elementor-tab-content elementor-clearfix\" data-tab=\"12\" role=\"region\" aria-labelledby=\"elementor-tab-title-85512\"><p>Bewerbungen sind m\u00f6glich, bis keine Pl\u00e4tze mehr frei sind. Die Pl\u00e4tze sind begrenzt und werden nach dem Prinzip &#8222;Wer zuerst kommt, mahlt zuerst&#8220; vergeben. Sobald ein Platz belegt ist, wird er f\u00fcr den Verkauf geschlossen.  <\/p>\n<\/div>\n\t\t\t\t<\/div>\n\t\t\t\t\t\t\t<div class=\"elementor-toggle-item\">\n\t\t\t\t\t<div id=\"elementor-tab-title-85513\" class=\"elementor-tab-title\" data-tab=\"13\" role=\"button\" aria-controls=\"elementor-tab-content-85513\" aria-expanded=\"false\">\n\t\t\t\t\t\t\t\t\t\t\t\t<span class=\"elementor-toggle-icon elementor-toggle-icon-right\" aria-hidden=\"true\">\n\t\t\t\t\t\t\t\t\t\t\t\t\t\t\t<span class=\"elementor-toggle-icon-closed\"><i class=\" icomoon-the7-font-the7-plus-01\"><\/i><\/span>\n\t\t\t\t\t\t\t\t<span class=\"elementor-toggle-icon-opened\"><svg class=\"elementor-toggle-icon-opened e-font-icon-svg e-fas-minus\" viewBox=\"0 0 448 512\" xmlns=\"http:\/\/www.w3.org\/2000\/svg\"><path d=\"M416 208H32c-17.67 0-32 14.33-32 32v32c0 17.67 14.33 32 32 32h384c17.67 0 32-14.33 32-32v-32c0-17.67-14.33-32-32-32z\"><\/path><\/svg><\/span>\n\t\t\t\t\t\t\t\t\t\t\t\t\t<\/span>\n\t\t\t\t\t\t\t\t\t\t\t\t<a class=\"elementor-toggle-title\" tabindex=\"0\">Werden Mahlzeiten angeboten?<\/a>\n\t\t\t\t\t<\/div>\n\n\t\t\t\t\t<div id=\"elementor-tab-content-85513\" class=\"elementor-tab-content elementor-clearfix\" data-tab=\"13\" role=\"region\" aria-labelledby=\"elementor-tab-title-85513\"><p>Drei Mahlzeiten pro Tag sind in den Kosten enthalten. Das Buffet wird von den Ern\u00e4hrungsberatern des Clubs<br \/>zubereitet und entspricht den Standards f\u00fcr die Ern\u00e4hrung von Spitzensportlern. <\/p>\n<\/div>\n\t\t\t\t<\/div>\n\t\t\t\t\t\t\t<div class=\"elementor-toggle-item\">\n\t\t\t\t\t<div id=\"elementor-tab-title-85514\" class=\"elementor-tab-title\" data-tab=\"14\" role=\"button\" aria-controls=\"elementor-tab-content-85514\" aria-expanded=\"false\">\n\t\t\t\t\t\t\t\t\t\t\t\t<span class=\"elementor-toggle-icon elementor-toggle-icon-right\" aria-hidden=\"true\">\n\t\t\t\t\t\t\t\t\t\t\t\t\t\t\t<span class=\"elementor-toggle-icon-closed\"><i class=\" icomoon-the7-font-the7-plus-01\"><\/i><\/span>\n\t\t\t\t\t\t\t\t<span class=\"elementor-toggle-icon-opened\"><svg class=\"elementor-toggle-icon-opened e-font-icon-svg e-fas-minus\" viewBox=\"0 0 448 512\" xmlns=\"http:\/\/www.w3.org\/2000\/svg\"><path d=\"M416 208H32c-17.67 0-32 14.33-32 32v32c0 17.67 14.33 32 32 32h384c17.67 0 32-14.33 32-32v-32c0-17.67-14.33-32-32-32z\"><\/path><\/svg><\/span>\n\t\t\t\t\t\t\t\t\t\t\t\t\t<\/span>\n\t\t\t\t\t\t\t\t\t\t\t\t<a class=\"elementor-toggle-title\" tabindex=\"0\">Bekomme ich ein Schulungspaket?<\/a>\n\t\t\t\t\t<\/div>\n\n\t\t\t\t\t<div id=\"elementor-tab-content-85514\" class=\"elementor-tab-content elementor-clearfix\" data-tab=\"14\" role=\"region\" aria-labelledby=\"elementor-tab-title-85514\"><p>Ja, den Spielern wird eine komplette Ausr\u00fcstung (3 T-Shirts, 3 Shorts, 3 Paar Socken) f\u00fcr den gesamten Aufenthalt zur Verf\u00fcgung gestellt.<\/p>\n<\/div>\n\t\t\t\t<\/div>\n\t\t\t\t\t\t\t<div class=\"elementor-toggle-item\">\n\t\t\t\t\t<div id=\"elementor-tab-title-85515\" class=\"elementor-tab-title\" data-tab=\"15\" role=\"button\" aria-controls=\"elementor-tab-content-85515\" aria-expanded=\"false\">\n\t\t\t\t\t\t\t\t\t\t\t\t<span class=\"elementor-toggle-icon elementor-toggle-icon-right\" aria-hidden=\"true\">\n\t\t\t\t\t\t\t\t\t\t\t\t\t\t\t<span class=\"elementor-toggle-icon-closed\"><i class=\" icomoon-the7-font-the7-plus-01\"><\/i><\/span>\n\t\t\t\t\t\t\t\t<span class=\"elementor-toggle-icon-opened\"><svg class=\"elementor-toggle-icon-opened e-font-icon-svg e-fas-minus\" viewBox=\"0 0 448 512\" xmlns=\"http:\/\/www.w3.org\/2000\/svg\"><path d=\"M416 208H32c-17.67 0-32 14.33-32 32v32c0 17.67 14.33 32 32 32h384c17.67 0 32-14.33 32-32v-32c0-17.67-14.33-32-32-32z\"><\/path><\/svg><\/span>\n\t\t\t\t\t\t\t\t\t\t\t\t\t<\/span>\n\t\t\t\t\t\t\t\t\t\t\t\t<a class=\"elementor-toggle-title\" tabindex=\"0\">Wie viel Taschengeld werden sie w\u00e4hrend des Camps ben\u00f6tigen?<\/a>\n\t\t\t\t\t<\/div>\n\n\t\t\t\t\t<div id=\"elementor-tab-content-85515\" class=\"elementor-tab-content elementor-clearfix\" data-tab=\"15\" role=\"region\" aria-labelledby=\"elementor-tab-title-85515\"><p>Es wird empfohlen, dass jedes Kind etwas Kleingeld f\u00fcr Telefongespr\u00e4che, Softdrinks, Souvenirs und andere Dinge mitbringt (150-200 Euro pro Sitzung).<\/p>\n<\/div>\n\t\t\t\t<\/div>\n\t\t\t\t\t\t\t<div class=\"elementor-toggle-item\">\n\t\t\t\t\t<div id=\"elementor-tab-title-85516\" class=\"elementor-tab-title\" data-tab=\"16\" role=\"button\" aria-controls=\"elementor-tab-content-85516\" aria-expanded=\"false\">\n\t\t\t\t\t\t\t\t\t\t\t\t<span class=\"elementor-toggle-icon elementor-toggle-icon-right\" aria-hidden=\"true\">\n\t\t\t\t\t\t\t\t\t\t\t\t\t\t\t<span class=\"elementor-toggle-icon-closed\"><i class=\" icomoon-the7-font-the7-plus-01\"><\/i><\/span>\n\t\t\t\t\t\t\t\t<span class=\"elementor-toggle-icon-opened\"><svg class=\"elementor-toggle-icon-opened e-font-icon-svg e-fas-minus\" viewBox=\"0 0 448 512\" xmlns=\"http:\/\/www.w3.org\/2000\/svg\"><path d=\"M416 208H32c-17.67 0-32 14.33-32 32v32c0 17.67 14.33 32 32 32h384c17.67 0 32-14.33 32-32v-32c0-17.67-14.33-32-32-32z\"><\/path><\/svg><\/span>\n\t\t\t\t\t\t\t\t\t\t\t\t\t<\/span>\n\t\t\t\t\t\t\t\t\t\t\t\t<a class=\"elementor-toggle-title\" tabindex=\"0\">Kann ich mein Kind w\u00e4hrend des Camps besuchen?<\/a>\n\t\t\t\t\t<\/div>\n\n\t\t\t\t\t<div id=\"elementor-tab-content-85516\" class=\"elementor-tab-content elementor-clearfix\" data-tab=\"16\" role=\"region\" aria-labelledby=\"elementor-tab-title-85516\"><p>Ja, es wird m\u00f6glich sein, ein Training im Atletico de Madrid Training Center zu sehen. Details erhalten Sie beim Check-in auf Anfrage. <br \/>(siehe oben, wird demn\u00e4chst best\u00e4tigt)<\/p>\n<\/div>\n\t\t\t\t<\/div>\n\t\t\t\t\t\t\t<div class=\"elementor-toggle-item\">\n\t\t\t\t\t<div id=\"elementor-tab-title-85517\" class=\"elementor-tab-title\" data-tab=\"17\" role=\"button\" aria-controls=\"elementor-tab-content-85517\" aria-expanded=\"false\">\n\t\t\t\t\t\t\t\t\t\t\t\t<span class=\"elementor-toggle-icon elementor-toggle-icon-right\" aria-hidden=\"true\">\n\t\t\t\t\t\t\t\t\t\t\t\t\t\t\t<span class=\"elementor-toggle-icon-closed\"><i class=\" icomoon-the7-font-the7-plus-01\"><\/i><\/span>\n\t\t\t\t\t\t\t\t<span class=\"elementor-toggle-icon-opened\"><svg class=\"elementor-toggle-icon-opened e-font-icon-svg e-fas-minus\" viewBox=\"0 0 448 512\" xmlns=\"http:\/\/www.w3.org\/2000\/svg\"><path d=\"M416 208H32c-17.67 0-32 14.33-32 32v32c0 17.67 14.33 32 32 32h384c17.67 0 32-14.33 32-32v-32c0-17.67-14.33-32-32-32z\"><\/path><\/svg><\/span>\n\t\t\t\t\t\t\t\t\t\t\t\t\t<\/span>\n\t\t\t\t\t\t\t\t\t\t\t\t<a class=\"elementor-toggle-title\" tabindex=\"0\">Kann ich mit meinem Kind vor Ort bleiben?<\/a>\n\t\t\t\t\t<\/div>\n\n\t\t\t\t\t<div id=\"elementor-tab-content-85517\" class=\"elementor-tab-content elementor-clearfix\" data-tab=\"17\" role=\"region\" aria-labelledby=\"elementor-tab-title-85517\"><p>Die Eltern k\u00f6nnen nicht vor Ort bleiben. Sie k\u00f6nnen ein Zimmer in einem Hotel in der N\u00e4he des Camps in Madrid reservieren. <\/p>\n<\/div>\n\t\t\t\t<\/div>\n\t\t\t\t\t\t\t<div class=\"elementor-toggle-item\">\n\t\t\t\t\t<div id=\"elementor-tab-title-85518\" class=\"elementor-tab-title\" data-tab=\"18\" role=\"button\" aria-controls=\"elementor-tab-content-85518\" aria-expanded=\"false\">\n\t\t\t\t\t\t\t\t\t\t\t\t<span class=\"elementor-toggle-icon elementor-toggle-icon-right\" aria-hidden=\"true\">\n\t\t\t\t\t\t\t\t\t\t\t\t\t\t\t<span class=\"elementor-toggle-icon-closed\"><i class=\" icomoon-the7-font-the7-plus-01\"><\/i><\/span>\n\t\t\t\t\t\t\t\t<span class=\"elementor-toggle-icon-opened\"><svg class=\"elementor-toggle-icon-opened e-font-icon-svg e-fas-minus\" viewBox=\"0 0 448 512\" xmlns=\"http:\/\/www.w3.org\/2000\/svg\"><path d=\"M416 208H32c-17.67 0-32 14.33-32 32v32c0 17.67 14.33 32 32 32h384c17.67 0 32-14.33 32-32v-32c0-17.67-14.33-32-32-32z\"><\/path><\/svg><\/span>\n\t\t\t\t\t\t\t\t\t\t\t\t\t<\/span>\n\t\t\t\t\t\t\t\t\t\t\t\t<a class=\"elementor-toggle-title\" tabindex=\"0\">Gibt es spezielle Goalkeeping-Kurse?<\/a>\n\t\t\t\t\t<\/div>\n\n\t\t\t\t\t<div id=\"elementor-tab-content-85518\" class=\"elementor-tab-content elementor-clearfix\" data-tab=\"18\" role=\"region\" aria-labelledby=\"elementor-tab-title-85518\"><p>Es sind spezielle Torwarttrainings w\u00e4hrend der Kurse verf\u00fcgbar. W\u00e4hlen Sie bei der Online-Anmeldung einfach die Option Torwarttraining.  Die Torh\u00fcter nehmen an den Trainingseinheiten vor Beginn des Mannschaftstrainings teil und nehmen dann am Training und den Spielen der Mannschaft teil.<\/p>\n<\/div>\n\t\t\t\t<\/div>\n\t\t\t\t\t\t\t<div class=\"elementor-toggle-item\">\n\t\t\t\t\t<div id=\"elementor-tab-title-85519\" class=\"elementor-tab-title\" data-tab=\"19\" role=\"button\" aria-controls=\"elementor-tab-content-85519\" aria-expanded=\"false\">\n\t\t\t\t\t\t\t\t\t\t\t\t<span class=\"elementor-toggle-icon elementor-toggle-icon-right\" aria-hidden=\"true\">\n\t\t\t\t\t\t\t\t\t\t\t\t\t\t\t<span class=\"elementor-toggle-icon-closed\"><i class=\" icomoon-the7-font-the7-plus-01\"><\/i><\/span>\n\t\t\t\t\t\t\t\t<span class=\"elementor-toggle-icon-opened\"><svg class=\"elementor-toggle-icon-opened e-font-icon-svg e-fas-minus\" viewBox=\"0 0 448 512\" xmlns=\"http:\/\/www.w3.org\/2000\/svg\"><path d=\"M416 208H32c-17.67 0-32 14.33-32 32v32c0 17.67 14.33 32 32 32h384c17.67 0 32-14.33 32-32v-32c0-17.67-14.33-32-32-32z\"><\/path><\/svg><\/span>\n\t\t\t\t\t\t\t\t\t\t\t\t\t<\/span>\n\t\t\t\t\t\t\t\t\t\t\t\t<a class=\"elementor-toggle-title\" tabindex=\"0\">Ben\u00f6tigt das Kind ein 'Kinder-Touristen-\/Besucher-Visum', um am Fu\u00dfballcamp teilzunehmen?<\/a>\n\t\t\t\t\t<\/div>\n\n\t\t\t\t\t<div id=\"elementor-tab-content-85519\" class=\"elementor-tab-content elementor-clearfix\" data-tab=\"19\" role=\"region\" aria-labelledby=\"elementor-tab-title-85519\"><p><b>WICHTIG:<\/b> Bitte beachten Sie, dass Sie allein f\u00fcr die Beschaffung aller erforderlichen Reisedokumente verantwortlich sind, einschlie\u00dflich, aber nicht beschr\u00e4nkt auf einen g\u00fcltigen Reisepass und ein entsprechendes Touristenvisum f\u00fcr die Person, die das Fu\u00dfballcamp besucht, den Teilnehmer. F\u00fcr die Einreise- und Visabestimmungen f\u00fcr das Land, in dem sich das ausgew\u00e4hlte Camp befindet, m\u00fcssen Sie sich an das zust\u00e4ndige Konsulat wenden. Sobald Sie Ihr Kind bei uns angemeldet und das Camp vollst\u00e4ndig bezahlt haben, stellen wir Ihnen auf Ihre schriftliche Anfrage hin gerne eine Anmeldebest\u00e4tigung f\u00fcr den jeweiligen Teilnehmer aus. Dieses Schreiben <i>kann<\/i> von bestimmten Konsulaten f\u00fcr das &#8218;Child Tourist\/Visitor Visa&#8216; verlangt werden. (HINWEIS: Wir k\u00f6nnen den Brief nur f\u00fcr den Teilnehmer ausstellen, nicht f\u00fcr eine andere Person). Bitte beachten Sie, dass die Beantragung eines Visums bei den Konsulaten viele Monate dauern kann. Je l\u00e4nger Sie warten, desto wahrscheinlicher ist es, dass Ihnen das erforderliche &#8218;Kinder-Touristen-\/Besucher-Visum&#8216; f\u00fcr Ihr Kind verweigert wird und bestimmte Camps keine R\u00fcckerstattung gew\u00e4hren. Bitte pr\u00fcfen Sie die Bedingungen f\u00fcr das Camp.<\/p>\n<\/div>\n\t\t\t\t<\/div>\n\t\t\t\t\t\t\t<div class=\"elementor-toggle-item\">\n\t\t\t\t\t<div id=\"elementor-tab-title-85520\" class=\"elementor-tab-title\" data-tab=\"20\" role=\"button\" aria-controls=\"elementor-tab-content-85520\" aria-expanded=\"false\">\n\t\t\t\t\t\t\t\t\t\t\t\t<span class=\"elementor-toggle-icon elementor-toggle-icon-right\" aria-hidden=\"true\">\n\t\t\t\t\t\t\t\t\t\t\t\t\t\t\t<span class=\"elementor-toggle-icon-closed\"><i class=\" icomoon-the7-font-the7-plus-01\"><\/i><\/span>\n\t\t\t\t\t\t\t\t<span class=\"elementor-toggle-icon-opened\"><svg class=\"elementor-toggle-icon-opened e-font-icon-svg e-fas-minus\" viewBox=\"0 0 448 512\" xmlns=\"http:\/\/www.w3.org\/2000\/svg\"><path d=\"M416 208H32c-17.67 0-32 14.33-32 32v32c0 17.67 14.33 32 32 32h384c17.67 0 32-14.33 32-32v-32c0-17.67-14.33-32-32-32z\"><\/path><\/svg><\/span>\n\t\t\t\t\t\t\t\t\t\t\t\t\t<\/span>\n\t\t\t\t\t\t\t\t\t\t\t\t<a class=\"elementor-toggle-title\" tabindex=\"0\">Brauche ich eine Versicherung?<\/a>\n\t\t\t\t\t<\/div>\n\n\t\t\t\t\t<div id=\"elementor-tab-content-85520\" class=\"elementor-tab-content elementor-clearfix\" data-tab=\"20\" role=\"region\" aria-labelledby=\"elementor-tab-title-85520\"><p>Die Standard-Mindestversicherung ist in Ihrem Camp enthalten. Siehe Details auf der Seite <span style=\"color: #e01020;\"><a style=\"color: #e01020;\" href=\"https:\/\/soccercampsinternational.com\/de\/spanien-fussballcamps\/atletico-de-madrid-fussballcamps\/#prices\"><strong>Camp-Preise<\/strong><\/a><\/span> Wenn Sie jedoch einen zus\u00e4tzlichen Versicherungsschutz w\u00fcnschen, empfehlen wir Ihnen, eine Versicherung abzuschlie\u00dfen, die pers\u00f6nliche Gegenst\u00e4nde, Krankheit und Verletzungen abdeckt. Es werden keine R\u00fcckerstattungen gew\u00e4hrt, wenn Sie aufgrund von Krankheit oder Verletzung nicht teilnehmen k\u00f6nnen oder Ihren Aufenthalt auf dem Kurs verk\u00fcrzen m\u00fcssen.   Jeder Teilnehmer hat eine Krankenversicherung f\u00fcr Verletzungen + Sportunf\u00e4lle. Dar\u00fcber hinaus muss jeder Teilnehmer seine eigene private Versicherung mitbringen. <\/p>\n<\/div>\n\t\t\t\t<\/div>\n\t\t\t\t\t\t\t<div class=\"elementor-toggle-item\">\n\t\t\t\t\t<div id=\"elementor-tab-title-85521\" class=\"elementor-tab-title\" data-tab=\"21\" role=\"button\" aria-controls=\"elementor-tab-content-85521\" aria-expanded=\"false\">\n\t\t\t\t\t\t\t\t\t\t\t\t<span class=\"elementor-toggle-icon elementor-toggle-icon-right\" aria-hidden=\"true\">\n\t\t\t\t\t\t\t\t\t\t\t\t\t\t\t<span class=\"elementor-toggle-icon-closed\"><i class=\" icomoon-the7-font-the7-plus-01\"><\/i><\/span>\n\t\t\t\t\t\t\t\t<span class=\"elementor-toggle-icon-opened\"><svg class=\"elementor-toggle-icon-opened e-font-icon-svg e-fas-minus\" viewBox=\"0 0 448 512\" xmlns=\"http:\/\/www.w3.org\/2000\/svg\"><path d=\"M416 208H32c-17.67 0-32 14.33-32 32v32c0 17.67 14.33 32 32 32h384c17.67 0 32-14.33 32-32v-32c0-17.67-14.33-32-32-32z\"><\/path><\/svg><\/span>\n\t\t\t\t\t\t\t\t\t\t\t\t\t<\/span>\n\t\t\t\t\t\t\t\t\t\t\t\t<a class=\"elementor-toggle-title\" tabindex=\"0\">Werde ich im selben Raum wie mein Freund sein?<\/a>\n\t\t\t\t\t<\/div>\n\n\t\t\t\t\t<div id=\"elementor-tab-content-85521\" class=\"elementor-tab-content elementor-clearfix\" data-tab=\"21\" role=\"region\" aria-labelledby=\"elementor-tab-title-85521\"><p>Die Unterbringung erfolgt haupts\u00e4chlich in Doppelzimmern mit eigener Toilette und Dusche. Die Bettw\u00e4sche wird gestellt.  Wenn Sie das Zimmer mit einem Freund oder Verwandten teilen m\u00f6chten, geben Sie dies bitte bei Ihrer Online-Buchung an. Bitte beachten Sie, dass wir Anfragen f\u00fcr gemeinsame Zimmer nicht garantieren k\u00f6nnen. Bitte besuchen Sie die <span style=\"color: #e01020;\"><a style=\"color: #e01020;\" href=\"https:\/\/soccercampsinternational.com\/de\/spanien-fussballcamps\/atletico-de-madrid-fussballcamps\/standort\/\"><strong>Camp Standort<\/strong><\/a><\/span> Seite f\u00fcr weitere Informationen.<\/p>\n<\/div>\n\t\t\t\t<\/div>\n\t\t\t\t\t\t\t<div class=\"elementor-toggle-item\">\n\t\t\t\t\t<div id=\"elementor-tab-title-85522\" class=\"elementor-tab-title\" data-tab=\"22\" role=\"button\" aria-controls=\"elementor-tab-content-85522\" aria-expanded=\"false\">\n\t\t\t\t\t\t\t\t\t\t\t\t<span class=\"elementor-toggle-icon elementor-toggle-icon-right\" aria-hidden=\"true\">\n\t\t\t\t\t\t\t\t\t\t\t\t\t\t\t<span class=\"elementor-toggle-icon-closed\"><i class=\" icomoon-the7-font-the7-plus-01\"><\/i><\/span>\n\t\t\t\t\t\t\t\t<span class=\"elementor-toggle-icon-opened\"><svg class=\"elementor-toggle-icon-opened e-font-icon-svg e-fas-minus\" viewBox=\"0 0 448 512\" xmlns=\"http:\/\/www.w3.org\/2000\/svg\"><path d=\"M416 208H32c-17.67 0-32 14.33-32 32v32c0 17.67 14.33 32 32 32h384c17.67 0 32-14.33 32-32v-32c0-17.67-14.33-32-32-32z\"><\/path><\/svg><\/span>\n\t\t\t\t\t\t\t\t\t\t\t\t\t<\/span>\n\t\t\t\t\t\t\t\t\t\t\t\t<a class=\"elementor-toggle-title\" tabindex=\"0\">F\u00fcr wie viele Wochen kann mein Kind teilnehmen?<\/a>\n\t\t\t\t\t<\/div>\n\n\t\t\t\t\t<div id=\"elementor-tab-content-85522\" class=\"elementor-tab-content elementor-clearfix\" data-tab=\"22\" role=\"region\" aria-labelledby=\"elementor-tab-title-85522\"><p>Aufgrund von Altersbeschr\u00e4nkungen f\u00fcr jede Sitzung k\u00f6nnen sich Camper nur f\u00fcr 1 Sitzung anmelden.<\/p>\n<\/div>\n\t\t\t\t<\/div>\n\t\t\t\t\t\t\t\t\t\t<script type=\"application\/ld+json\">{\"@context\":\"https:\\\/\\\/schema.org\",\"@type\":\"FAQPage\",\"mainEntity\":[{\"@type\":\"Question\",\"name\":\"Wie sieht das Anmelde- und Annahmeverfahren f\\u00fcr dieses Camp aus?\",\"acceptedAnswer\":{\"@type\":\"Answer\",\"text\":\"<p>Der Teilnehmer <strong>stellt in seiner Online-Bewerbung zun\\u00e4chst ein Video zur Bewertung<\\\/strong> <strong>durch das Atletico de Madrid PRO Camp<\\\/strong> zur <strong>Verf\\u00fcgung<\\\/strong> (Video des Spielers bei einem Fu\\u00dfballspiel\\\/einer Aktivit\\u00e4t erforderlich (YouTube oder Vimeo). Die Camp-Koordinatoren und das technische Personal sehen sich das Video des Teilnehmers an und treffen eine Entscheidung \\u00fcber die Aufnahme in das Camp. Nach der Zulassung des Teilnehmers zum Camp wird die Zahlung (Anzahlung oder vollst\\u00e4ndige Zahlung, abz\\u00fcglich der kleinen Anzahlung, die bei der Voranmeldung geleistet wurde) bearbeitet, um den Platz zu best\\u00e4tigen <strong>(die Pl\\u00e4tze f\\u00fcr dieses High-Level-Camp sind BEGRENZT!)<\\\/strong>  <\\\/p>\\n\"}},{\"@type\":\"Question\",\"name\":\"Welche Altersgruppe kann an den Atletico de Madrid PRO Camps teilnehmen?\",\"acceptedAnswer\":{\"@type\":\"Answer\",\"text\":\"<p>Das Atletico de Madrid PRO Fu\\u00dfballcamps ist offen f\\u00fcr Jungen im Alter von 11 bis 17 Jahren (geboren zwischen 2009 und 2017). Bitte beachten Sie, dass Camper innerhalb der entsprechenden Altersbeschr\\u00e4nkungen sein m\\u00fcssen, um sich f\\u00fcr das Camp anzumelden, und dass Camper, deren Alter au\\u00dferhalb der oben genannten Altersgrenzen liegt, sich nicht f\\u00fcr das Camp anmelden k\\u00f6nnen. Camp-Teilnehmer m\\u00fcssen w\\u00e4hrend der gesamten Dauer des Kurses das entsprechende Alter haben, um sich anmelden zu k\\u00f6nnen.  <\\\/p>\\n\"}},{\"@type\":\"Question\",\"name\":\"Muss ich einem Fu\\u00dfballverein angeh\\u00f6ren, um mich f\\u00fcr das Camp anzumelden?\",\"acceptedAnswer\":{\"@type\":\"Answer\",\"text\":\"<p>Die Teilnehmer m\\u00fcssen registrierte\\\/lizenzierte (Vereins-)Spieler sein, um sich f\\u00fcr das Fu\\u00dfballcamp anzumelden. Dieses Fu\\u00dfballprogramm ist nur f\\u00fcr diejenigen gedacht, die zu Hause in einem Fu\\u00dfballverein spielen und eine Lizenz in einem Verein haben. <\\\/p>\\n\"}},{\"@type\":\"Question\",\"name\":\"Wie sind die Check-in und Check-out Zeiten im Camp?\",\"acceptedAnswer\":{\"@type\":\"Answer\",\"text\":\"<p>demn\\u00e4chst<\\\/p>\\n\"}},{\"@type\":\"Question\",\"name\":\"Wie kann ich ein Probetraining bei der Akademie absolvieren?\",\"acceptedAnswer\":{\"@type\":\"Answer\",\"text\":\"<p>Atletico de Madrid verf\\u00fcgt \\u00fcber ein Scouting-Netzwerk, um talentierte junge Spieler zu identifizieren. Die Spieler m\\u00fcssen einen Eindruck f\\u00fcr ihren lokalen Verein\\\/ihre lokale Mannschaft hinterlassen. Sie k\\u00f6nnen sich nicht f\\u00fcr ein Probetraining \\u00fcber Atletico de Madrid PRO Football Camps bewerben.  <\\\/p>\\n\"}},{\"@type\":\"Question\",\"name\":\"Wie hoch sind die Chancen, einen Spieler zu treffen?\",\"acceptedAnswer\":{\"@type\":\"Answer\",\"text\":\"<p>Die Spieler der ersten Mannschaft von Atletico de Madrid werden nicht an dem Camp teilnehmen.<\\\/p>\\n\"}},{\"@type\":\"Question\",\"name\":\"Mein Kind besucht die Veranstaltung alleine. Wird es ihm gut gehen?\",\"acceptedAnswer\":{\"@type\":\"Answer\",\"text\":\"<p>Ja, die Mehrheit der Spieler nimmt ohne Freunde und Familie teil. Einzelpersonen werden in Gruppen mit Spielern gleichen Alters eingeteilt, die ebenfalls allein sind. Die erste Sitzung eines jeden Kurses dient dazu, die einzelnen Spieler zu integrieren, um ein Team zu bilden und neue Freunde zu finden.  <\\\/p>\\n\"}},{\"@type\":\"Question\",\"name\":\"Was erwartet Sie in Bezug auf die Camp-Kultur in dem Land, in dem das Camp stattfindet?\",\"acceptedAnswer\":{\"@type\":\"Answer\",\"text\":\"<p>Jedes Camp bietet sowohl eine sportliche als auch eine kulturelle Erfahrung. Viele der Teilnehmer werden etwas anderes als zu Hause erleben, da sie sich in einem fremden Land mit einer anderen Lebensweise befinden. Bei den meisten Camps werden die Teilnehmer die lokale K\\u00fcche kennenlernen, spezielle Essenszeiten (fr\\u00fche Mahlzeiten in Nordeuropa, sp\\u00e4te Mahlzeiten in S\\u00fcdeuropa) entsprechend der Kultur des Landes, Duschen nach dem Training, typische Unterhaltung im Camp entsprechend der Sommercamp-Kultur des Landes, fr\\u00fche oder sp\\u00e4te Schlafenszeiten entsprechend den Lebensgewohnheiten des Landes und vieles mehr. Wenn Sie das Gef\\u00fchl haben, dass Ihr Kind Schwierigkeiten haben wird, sich an eine neue Lebensweise anzupassen, dann empfehlen wir Ihnen, zu warten, bis Ihr Kind in einem Alter ist, in dem es dazu bereit ist.   <\\\/p>\\n\"}},{\"@type\":\"Question\",\"name\":\"Wo befindet sich das \\u00dcbernachtungscamp?\",\"acceptedAnswer\":{\"@type\":\"Answer\",\"text\":\"<p>Die Trainingseinheiten der Fu\\u00dfballcamps mit \\u00dcbernachtung finden auf dem Trainingsgel\\u00e4nde der Akademie von Atletico de Madrid statt. Die Unterbringung erfolgt in der Residenz von Atletico de Madrid in San Sebasti\\u00e1n de Los Reyes, Madrid, in Doppelzimmern. Weitere Informationen finden Sie auf der Seite <a href=\\\"https:\\\/\\\/soccercampsinternational.com\\\/de\\\/spanien-fussballcamps\\\/atletico-de-madrid-fussballcamps\\\/standort\\\/\\\"><span style=\\\"color: #e01020;\\\"><strong>Standort des Camps<\\\/strong><\\\/span><\\\/a> Seite.<\\\/p>\\n\"}},{\"@type\":\"Question\",\"name\":\"Welche Unterlagen sind f\\u00fcr die Teilnahme an Campus Experience erforderlich?\",\"acceptedAnswer\":{\"@type\":\"Answer\",\"text\":\"<p><span dir=\\\"auto\\\">Bevor das Programm beginnt, muss jeder Teilnehmer die folgenden Unterlagen \\u00fcber das Formular oder per E-Mail einreichen:<\\\/span><\\\/p>\\n<ul>\\n<li aria-level=\\\"1\\\"><span dir=\\\"auto\\\">Aktuelles Passfoto<\\\/span><\\\/li>\\n<li aria-level=\\\"1\\\"><span dir=\\\"auto\\\">Geburtsurkunde des Teilnehmers<\\\/span><\\\/li>\\n<li aria-level=\\\"1\\\"><span dir=\\\"auto\\\">Kopie des Reisepasses oder Personalausweises des Teilnehmers (nicht erforderlich f\\u00fcr Kinder unter 14 Jahren)<\\\/span><\\\/li>\\n<li aria-level=\\\"1\\\"><span dir=\\\"auto\\\">Kopie des Reisepasses oder Personalausweises des Vaters, der Mutter oder des gesetzlichen Vormunds<\\\/span><\\\/li>\\n<li aria-level=\\\"1\\\"><span dir=\\\"auto\\\">Kopie der Krankenversicherungskarte oder einer <strong>Krankenversicherung mit Deckung in Spanien<\\\/strong>.<\\\/span><\\\/li>\\n<li aria-level=\\\"1\\\">Zustimmungsformular<\\\/li>\\n<\\\/ul>\\n<p><span dir=\\\"auto\\\">Das Fehlen eines dieser Dokumente kann den Spieler daran hindern, auf dem Campus zu spielen.<\\\/span><\\\/p>\\n\"}},{\"@type\":\"Question\",\"name\":\"Wann sollten die Unterlagen eingereicht werden?\",\"acceptedAnswer\":{\"@type\":\"Answer\",\"text\":\"<p><span dir=\\\"auto\\\">Die Unterlagen m\\u00fcssen mindestens vollst\\u00e4ndig eingereicht werden <\\\/span><strong><span dir=\\\"auto\\\">30 Tage vor Beginn des Programms<\\\/span><\\\/strong><span dir=\\\"auto\\\">.<\\\/span><\\\/p>\\n<p><span dir=\\\"auto\\\">Wenn die Anmeldung innerhalb dieser Frist erfolgt, muss sie innerhalb von maximal 72 Stunden nach der Zahlungsbest\\u00e4tigung eingereicht werden.<\\\/span><\\\/p>\\n\"}},{\"@type\":\"Question\",\"name\":\"Wann ist der Bewerbungsschluss?\",\"acceptedAnswer\":{\"@type\":\"Answer\",\"text\":\"<p>Bewerbungen sind m\\u00f6glich, bis keine Pl\\u00e4tze mehr frei sind. Die Pl\\u00e4tze sind begrenzt und werden nach dem Prinzip &#8222;Wer zuerst kommt, mahlt zuerst&#8220; vergeben. Sobald ein Platz belegt ist, wird er f\\u00fcr den Verkauf geschlossen.  <\\\/p>\\n\"}},{\"@type\":\"Question\",\"name\":\"Werden Mahlzeiten angeboten?\",\"acceptedAnswer\":{\"@type\":\"Answer\",\"text\":\"<p>Drei Mahlzeiten pro Tag sind in den Kosten enthalten. Das Buffet wird von den Ern\\u00e4hrungsberatern des Clubs<br \\\/>zubereitet und entspricht den Standards f\\u00fcr die Ern\\u00e4hrung von Spitzensportlern. <\\\/p>\\n\"}},{\"@type\":\"Question\",\"name\":\"Bekomme ich ein Schulungspaket?\",\"acceptedAnswer\":{\"@type\":\"Answer\",\"text\":\"<p>Ja, den Spielern wird eine komplette Ausr\\u00fcstung (3 T-Shirts, 3 Shorts, 3 Paar Socken) f\\u00fcr den gesamten Aufenthalt zur Verf\\u00fcgung gestellt.<\\\/p>\\n\"}},{\"@type\":\"Question\",\"name\":\"Wie viel Taschengeld werden sie w\\u00e4hrend des Camps ben\\u00f6tigen?\",\"acceptedAnswer\":{\"@type\":\"Answer\",\"text\":\"<p>Es wird empfohlen, dass jedes Kind etwas Kleingeld f\\u00fcr Telefongespr\\u00e4che, Softdrinks, Souvenirs und andere Dinge mitbringt (150-200 Euro pro Sitzung).<\\\/p>\\n\"}},{\"@type\":\"Question\",\"name\":\"Kann ich mein Kind w\\u00e4hrend des Camps besuchen?\",\"acceptedAnswer\":{\"@type\":\"Answer\",\"text\":\"<p>Ja, es wird m\\u00f6glich sein, ein Training im Atletico de Madrid Training Center zu sehen. Details erhalten Sie beim Check-in auf Anfrage. <br \\\/>(siehe oben, wird demn\\u00e4chst best\\u00e4tigt)<\\\/p>\\n\"}},{\"@type\":\"Question\",\"name\":\"Kann ich mit meinem Kind vor Ort bleiben?\",\"acceptedAnswer\":{\"@type\":\"Answer\",\"text\":\"<p>Die Eltern k\\u00f6nnen nicht vor Ort bleiben. Sie k\\u00f6nnen ein Zimmer in einem Hotel in der N\\u00e4he des Camps in Madrid reservieren. <\\\/p>\\n\"}},{\"@type\":\"Question\",\"name\":\"Gibt es spezielle Goalkeeping-Kurse?\",\"acceptedAnswer\":{\"@type\":\"Answer\",\"text\":\"<p>Es sind spezielle Torwarttrainings w\\u00e4hrend der Kurse verf\\u00fcgbar. W\\u00e4hlen Sie bei der Online-Anmeldung einfach die Option Torwarttraining.  Die Torh\\u00fcter nehmen an den Trainingseinheiten vor Beginn des Mannschaftstrainings teil und nehmen dann am Training und den Spielen der Mannschaft teil.<\\\/p>\\n\"}},{\"@type\":\"Question\",\"name\":\"Ben\\u00f6tigt das Kind ein 'Kinder-Touristen-\\\/Besucher-Visum', um am Fu\\u00dfballcamp teilzunehmen?\",\"acceptedAnswer\":{\"@type\":\"Answer\",\"text\":\"<p><b>WICHTIG:<\\\/b> Bitte beachten Sie, dass Sie allein f\\u00fcr die Beschaffung aller erforderlichen Reisedokumente verantwortlich sind, einschlie\\u00dflich, aber nicht beschr\\u00e4nkt auf einen g\\u00fcltigen Reisepass und ein entsprechendes Touristenvisum f\\u00fcr die Person, die das Fu\\u00dfballcamp besucht, den Teilnehmer. F\\u00fcr die Einreise- und Visabestimmungen f\\u00fcr das Land, in dem sich das ausgew\\u00e4hlte Camp befindet, m\\u00fcssen Sie sich an das zust\\u00e4ndige Konsulat wenden. Sobald Sie Ihr Kind bei uns angemeldet und das Camp vollst\\u00e4ndig bezahlt haben, stellen wir Ihnen auf Ihre schriftliche Anfrage hin gerne eine Anmeldebest\\u00e4tigung f\\u00fcr den jeweiligen Teilnehmer aus. Dieses Schreiben <i>kann<\\\/i> von bestimmten Konsulaten f\\u00fcr das &#8218;Child Tourist\\\/Visitor Visa&#8216; verlangt werden. (HINWEIS: Wir k\\u00f6nnen den Brief nur f\\u00fcr den Teilnehmer ausstellen, nicht f\\u00fcr eine andere Person). Bitte beachten Sie, dass die Beantragung eines Visums bei den Konsulaten viele Monate dauern kann. Je l\\u00e4nger Sie warten, desto wahrscheinlicher ist es, dass Ihnen das erforderliche &#8218;Kinder-Touristen-\\\/Besucher-Visum&#8216; f\\u00fcr Ihr Kind verweigert wird und bestimmte Camps keine R\\u00fcckerstattung gew\\u00e4hren. Bitte pr\\u00fcfen Sie die Bedingungen f\\u00fcr das Camp.<\\\/p>\\n\"}},{\"@type\":\"Question\",\"name\":\"Brauche ich eine Versicherung?\",\"acceptedAnswer\":{\"@type\":\"Answer\",\"text\":\"<p>Die Standard-Mindestversicherung ist in Ihrem Camp enthalten. Siehe Details auf der Seite <span style=\\\"color: #e01020;\\\"><a style=\\\"color: #e01020;\\\" href=\\\"https:\\\/\\\/soccercampsinternational.com\\\/de\\\/spanien-fussballcamps\\\/atletico-de-madrid-fussballcamps\\\/#prices\\\"><strong>Camp-Preise<\\\/strong><\\\/a><\\\/span> Wenn Sie jedoch einen zus\\u00e4tzlichen Versicherungsschutz w\\u00fcnschen, empfehlen wir Ihnen, eine Versicherung abzuschlie\\u00dfen, die pers\\u00f6nliche Gegenst\\u00e4nde, Krankheit und Verletzungen abdeckt. Es werden keine R\\u00fcckerstattungen gew\\u00e4hrt, wenn Sie aufgrund von Krankheit oder Verletzung nicht teilnehmen k\\u00f6nnen oder Ihren Aufenthalt auf dem Kurs verk\\u00fcrzen m\\u00fcssen.   Jeder Teilnehmer hat eine Krankenversicherung f\\u00fcr Verletzungen + Sportunf\\u00e4lle. Dar\\u00fcber hinaus muss jeder Teilnehmer seine eigene private Versicherung mitbringen. <\\\/p>\\n\"}},{\"@type\":\"Question\",\"name\":\"Werde ich im selben Raum wie mein Freund sein?\",\"acceptedAnswer\":{\"@type\":\"Answer\",\"text\":\"<p>Die Unterbringung erfolgt haupts\\u00e4chlich in Doppelzimmern mit eigener Toilette und Dusche. Die Bettw\\u00e4sche wird gestellt.  Wenn Sie das Zimmer mit einem Freund oder Verwandten teilen m\\u00f6chten, geben Sie dies bitte bei Ihrer Online-Buchung an. Bitte beachten Sie, dass wir Anfragen f\\u00fcr gemeinsame Zimmer nicht garantieren k\\u00f6nnen. Bitte besuchen Sie die <span style=\\\"color: #e01020;\\\"><a style=\\\"color: #e01020;\\\" href=\\\"https:\\\/\\\/soccercampsinternational.com\\\/de\\\/spanien-fussballcamps\\\/atletico-de-madrid-fussballcamps\\\/standort\\\/\\\"><strong>Camp Standort<\\\/strong><\\\/a><\\\/span> Seite f\\u00fcr weitere Informationen.<\\\/p>\\n\"}},{\"@type\":\"Question\",\"name\":\"F\\u00fcr wie viele Wochen kann mein Kind teilnehmen?\",\"acceptedAnswer\":{\"@type\":\"Answer\",\"text\":\"<p>Aufgrund von Altersbeschr\\u00e4nkungen f\\u00fcr jede Sitzung k\\u00f6nnen sich Camper nur f\\u00fcr 1 Sitzung anmelden.<\\\/p>\\n\"}}]}<\/script>\n\t\t\t\t\t<\/div>\n\t\t\t\t\t\t<\/div>\n\t\t\t\t<\/div>\n\t\t\t\t\t<\/div>\n\t\t<\/div>\n\t\t\t\t<div class=\"elementor-column elementor-col-50 elementor-inner-column elementor-element elementor-element-3577418\" data-id=\"3577418\" data-element_type=\"column\" data-e-type=\"column\">\n\t\t\t<div class=\"elementor-widget-wrap elementor-element-populated\">\n\t\t\t\t\t\t<div class=\"elementor-element elementor-element-2181098 elementor-widget elementor-widget-toggle\" data-id=\"2181098\" data-element_type=\"widget\" data-e-type=\"widget\" data-widget_type=\"toggle.default\">\n\t\t\t\t<div class=\"elementor-widget-container\">\n\t\t\t\t\t\t\t<div class=\"elementor-toggle\">\n\t\t\t\t\t\t\t<div class=\"elementor-toggle-item\">\n\t\t\t\t\t<div id=\"elementor-tab-title-3511\" class=\"elementor-tab-title\" data-tab=\"1\" role=\"button\" aria-controls=\"elementor-tab-content-3511\" aria-expanded=\"false\">\n\t\t\t\t\t\t\t\t\t\t\t\t<span class=\"elementor-toggle-icon elementor-toggle-icon-right\" aria-hidden=\"true\">\n\t\t\t\t\t\t\t\t\t\t\t\t\t\t\t<span class=\"elementor-toggle-icon-closed\"><i class=\" icomoon-the7-font-the7-plus-01\"><\/i><\/span>\n\t\t\t\t\t\t\t\t<span class=\"elementor-toggle-icon-opened\"><svg class=\"elementor-toggle-icon-opened e-font-icon-svg e-fas-minus\" viewBox=\"0 0 448 512\" xmlns=\"http:\/\/www.w3.org\/2000\/svg\"><path d=\"M416 208H32c-17.67 0-32 14.33-32 32v32c0 17.67 14.33 32 32 32h384c17.67 0 32-14.33 32-32v-32c0-17.67-14.33-32-32-32z\"><\/path><\/svg><\/span>\n\t\t\t\t\t\t\t\t\t\t\t\t\t<\/span>\n\t\t\t\t\t\t\t\t\t\t\t\t<a class=\"elementor-toggle-title\" tabindex=\"0\">K\u00f6nnen Mobiltelefone w\u00e4hrend des Camps benutzt werden?<\/a>\n\t\t\t\t\t<\/div>\n\n\t\t\t\t\t<div id=\"elementor-tab-content-3511\" class=\"elementor-tab-content elementor-clearfix\" data-tab=\"1\" role=\"region\" aria-labelledby=\"elementor-tab-title-3511\"><p>Um die Sicherheit und Privatsph\u00e4re von Minderj\u00e4hrigen zu sch\u00fctzen, ist das Mitf\u00fchren von Handys oder anderen elektronischen Ger\u00e4ten auf dem Campus verboten. Das Sicherheitsteam der Residenz wird die Handys aufbewahren und sie den Spielern w\u00e4hrend der festgelegten Zeit geben, damit sie ihre Familien anrufen k\u00f6nnen. Wi-Fi ist in der Akademie-Residenz verf\u00fcgbar.  <\/p>\n<p><em>Der Club haftet nicht f\u00fcr die Besch\u00e4digung oder den Verlust von Ger\u00e4ten.<\/em><\/p>\n<\/div>\n\t\t\t\t<\/div>\n\t\t\t\t\t\t\t<div class=\"elementor-toggle-item\">\n\t\t\t\t\t<div id=\"elementor-tab-title-3512\" class=\"elementor-tab-title\" data-tab=\"2\" role=\"button\" aria-controls=\"elementor-tab-content-3512\" aria-expanded=\"false\">\n\t\t\t\t\t\t\t\t\t\t\t\t<span class=\"elementor-toggle-icon elementor-toggle-icon-right\" aria-hidden=\"true\">\n\t\t\t\t\t\t\t\t\t\t\t\t\t\t\t<span class=\"elementor-toggle-icon-closed\"><i class=\" icomoon-the7-font-the7-plus-01\"><\/i><\/span>\n\t\t\t\t\t\t\t\t<span class=\"elementor-toggle-icon-opened\"><svg class=\"elementor-toggle-icon-opened e-font-icon-svg e-fas-minus\" viewBox=\"0 0 448 512\" xmlns=\"http:\/\/www.w3.org\/2000\/svg\"><path d=\"M416 208H32c-17.67 0-32 14.33-32 32v32c0 17.67 14.33 32 32 32h384c17.67 0 32-14.33 32-32v-32c0-17.67-14.33-32-32-32z\"><\/path><\/svg><\/span>\n\t\t\t\t\t\t\t\t\t\t\t\t\t<\/span>\n\t\t\t\t\t\t\t\t\t\t\t\t<a class=\"elementor-toggle-title\" tabindex=\"0\">Wie lauten die Telefonnummern des Camps?<\/a>\n\t\t\t\t\t<\/div>\n\n\t\t\t\t\t<div id=\"elementor-tab-content-3512\" class=\"elementor-tab-content elementor-clearfix\" data-tab=\"2\" role=\"region\" aria-labelledby=\"elementor-tab-title-3512\"><p>Die Telefonnummern f\u00fcr das Camp erhalten Sie einige Wochen vor Beginn des Camps in Ihrem Willkommenspaket f\u00fcr angemeldete Camper.<\/p>\n<\/div>\n\t\t\t\t<\/div>\n\t\t\t\t\t\t\t<div class=\"elementor-toggle-item\">\n\t\t\t\t\t<div id=\"elementor-tab-title-3513\" class=\"elementor-tab-title\" data-tab=\"3\" role=\"button\" aria-controls=\"elementor-tab-content-3513\" aria-expanded=\"false\">\n\t\t\t\t\t\t\t\t\t\t\t\t<span class=\"elementor-toggle-icon elementor-toggle-icon-right\" aria-hidden=\"true\">\n\t\t\t\t\t\t\t\t\t\t\t\t\t\t\t<span class=\"elementor-toggle-icon-closed\"><i class=\" icomoon-the7-font-the7-plus-01\"><\/i><\/span>\n\t\t\t\t\t\t\t\t<span class=\"elementor-toggle-icon-opened\"><svg class=\"elementor-toggle-icon-opened e-font-icon-svg e-fas-minus\" viewBox=\"0 0 448 512\" xmlns=\"http:\/\/www.w3.org\/2000\/svg\"><path d=\"M416 208H32c-17.67 0-32 14.33-32 32v32c0 17.67 14.33 32 32 32h384c17.67 0 32-14.33 32-32v-32c0-17.67-14.33-32-32-32z\"><\/path><\/svg><\/span>\n\t\t\t\t\t\t\t\t\t\t\t\t\t<\/span>\n\t\t\t\t\t\t\t\t\t\t\t\t<a class=\"elementor-toggle-title\" tabindex=\"0\">Ist ein W\u00e4scheservice verf\u00fcgbar?<\/a>\n\t\t\t\t\t<\/div>\n\n\t\t\t\t\t<div id=\"elementor-tab-content-3513\" class=\"elementor-tab-content elementor-clearfix\" data-tab=\"3\" role=\"region\" aria-labelledby=\"elementor-tab-title-3513\"><p>Ja, nur f\u00fcr die Sportuniformen. Sie werden t\u00e4glich gewaschen und m\u00fcssen rechtzeitig vor dem Sporttraining hinterlegt und abgeholt werden.<br \/>(wird demn\u00e4chst best\u00e4tigt)<\/p>\n<\/div>\n\t\t\t\t<\/div>\n\t\t\t\t\t\t\t<div class=\"elementor-toggle-item\">\n\t\t\t\t\t<div id=\"elementor-tab-title-3514\" class=\"elementor-tab-title\" data-tab=\"4\" role=\"button\" aria-controls=\"elementor-tab-content-3514\" aria-expanded=\"false\">\n\t\t\t\t\t\t\t\t\t\t\t\t<span class=\"elementor-toggle-icon elementor-toggle-icon-right\" aria-hidden=\"true\">\n\t\t\t\t\t\t\t\t\t\t\t\t\t\t\t<span class=\"elementor-toggle-icon-closed\"><i class=\" icomoon-the7-font-the7-plus-01\"><\/i><\/span>\n\t\t\t\t\t\t\t\t<span class=\"elementor-toggle-icon-opened\"><svg class=\"elementor-toggle-icon-opened e-font-icon-svg e-fas-minus\" viewBox=\"0 0 448 512\" xmlns=\"http:\/\/www.w3.org\/2000\/svg\"><path d=\"M416 208H32c-17.67 0-32 14.33-32 32v32c0 17.67 14.33 32 32 32h384c17.67 0 32-14.33 32-32v-32c0-17.67-14.33-32-32-32z\"><\/path><\/svg><\/span>\n\t\t\t\t\t\t\t\t\t\t\t\t\t<\/span>\n\t\t\t\t\t\t\t\t\t\t\t\t<a class=\"elementor-toggle-title\" tabindex=\"0\">Mein Kind muss aus gesundheitlichen Gr\u00fcnden eine bestimmte Di\u00e4t einhalten. Ist das m\u00f6glich? <\/a>\n\t\t\t\t\t<\/div>\n\n\t\t\t\t\t<div id=\"elementor-tab-content-3514\" class=\"elementor-tab-content elementor-clearfix\" data-tab=\"4\" role=\"region\" aria-labelledby=\"elementor-tab-title-3514\"><p>Wenn Ihr Kind besondere Ern\u00e4hrungsbed\u00fcrfnisse hat, die Sie bei der Online-Anmeldung nicht angegeben haben, informieren Sie uns bitte so schnell wie m\u00f6glich. Die meisten Di\u00e4ten k\u00f6nnen nach vorheriger Absprache ber\u00fccksichtigt werden. <\/p>\n<\/div>\n\t\t\t\t<\/div>\n\t\t\t\t\t\t\t<div class=\"elementor-toggle-item\">\n\t\t\t\t\t<div id=\"elementor-tab-title-3515\" class=\"elementor-tab-title\" data-tab=\"5\" role=\"button\" aria-controls=\"elementor-tab-content-3515\" aria-expanded=\"false\">\n\t\t\t\t\t\t\t\t\t\t\t\t<span class=\"elementor-toggle-icon elementor-toggle-icon-right\" aria-hidden=\"true\">\n\t\t\t\t\t\t\t\t\t\t\t\t\t\t\t<span class=\"elementor-toggle-icon-closed\"><i class=\" icomoon-the7-font-the7-plus-01\"><\/i><\/span>\n\t\t\t\t\t\t\t\t<span class=\"elementor-toggle-icon-opened\"><svg class=\"elementor-toggle-icon-opened e-font-icon-svg e-fas-minus\" viewBox=\"0 0 448 512\" xmlns=\"http:\/\/www.w3.org\/2000\/svg\"><path d=\"M416 208H32c-17.67 0-32 14.33-32 32v32c0 17.67 14.33 32 32 32h384c17.67 0 32-14.33 32-32v-32c0-17.67-14.33-32-32-32z\"><\/path><\/svg><\/span>\n\t\t\t\t\t\t\t\t\t\t\t\t\t<\/span>\n\t\t\t\t\t\t\t\t\t\t\t\t<a class=\"elementor-toggle-title\" tabindex=\"0\">Mein Kind nimmt verschreibungspflichtige Medikamente - soll ich Sie dar\u00fcber informieren?<\/a>\n\t\t\t\t\t<\/div>\n\n\t\t\t\t\t<div id=\"elementor-tab-content-3515\" class=\"elementor-tab-content elementor-clearfix\" data-tab=\"5\" role=\"region\" aria-labelledby=\"elementor-tab-title-3515\"><p>Ja, bitte geben Sie im Online-Bewerbungsformular unbedingt an, welche Medikamente Ihr Sohn einnimmt oder ob er sich in Behandlung befindet. Wir werden das medizinische Personal, das im Camp zur Verf\u00fcgung steht, auf dem Laufenden halten, das Ihren Sohn begleiten wird. Es ist wichtig, dass wir genaue Informationen \u00fcber eventuelle Vorerkrankungen Ihres Kindes erhalten. Sollten Sie uns nicht bereits bei Ihrer Online-Anmeldung \u00fcber eine Krankheit informiert haben, so tun Sie dies bitte so schnell wie m\u00f6glich. Bitte beachten Sie, dass das Atletico de Madrid PRO Camps Sch\u00fcler unter der Voraussetzung akzeptiert, dass sie bei guter Gesundheit sind. Wenn Ihr Kind Medikamente mitbringen muss, geben Sie uns bitte vollst\u00e4ndige Informationen \u00fcber die Dosierung, den Zeitpunkt der Einnahme und die Aufbewahrung der Medikamente. <\/p>\n<\/div>\n\t\t\t\t<\/div>\n\t\t\t\t\t\t\t<div class=\"elementor-toggle-item\">\n\t\t\t\t\t<div id=\"elementor-tab-title-3516\" class=\"elementor-tab-title\" data-tab=\"6\" role=\"button\" aria-controls=\"elementor-tab-content-3516\" aria-expanded=\"false\">\n\t\t\t\t\t\t\t\t\t\t\t\t<span class=\"elementor-toggle-icon elementor-toggle-icon-right\" aria-hidden=\"true\">\n\t\t\t\t\t\t\t\t\t\t\t\t\t\t\t<span class=\"elementor-toggle-icon-closed\"><i class=\" icomoon-the7-font-the7-plus-01\"><\/i><\/span>\n\t\t\t\t\t\t\t\t<span class=\"elementor-toggle-icon-opened\"><svg class=\"elementor-toggle-icon-opened e-font-icon-svg e-fas-minus\" viewBox=\"0 0 448 512\" xmlns=\"http:\/\/www.w3.org\/2000\/svg\"><path d=\"M416 208H32c-17.67 0-32 14.33-32 32v32c0 17.67 14.33 32 32 32h384c17.67 0 32-14.33 32-32v-32c0-17.67-14.33-32-32-32z\"><\/path><\/svg><\/span>\n\t\t\t\t\t\t\t\t\t\t\t\t\t<\/span>\n\t\t\t\t\t\t\t\t\t\t\t\t<a class=\"elementor-toggle-title\" tabindex=\"0\">Gibt es jemanden, der die Teilnehmer w\u00e4hrend der Nacht beaufsichtigt?<\/a>\n\t\t\t\t\t<\/div>\n\n\t\t\t\t\t<div id=\"elementor-tab-content-3516\" class=\"elementor-tab-content elementor-clearfix\" data-tab=\"6\" role=\"region\" aria-labelledby=\"elementor-tab-title-3516\"><p>Das Camppersonal ist 24 Stunden am Tag vor Ort.<\/p>\n<\/div>\n\t\t\t\t<\/div>\n\t\t\t\t\t\t\t<div class=\"elementor-toggle-item\">\n\t\t\t\t\t<div id=\"elementor-tab-title-3517\" class=\"elementor-tab-title\" data-tab=\"7\" role=\"button\" aria-controls=\"elementor-tab-content-3517\" aria-expanded=\"false\">\n\t\t\t\t\t\t\t\t\t\t\t\t<span class=\"elementor-toggle-icon elementor-toggle-icon-right\" aria-hidden=\"true\">\n\t\t\t\t\t\t\t\t\t\t\t\t\t\t\t<span class=\"elementor-toggle-icon-closed\"><i class=\" icomoon-the7-font-the7-plus-01\"><\/i><\/span>\n\t\t\t\t\t\t\t\t<span class=\"elementor-toggle-icon-opened\"><svg class=\"elementor-toggle-icon-opened e-font-icon-svg e-fas-minus\" viewBox=\"0 0 448 512\" xmlns=\"http:\/\/www.w3.org\/2000\/svg\"><path d=\"M416 208H32c-17.67 0-32 14.33-32 32v32c0 17.67 14.33 32 32 32h384c17.67 0 32-14.33 32-32v-32c0-17.67-14.33-32-32-32z\"><\/path><\/svg><\/span>\n\t\t\t\t\t\t\t\t\t\t\t\t\t<\/span>\n\t\t\t\t\t\t\t\t\t\t\t\t<a class=\"elementor-toggle-title\" tabindex=\"0\">Welche Sprachen sprechen die Trainer im Camp?<\/a>\n\t\t\t\t\t<\/div>\n\n\t\t\t\t\t<div id=\"elementor-tab-content-3517\" class=\"elementor-tab-content elementor-clearfix\" data-tab=\"7\" role=\"region\" aria-labelledby=\"elementor-tab-title-3517\"><p>Die Kurse des Atletico de Madrid PRO Camps werden auf Spanisch und Englisch abgehalten, da viele ausl\u00e4ndische Teilnehmer aus der ganzen Welt kommen. Seit vielen Jahren haben wir Teilnehmer aus der ganzen Welt. Viele von ihnen sprechen nicht die Sprache des Landes, in dem das Camp stattfindet, aber sie akklimatisieren sich sehr gut in dem Camp, da es in der Vergangenheit keine Sprachbarriere gab. <\/p>\n<\/div>\n\t\t\t\t<\/div>\n\t\t\t\t\t\t\t<div class=\"elementor-toggle-item\">\n\t\t\t\t\t<div id=\"elementor-tab-title-3518\" class=\"elementor-tab-title\" data-tab=\"8\" role=\"button\" aria-controls=\"elementor-tab-content-3518\" aria-expanded=\"false\">\n\t\t\t\t\t\t\t\t\t\t\t\t<span class=\"elementor-toggle-icon elementor-toggle-icon-right\" aria-hidden=\"true\">\n\t\t\t\t\t\t\t\t\t\t\t\t\t\t\t<span class=\"elementor-toggle-icon-closed\"><i class=\" icomoon-the7-font-the7-plus-01\"><\/i><\/span>\n\t\t\t\t\t\t\t\t<span class=\"elementor-toggle-icon-opened\"><svg class=\"elementor-toggle-icon-opened e-font-icon-svg e-fas-minus\" viewBox=\"0 0 448 512\" xmlns=\"http:\/\/www.w3.org\/2000\/svg\"><path d=\"M416 208H32c-17.67 0-32 14.33-32 32v32c0 17.67 14.33 32 32 32h384c17.67 0 32-14.33 32-32v-32c0-17.67-14.33-32-32-32z\"><\/path><\/svg><\/span>\n\t\t\t\t\t\t\t\t\t\t\t\t\t<\/span>\n\t\t\t\t\t\t\t\t\t\t\t\t<a class=\"elementor-toggle-title\" tabindex=\"0\">Was sollten die Spieler von zu Hause mitbringen?<\/a>\n\t\t\t\t\t<\/div>\n\n\t\t\t\t\t<div id=\"elementor-tab-content-3518\" class=\"elementor-tab-content elementor-clearfix\" data-tab=\"8\" role=\"region\" aria-labelledby=\"elementor-tab-title-3518\"><p>Teilnehmer sollten sein<\/p>\n<p>&#8211; Sommerkleidung <br \/>&#8211; Fu\u00dfballschuhe und Stra\u00dfenlaufschuhe.<br \/>&#8211; Flip-Flops, Handtuch, Badeanzug und Kulturbeutel.<\/p>\n<p><em>WICHTIG: Es ist nicht gestattet, die Kleidung oder Rucks\u00e4cke anderer Profifu\u00dfballmannschaften zu tragen.<\/em><\/p>\n<\/div>\n\t\t\t\t<\/div>\n\t\t\t\t\t\t\t<div class=\"elementor-toggle-item\">\n\t\t\t\t\t<div id=\"elementor-tab-title-3519\" class=\"elementor-tab-title\" data-tab=\"9\" role=\"button\" aria-controls=\"elementor-tab-content-3519\" aria-expanded=\"false\">\n\t\t\t\t\t\t\t\t\t\t\t\t<span class=\"elementor-toggle-icon elementor-toggle-icon-right\" aria-hidden=\"true\">\n\t\t\t\t\t\t\t\t\t\t\t\t\t\t\t<span class=\"elementor-toggle-icon-closed\"><i class=\" icomoon-the7-font-the7-plus-01\"><\/i><\/span>\n\t\t\t\t\t\t\t\t<span class=\"elementor-toggle-icon-opened\"><svg class=\"elementor-toggle-icon-opened e-font-icon-svg e-fas-minus\" viewBox=\"0 0 448 512\" xmlns=\"http:\/\/www.w3.org\/2000\/svg\"><path d=\"M416 208H32c-17.67 0-32 14.33-32 32v32c0 17.67 14.33 32 32 32h384c17.67 0 32-14.33 32-32v-32c0-17.67-14.33-32-32-32z\"><\/path><\/svg><\/span>\n\t\t\t\t\t\t\t\t\t\t\t\t\t<\/span>\n\t\t\t\t\t\t\t\t\t\t\t\t<a class=\"elementor-toggle-title\" tabindex=\"0\">Wann werden die Kits ausgeh\u00e4ndigt?<\/a>\n\t\t\t\t\t<\/div>\n\n\t\t\t\t\t<div id=\"elementor-tab-content-3519\" class=\"elementor-tab-content elementor-clearfix\" data-tab=\"9\" role=\"region\" aria-labelledby=\"elementor-tab-title-3519\"><p>Die Spieler erhalten ihre Trainingsanz\u00fcge am ersten Tag vor Beginn der ersten Trainingseinheit.<\/p>\n<\/div>\n\t\t\t\t<\/div>\n\t\t\t\t\t\t\t<div class=\"elementor-toggle-item\">\n\t\t\t\t\t<div id=\"elementor-tab-title-35110\" class=\"elementor-tab-title\" data-tab=\"10\" role=\"button\" aria-controls=\"elementor-tab-content-35110\" aria-expanded=\"false\">\n\t\t\t\t\t\t\t\t\t\t\t\t<span class=\"elementor-toggle-icon elementor-toggle-icon-right\" aria-hidden=\"true\">\n\t\t\t\t\t\t\t\t\t\t\t\t\t\t\t<span class=\"elementor-toggle-icon-closed\"><i class=\" icomoon-the7-font-the7-plus-01\"><\/i><\/span>\n\t\t\t\t\t\t\t\t<span class=\"elementor-toggle-icon-opened\"><svg class=\"elementor-toggle-icon-opened e-font-icon-svg e-fas-minus\" viewBox=\"0 0 448 512\" xmlns=\"http:\/\/www.w3.org\/2000\/svg\"><path d=\"M416 208H32c-17.67 0-32 14.33-32 32v32c0 17.67 14.33 32 32 32h384c17.67 0 32-14.33 32-32v-32c0-17.67-14.33-32-32-32z\"><\/path><\/svg><\/span>\n\t\t\t\t\t\t\t\t\t\t\t\t\t<\/span>\n\t\t\t\t\t\t\t\t\t\t\t\t<a class=\"elementor-toggle-title\" tabindex=\"0\">Wie lautet die genaue Adresse des Sportkomplexes?<\/a>\n\t\t\t\t\t<\/div>\n\n\t\t\t\t\t<div id=\"elementor-tab-content-35110\" class=\"elementor-tab-content elementor-clearfix\" data-tab=\"10\" role=\"region\" aria-labelledby=\"elementor-tab-title-35110\"><p>Centro Deportivo Alcal\u00e1 de Henares:<br \/>Avenida Gustavo Adolfo B\u00e9cquer, 1 (Alcal\u00e1 de Henares, Madrid)<\/p>\n<\/div>\n\t\t\t\t<\/div>\n\t\t\t\t\t\t\t<div class=\"elementor-toggle-item\">\n\t\t\t\t\t<div id=\"elementor-tab-title-35111\" class=\"elementor-tab-title\" data-tab=\"11\" role=\"button\" aria-controls=\"elementor-tab-content-35111\" aria-expanded=\"false\">\n\t\t\t\t\t\t\t\t\t\t\t\t<span class=\"elementor-toggle-icon elementor-toggle-icon-right\" aria-hidden=\"true\">\n\t\t\t\t\t\t\t\t\t\t\t\t\t\t\t<span class=\"elementor-toggle-icon-closed\"><i class=\" icomoon-the7-font-the7-plus-01\"><\/i><\/span>\n\t\t\t\t\t\t\t\t<span class=\"elementor-toggle-icon-opened\"><svg class=\"elementor-toggle-icon-opened e-font-icon-svg e-fas-minus\" viewBox=\"0 0 448 512\" xmlns=\"http:\/\/www.w3.org\/2000\/svg\"><path d=\"M416 208H32c-17.67 0-32 14.33-32 32v32c0 17.67 14.33 32 32 32h384c17.67 0 32-14.33 32-32v-32c0-17.67-14.33-32-32-32z\"><\/path><\/svg><\/span>\n\t\t\t\t\t\t\t\t\t\t\t\t\t<\/span>\n\t\t\t\t\t\t\t\t\t\t\t\t<a class=\"elementor-toggle-title\" tabindex=\"0\">Visa f\u00fcr Spanien<\/a>\n\t\t\t\t\t<\/div>\n\n\t\t\t\t\t<div id=\"elementor-tab-content-35111\" class=\"elementor-tab-content elementor-clearfix\" data-tab=\"11\" role=\"region\" aria-labelledby=\"elementor-tab-title-35111\"><p>Einladungsschreiben werden nur f\u00fcr Teilnehmer ausgestellt, auf keinen Fall auf den Namen eines Erwachsenen.<\/p>\n<p>Die Frist f\u00fcr die Ausstellung der Einladungsschreiben liegt zwischen 24 und 48 Arbeitsstunden nach der Antragstellung. Dabei ist zu ber\u00fccksichtigen, dass die Unterlagen und die Zahlung f\u00fcr die Anmeldung vollst\u00e4ndig und korrekt eingegangen sein m\u00fcssen. <\/p>\n<p>Sollte diese Frist nicht eingehalten werden, \u00fcbernimmt Atl\u00e9tico de Madrid keine Verantwortung f\u00fcr die Folgen einer solchen Aktion und wird daher keine R\u00fcckerstattung bereits gezahlter Betr\u00e4ge vornehmen.<\/p>\n<\/div>\n\t\t\t\t<\/div>\n\t\t\t\t\t\t\t\t<\/div>\n\t\t\t\t\t\t<\/div>\n\t\t\t\t<\/div>\n\t\t\t\t\t<\/div>\n\t\t<\/div>\n\t\t\t\t\t<\/div>\n\t\t<\/section>\n\t\t\t\t\t<\/div>\n\t\t<\/div>\n\t\t\t\t\t<\/div>\n\t\t<\/section>\n\t\t\t\t<\/div>\n\t\t","protected":false},"excerpt":{"rendered":"<p>Atletico de Madrid PRO Fu\u00dfballcamps Informationen zum Flughafentransfer &amp; H\u00e4ufig gestellte Fragen zum Camp F\u00fcr diejenigen, die aus dem Ausland anreisen, bietet das Camp einen kostenpflichtigen Transferservice vom Flughafen Madrid (MAD) Barajas zur Campunterkunft an. Alle Transfers m\u00fcssen im Voraus arrangiert werden. Die Fl\u00fcge kommen zwischen 9 Uhr und 20:00 Uhr am ersten und letzten&hellip;<\/p>\n","protected":false},"author":2,"featured_media":0,"parent":45478,"menu_order":0,"comment_status":"closed","ping_status":"closed","template":"","meta":{"_mo_disable_npp":"","footnotes":""},"class_list":["post-45436","page","type-page","status-publish","hentry"],"_links":{"self":[{"href":"https:\/\/soccercampsinternational.com\/de\/wp-json\/wp\/v2\/pages\/45436","targetHints":{"allow":["GET"]}}],"collection":[{"href":"https:\/\/soccercampsinternational.com\/de\/wp-json\/wp\/v2\/pages"}],"about":[{"href":"https:\/\/soccercampsinternational.com\/de\/wp-json\/wp\/v2\/types\/page"}],"author":[{"embeddable":true,"href":"https:\/\/soccercampsinternational.com\/de\/wp-json\/wp\/v2\/users\/2"}],"replies":[{"embeddable":true,"href":"https:\/\/soccercampsinternational.com\/de\/wp-json\/wp\/v2\/comments?post=45436"}],"version-history":[{"count":0,"href":"https:\/\/soccercampsinternational.com\/de\/wp-json\/wp\/v2\/pages\/45436\/revisions"}],"up":[{"embeddable":true,"href":"https:\/\/soccercampsinternational.com\/de\/wp-json\/wp\/v2\/pages\/45478"}],"wp:attachment":[{"href":"https:\/\/soccercampsinternational.com\/de\/wp-json\/wp\/v2\/media?parent=45436"}],"curies":[{"name":"wp","href":"https:\/\/api.w.org\/{rel}","templated":true}]}}