{"id":45441,"date":"2025-02-04T11:55:16","date_gmt":"2025-02-04T18:55:16","guid":{"rendered":"https:\/\/soccercampsinternational.com\/campamentos-de-futbol-de-alto-rendimiento-del-atletico-de-madrid-traslado-desde-el-aeropuerto-y-preguntas-sobre-los-campamentos\/"},"modified":"2026-04-10T12:23:31","modified_gmt":"2026-04-10T19:23:31","slug":"traslado-aeropuerto-preguntas","status":"publish","type":"page","link":"https:\/\/soccercampsinternational.com\/es\/campamentos-futbol-espana\/campamentos-atletico-de-madrid\/traslado-aeropuerto-preguntas\/","title":{"rendered":"Campamentos de f\u00fatbol de alto rendimiento del Atl\u00e9tico de Madrid Traslado desde el aeropuerto y preguntas sobre los campamentos"},"content":{"rendered":"\t\t<div data-elementor-type=\"wp-page\" data-elementor-id=\"45441\" class=\"elementor elementor-45441 elementor-42645\" data-elementor-post-type=\"page\">\n\t\t\t\t\t\t<section class=\"elementor-section elementor-top-section elementor-element elementor-element-e3131e2 elementor-section-stretched elementor-section-boxed elementor-section-height-default elementor-section-height-default\" data-id=\"e3131e2\" data-element_type=\"section\" data-e-type=\"section\" data-settings=\"{&quot;stretch_section&quot;:&quot;section-stretched&quot;,&quot;background_background&quot;:&quot;classic&quot;,&quot;sticky&quot;:&quot;top&quot;,&quot;sticky_on&quot;:[&quot;desktop&quot;],&quot;sticky_offset&quot;:0,&quot;sticky_effects_offset&quot;:0,&quot;sticky_anchor_link_offset&quot;:0}\">\n\t\t\t\t\t\t<div class=\"elementor-container elementor-column-gap-default\">\n\t\t\t\t\t<div class=\"elementor-column elementor-col-100 elementor-top-column elementor-element elementor-element-9ab6e6a\" data-id=\"9ab6e6a\" data-element_type=\"column\" data-e-type=\"column\">\n\t\t\t<div class=\"elementor-widget-wrap elementor-element-populated\">\n\t\t\t\t\t\t<div class=\"elementor-element elementor-element-f13b291 elementor-widget-tablet__width-auto elementor-nav-menu--dropdown-tablet elementor-nav-menu__text-align-aside elementor-widget elementor-widget-nav-menu\" data-id=\"f13b291\" data-element_type=\"widget\" data-e-type=\"widget\" data-settings=\"{&quot;layout&quot;:&quot;horizontal&quot;,&quot;submenu_icon&quot;:{&quot;value&quot;:&quot;&lt;svg aria-hidden=\\&quot;true\\&quot; class=\\&quot;e-font-icon-svg e-fas-caret-down\\&quot; viewBox=\\&quot;0 0 320 512\\&quot; xmlns=\\&quot;http:\\\/\\\/www.w3.org\\\/2000\\\/svg\\&quot;&gt;&lt;path d=\\&quot;M31.3 192h257.3c17.8 0 26.7 21.5 14.1 34.1L174.1 354.8c-7.8 7.8-20.5 7.8-28.3 0L17.2 226.1C4.6 213.5 13.5 192 31.3 192z\\&quot;&gt;&lt;\\\/path&gt;&lt;\\\/svg&gt;&quot;,&quot;library&quot;:&quot;fa-solid&quot;}}\" data-widget_type=\"nav-menu.default\">\n\t\t\t\t<div class=\"elementor-widget-container\">\n\t\t\t\t\t\t\t\t<nav aria-label=\"Menu\" class=\"elementor-nav-menu--main elementor-nav-menu__container elementor-nav-menu--layout-horizontal e--pointer-none\">\n\t\t\t\t<ul id=\"menu-1-f13b291\" class=\"elementor-nav-menu\"><li class=\"menu-item menu-item-type-post_type menu-item-object-page menu-item-42663\"><a href=\"https:\/\/soccercampsinternational.com\/spain-soccer-camps\/atletico-madrid-soccer-camp\/\" class=\"elementor-item\">Campamentos de f\u00fatbol profesional del Atl\u00e9tico de Madrid<\/a><\/li>\n<li class=\"menu-item menu-item-type-custom menu-item-object-custom menu-item-42664\"><a href=\"\/spain-soccer-camps\/atletico-madrid-soccer-camp\/#atletico-dates\" class=\"elementor-item elementor-item-anchor\">Dates<\/a><\/li>\n<li class=\"menu-item menu-item-type-custom menu-item-object-custom menu-item-42665\"><a href=\"\/spain-soccer-camps\/atletico-madrid-soccer-camp\/#atletico-prices\" class=\"elementor-item elementor-item-anchor\">Prices<\/a><\/li>\n<li class=\"menu-item menu-item-type-post_type menu-item-object-page menu-item-42669\"><a href=\"https:\/\/soccercampsinternational.com\/spain-soccer-camps\/atletico-madrid-soccer-camp\/soccer-sites-information\/\" class=\"elementor-item\">Localizaci\u00f3n del Campamento de f\u00fatbol PRO del Atl\u00e9tico de Madrid<\/a><\/li>\n<li class=\"menu-item menu-item-type-post_type menu-item-object-page menu-item-42736\"><a href=\"https:\/\/soccercampsinternational.com\/spain-soccer-camps\/atletico-madrid-soccer-camp\/faq-airport\/\" class=\"elementor-item\">Campamentos de f\u00fatbol de alto rendimiento del Atl\u00e9tico de Madrid Traslado desde el aeropuerto y preguntas sobre los campamentos<\/a><\/li>\n<li class=\"menu-item menu-item-type-post_type menu-item-object-page menu-item-42737\"><a href=\"https:\/\/soccercampsinternational.com\/spain-soccer-camps\/atletico-madrid-soccer-camp\/photos\/\" class=\"elementor-item\">Fotos de los Campamentos de f\u00fatbol PRO del Atl\u00e9tico de Madrid<\/a><\/li>\n<\/ul>\t\t\t<\/nav>\n\t\t\t\t\t\t<nav class=\"elementor-nav-menu--dropdown elementor-nav-menu__container\" aria-hidden=\"true\">\n\t\t\t\t<ul id=\"menu-2-f13b291\" class=\"elementor-nav-menu\"><li class=\"menu-item menu-item-type-post_type menu-item-object-page menu-item-42663\"><a href=\"https:\/\/soccercampsinternational.com\/spain-soccer-camps\/atletico-madrid-soccer-camp\/\" class=\"elementor-item\" tabindex=\"-1\">Campamentos de f\u00fatbol profesional del Atl\u00e9tico de Madrid<\/a><\/li>\n<li class=\"menu-item menu-item-type-custom menu-item-object-custom menu-item-42664\"><a href=\"\/spain-soccer-camps\/atletico-madrid-soccer-camp\/#atletico-dates\" class=\"elementor-item elementor-item-anchor\" tabindex=\"-1\">Dates<\/a><\/li>\n<li class=\"menu-item menu-item-type-custom menu-item-object-custom menu-item-42665\"><a href=\"\/spain-soccer-camps\/atletico-madrid-soccer-camp\/#atletico-prices\" class=\"elementor-item elementor-item-anchor\" tabindex=\"-1\">Prices<\/a><\/li>\n<li class=\"menu-item menu-item-type-post_type menu-item-object-page menu-item-42669\"><a href=\"https:\/\/soccercampsinternational.com\/spain-soccer-camps\/atletico-madrid-soccer-camp\/soccer-sites-information\/\" class=\"elementor-item\" tabindex=\"-1\">Localizaci\u00f3n del Campamento de f\u00fatbol PRO del Atl\u00e9tico de Madrid<\/a><\/li>\n<li class=\"menu-item menu-item-type-post_type menu-item-object-page menu-item-42736\"><a href=\"https:\/\/soccercampsinternational.com\/spain-soccer-camps\/atletico-madrid-soccer-camp\/faq-airport\/\" class=\"elementor-item\" tabindex=\"-1\">Campamentos de f\u00fatbol de alto rendimiento del Atl\u00e9tico de Madrid Traslado desde el aeropuerto y preguntas sobre los campamentos<\/a><\/li>\n<li class=\"menu-item menu-item-type-post_type menu-item-object-page menu-item-42737\"><a href=\"https:\/\/soccercampsinternational.com\/spain-soccer-camps\/atletico-madrid-soccer-camp\/photos\/\" class=\"elementor-item\" tabindex=\"-1\">Fotos de los Campamentos de f\u00fatbol PRO del Atl\u00e9tico de Madrid<\/a><\/li>\n<\/ul>\t\t\t<\/nav>\n\t\t\t\t\t\t<\/div>\n\t\t\t\t<\/div>\n\t\t\t\t\t<\/div>\n\t\t<\/div>\n\t\t\t\t\t<\/div>\n\t\t<\/section>\n\t\t\t\t<section class=\"elementor-section elementor-top-section elementor-element elementor-element-7f34941 elementor-section-stretched elementor-section-boxed elementor-section-height-default elementor-section-height-default\" data-id=\"7f34941\" data-element_type=\"section\" data-e-type=\"section\" data-settings=\"{&quot;stretch_section&quot;:&quot;section-stretched&quot;,&quot;background_background&quot;:&quot;gradient&quot;}\">\n\t\t\t\t\t\t\t<div class=\"elementor-background-overlay\"><\/div>\n\t\t\t\t\t\t\t<div class=\"elementor-container elementor-column-gap-default\">\n\t\t\t\t\t<div class=\"elementor-column elementor-col-100 elementor-top-column elementor-element elementor-element-b7c9731\" data-id=\"b7c9731\" data-element_type=\"column\" data-e-type=\"column\">\n\t\t\t<div class=\"elementor-widget-wrap elementor-element-populated\">\n\t\t\t\t\t\t<div class=\"elementor-element elementor-element-c3e8421 elementor-widget elementor-widget-heading\" data-id=\"c3e8421\" data-element_type=\"widget\" data-e-type=\"widget\" data-widget_type=\"heading.default\">\n\t\t\t\t<div class=\"elementor-widget-container\">\n\t\t\t\t\t<h2 class=\"elementor-heading-title elementor-size-default\">Atl\u00e9tico de Madrid PRO Campamentos de f\u00fatbol<\/h2>\t\t\t\t<\/div>\n\t\t\t\t<\/div>\n\t\t\t\t<div class=\"elementor-element elementor-element-7448560 elementor-widget elementor-widget-heading\" data-id=\"7448560\" data-element_type=\"widget\" data-e-type=\"widget\" data-widget_type=\"heading.default\">\n\t\t\t\t<div class=\"elementor-widget-container\">\n\t\t\t\t\t<h2 class=\"elementor-heading-title elementor-size-default\">Informaci\u00f3n sobre el traslado al aeropuerto y preguntas frecuentes sobre el campamento<\/h2>\t\t\t\t<\/div>\n\t\t\t\t<\/div>\n\t\t\t\t<section class=\"elementor-section elementor-inner-section elementor-element elementor-element-777b2f8 elementor-section-full_width elementor-section-height-default elementor-section-height-default\" data-id=\"777b2f8\" data-element_type=\"section\" data-e-type=\"section\" data-settings=\"{&quot;background_background&quot;:&quot;classic&quot;}\">\n\t\t\t\t\t\t<div class=\"elementor-container elementor-column-gap-wide\">\n\t\t\t\t\t<div class=\"elementor-column elementor-col-50 elementor-inner-column elementor-element elementor-element-e383e1c\" data-id=\"e383e1c\" data-element_type=\"column\" data-e-type=\"column\">\n\t\t\t<div class=\"elementor-widget-wrap elementor-element-populated\">\n\t\t\t\t\t\t<div class=\"elementor-element elementor-element-cb7bc0b elementor-widget elementor-widget-text-editor\" data-id=\"cb7bc0b\" data-element_type=\"widget\" data-e-type=\"widget\" data-widget_type=\"text-editor.default\">\n\t\t\t\t<div class=\"elementor-widget-container\">\n\t\t\t\t\t\t\t\t\t<p>Para los que lleguen del extranjero, el campamento ofrece un servicio de traslado de pago desde el aeropuerto de Madrid (MAD) Barajas hasta el lugar de alojamiento del campamento. Todos los traslados deben concertarse previamente.  <strong>Los vuelos llegan entre las 9.00 y las 20.00 (20.00 h) del primer y \u00faltimo d\u00eda del campamento.<\/strong><\/p><p>Tras recoger su equipaje, los estudiantes pasan por la aduana. A continuaci\u00f3n, los estudiantes son recibidos por un representante del campamento, en la zona p\u00fablica de llegadas, que lucir\u00e1 un cartel destacado. Desde aqu\u00ed, los estudiantes ser\u00e1n transportados al lugar de alojamiento.  <\/p><p><strong>Los participantes deben llegar en la primera fecha del campamento y marcharse en la \u00faltima fecha del campamento mencionada en su inscripci\u00f3n.<\/strong><\/p><p>Los traslados se realizar\u00e1n a intervalos regulares, el personal del campamento intentar\u00e1 trasladarte en cuanto llegues. Si no es as\u00ed, puede que tengas que esperar hasta la siguiente llegada para combinar los traslados. <\/p><p>A la salida, se dejar\u00e1 a los estudiantes en el mostrador de facturaci\u00f3n de su compa\u00f1\u00eda a\u00e9rea. Muchas compa\u00f1\u00edas a\u00e9reas exigen que los menores de 16 a\u00f1os sean acompa\u00f1ados al mostrador de facturaci\u00f3n del aeropuerto a su regreso a casa. Comprueba si la compa\u00f1\u00eda a\u00e9rea de tu hijo lo exige, ya que actualmente no ofrecemos este servicio. (Menor no acompa\u00f1ado, UM, consultar <span style=\"color: #e01020;\"><a style=\"color: #e01020;\" href=\"\/wp-content\/uploads\/2024\/07\/Airline-Unaccompanied-Minor.pdf\" target=\"_blank\" rel=\"noopener\"><strong>Servicios de aerol\u00edneas para UM<\/strong><\/a><\/span>).   <\/p><p>Comprueba los requisitos locales para los ni\u00f1os que viajan sin sus padres o tutor legal: cada pa\u00eds tiene requisitos espec\u00edficos y puede exigir un consentimiento por escrito y\/o documentos de identidad.<\/p><p>Es de vital importancia que todos los datos necesarios del vuelo se env\u00eden a Campamentos de f\u00fatbol internacional con la informaci\u00f3n de la reserva o tan pronto como est\u00e9n disponibles. El campamento necesita la informaci\u00f3n exacta del vuelo, incluyendo fechas, aerol\u00edneas, terminales de llegada y salida, n\u00fameros de vuelo y horas de vuelo. Este servicio debe reservarse a m\u00e1s tardar 4 semanas antes del inicio del curso.  <\/p>\t\t\t\t\t\t\t\t<\/div>\n\t\t\t\t<\/div>\n\t\t\t\t\t<\/div>\n\t\t<\/div>\n\t\t\t\t<div class=\"elementor-column elementor-col-50 elementor-inner-column elementor-element elementor-element-7a67ce9\" data-id=\"7a67ce9\" data-element_type=\"column\" data-e-type=\"column\" data-settings=\"{&quot;background_background&quot;:&quot;classic&quot;}\">\n\t\t\t<div class=\"elementor-widget-wrap elementor-element-populated\">\n\t\t\t\t\t\t<div class=\"elementor-element elementor-element-6df1846 elementor-widget elementor-widget-image\" data-id=\"6df1846\" data-element_type=\"widget\" data-e-type=\"widget\" data-widget_type=\"image.default\">\n\t\t\t\t<div class=\"elementor-widget-container\">\n\t\t\t\t\t\t\t\t\t\t\t\t\t\t\t<img fetchpriority=\"high\" decoding=\"async\" width=\"1024\" height=\"683\" src=\"https:\/\/soccercampsinternational.com\/wp-content\/uploads\/2025\/02\/2022_07_04_CampusVerano_Alcala-8-1024x683.jpg\" class=\"attachment-large size-large wp-image-42751\" alt=\"\" srcset=\"https:\/\/soccercampsinternational.com\/wp-content\/uploads\/2025\/02\/2022_07_04_CampusVerano_Alcala-8-1024x683.jpg 1024w, https:\/\/soccercampsinternational.com\/wp-content\/uploads\/2025\/02\/2022_07_04_CampusVerano_Alcala-8-300x200.jpg 300w, https:\/\/soccercampsinternational.com\/wp-content\/uploads\/2025\/02\/2022_07_04_CampusVerano_Alcala-8-768x512.jpg 768w, https:\/\/soccercampsinternational.com\/wp-content\/uploads\/2025\/02\/2022_07_04_CampusVerano_Alcala-8-1536x1024.jpg 1536w, https:\/\/soccercampsinternational.com\/wp-content\/uploads\/2025\/02\/2022_07_04_CampusVerano_Alcala-8-2048x1366.jpg 2048w\" sizes=\"(max-width: 1024px) 100vw, 1024px\" \/>\t\t\t\t\t\t\t\t\t\t\t\t\t\t\t<\/div>\n\t\t\t\t<\/div>\n\t\t\t\t<section class=\"elementor-section elementor-inner-section elementor-element elementor-element-2858167 elementor-section-boxed elementor-section-height-default elementor-section-height-default\" data-id=\"2858167\" data-element_type=\"section\" data-e-type=\"section\" data-settings=\"{&quot;background_background&quot;:&quot;gradient&quot;}\">\n\t\t\t\t\t\t<div class=\"elementor-container elementor-column-gap-default\">\n\t\t\t\t\t<div class=\"elementor-column elementor-col-100 elementor-inner-column elementor-element elementor-element-30299ee\" data-id=\"30299ee\" data-element_type=\"column\" data-e-type=\"column\">\n\t\t\t<div class=\"elementor-widget-wrap elementor-element-populated\">\n\t\t\t\t\t\t<div class=\"elementor-element elementor-element-12b9e61 elementor-widget elementor-widget-heading\" data-id=\"12b9e61\" data-element_type=\"widget\" data-e-type=\"widget\" data-widget_type=\"heading.default\">\n\t\t\t\t<div class=\"elementor-widget-container\">\n\t\t\t\t\t<h2 class=\"elementor-heading-title elementor-size-default\">Duraci\u00f3n aproximada del trayecto<\/h2>\t\t\t\t<\/div>\n\t\t\t\t<\/div>\n\t\t\t\t<div class=\"elementor-element elementor-element-951bb56 elementor-widget elementor-widget-heading\" data-id=\"951bb56\" data-element_type=\"widget\" data-e-type=\"widget\" data-widget_type=\"heading.default\">\n\t\t\t\t<div class=\"elementor-widget-container\">\n\t\t\t\t\t<h2 class=\"elementor-heading-title elementor-size-default\">Desde el aeropuerto de Madrid (MAD) Barajas a:<\/h2>\t\t\t\t<\/div>\n\t\t\t\t<\/div>\n\t\t\t\t<div class=\"elementor-element elementor-element-7b61bbf elementor-icon-list--layout-traditional elementor-list-item-link-full_width elementor-widget elementor-widget-icon-list\" data-id=\"7b61bbf\" data-element_type=\"widget\" data-e-type=\"widget\" data-widget_type=\"icon-list.default\">\n\t\t\t\t<div class=\"elementor-widget-container\">\n\t\t\t\t\t\t\t<ul class=\"elementor-icon-list-items\">\n\t\t\t\t\t\t\t<li class=\"elementor-icon-list-item\">\n\t\t\t\t\t\t\t\t\t\t\t<span class=\"elementor-icon-list-icon\">\n\t\t\t\t\t\t\t<svg aria-hidden=\"true\" class=\"e-font-icon-svg e-fas-futbol\" viewBox=\"0 0 512 512\" xmlns=\"http:\/\/www.w3.org\/2000\/svg\"><path d=\"M504 256c0 136.967-111.033 248-248 248S8 392.967 8 256 119.033 8 256 8s248 111.033 248 248zm-48 0l-.003-.282-26.064 22.741-62.679-58.5 16.454-84.355 34.303 3.072c-24.889-34.216-60.004-60.089-100.709-73.141l13.651 31.939L256 139l-74.953-41.525 13.651-31.939c-40.631 13.028-75.78 38.87-100.709 73.141l34.565-3.073 16.192 84.355-62.678 58.5-26.064-22.741-.003.282c0 43.015 13.497 83.952 38.472 117.991l7.704-33.897 85.138 10.447 36.301 77.826-29.902 17.786c40.202 13.122 84.29 13.148 124.572 0l-29.902-17.786 36.301-77.826 85.138-10.447 7.704 33.897C442.503 339.952 456 299.015 456 256zm-248.102 69.571l-29.894-91.312L256 177.732l77.996 56.527-29.622 91.312h-96.476z\"><\/path><\/svg>\t\t\t\t\t\t<\/span>\n\t\t\t\t\t\t\t\t\t\t<span class=\"elementor-icon-list-text\">Residencia de la Academia del Atl\u00e9tico de Madrid, San Sebasti\u00e1n de los Reyes, Madrid: 20 minutos<\/span>\n\t\t\t\t\t\t\t\t\t<\/li>\n\t\t\t\t\t\t<\/ul>\n\t\t\t\t\t\t<\/div>\n\t\t\t\t<\/div>\n\t\t\t\t\t<\/div>\n\t\t<\/div>\n\t\t\t\t\t<\/div>\n\t\t<\/section>\n\t\t\t\t<div class=\"elementor-element elementor-element-1e6dd4f elementor-align-justify elementor-widget elementor-widget-button\" data-id=\"1e6dd4f\" data-element_type=\"widget\" data-e-type=\"widget\" data-widget_type=\"button.default\">\n\t\t\t\t<div class=\"elementor-widget-container\">\n\t\t\t\t\t\t\t\t\t<div class=\"elementor-button-wrapper\">\n\t\t\t\t\t<a class=\"elementor-button elementor-button-link elementor-size-sm\" href=\"https:\/\/soccercampsinternational.com\/es\/contacta\/\" target=\"_blank\">\n\t\t\t\t\t\t<span class=\"elementor-button-content-wrapper\">\n\t\t\t\t\t\t<span class=\"elementor-button-icon\">\n\t\t\t\t<svg aria-hidden=\"true\" class=\"e-font-icon-svg e-fas-envelope-open-text\" viewBox=\"0 0 512 512\" xmlns=\"http:\/\/www.w3.org\/2000\/svg\"><path d=\"M176 216h160c8.84 0 16-7.16 16-16v-16c0-8.84-7.16-16-16-16H176c-8.84 0-16 7.16-16 16v16c0 8.84 7.16 16 16 16zm-16 80c0 8.84 7.16 16 16 16h160c8.84 0 16-7.16 16-16v-16c0-8.84-7.16-16-16-16H176c-8.84 0-16 7.16-16 16v16zm96 121.13c-16.42 0-32.84-5.06-46.86-15.19L0 250.86V464c0 26.51 21.49 48 48 48h416c26.51 0 48-21.49 48-48V250.86L302.86 401.94c-14.02 10.12-30.44 15.19-46.86 15.19zm237.61-254.18c-8.85-6.94-17.24-13.47-29.61-22.81V96c0-26.51-21.49-48-48-48h-77.55c-3.04-2.2-5.87-4.26-9.04-6.56C312.6 29.17 279.2-.35 256 0c-23.2-.35-56.59 29.17-73.41 41.44-3.17 2.3-6 4.36-9.04 6.56H96c-26.51 0-48 21.49-48 48v44.14c-12.37 9.33-20.76 15.87-29.61 22.81A47.995 47.995 0 0 0 0 200.72v10.65l96 69.35V96h320v184.72l96-69.35v-10.65c0-14.74-6.78-28.67-18.39-37.77z\"><\/path><\/svg>\t\t\t<\/span>\n\t\t\t\t\t\t\t\t\t<span class=\"elementor-button-text\">CONT\u00c1CTANOS<\/span>\n\t\t\t\t\t<\/span>\n\t\t\t\t\t<\/a>\n\t\t\t\t<\/div>\n\t\t\t\t\t\t\t\t<\/div>\n\t\t\t\t<\/div>\n\t\t\t\t<div class=\"elementor-element elementor-element-97b8031 elementor-align-justify elementor-widget elementor-widget-button\" data-id=\"97b8031\" data-element_type=\"widget\" data-e-type=\"widget\" data-widget_type=\"button.default\">\n\t\t\t\t<div class=\"elementor-widget-container\">\n\t\t\t\t\t\t\t\t\t<div class=\"elementor-button-wrapper\">\n\t\t\t\t\t<a class=\"elementor-button elementor-button-link elementor-size-sm\" href=\"\/wp-content\/uploads\/2024\/07\/Airline-Unaccompanied-Minor.pdf\" target=\"_blank\">\n\t\t\t\t\t\t<span class=\"elementor-button-content-wrapper\">\n\t\t\t\t\t\t<span class=\"elementor-button-icon\">\n\t\t\t\t<svg aria-hidden=\"true\" class=\"e-font-icon-svg e-fas-file-pdf\" viewBox=\"0 0 384 512\" xmlns=\"http:\/\/www.w3.org\/2000\/svg\"><path d=\"M181.9 256.1c-5-16-4.9-46.9-2-46.9 8.4 0 7.6 36.9 2 46.9zm-1.7 47.2c-7.7 20.2-17.3 43.3-28.4 62.7 18.3-7 39-17.2 62.9-21.9-12.7-9.6-24.9-23.4-34.5-40.8zM86.1 428.1c0 .8 13.2-5.4 34.9-40.2-6.7 6.3-29.1 24.5-34.9 40.2zM248 160h136v328c0 13.3-10.7 24-24 24H24c-13.3 0-24-10.7-24-24V24C0 10.7 10.7 0 24 0h200v136c0 13.2 10.8 24 24 24zm-8 171.8c-20-12.2-33.3-29-42.7-53.8 4.5-18.5 11.6-46.6 6.2-64.2-4.7-29.4-42.4-26.5-47.8-6.8-5 18.3-.4 44.1 8.1 77-11.6 27.6-28.7 64.6-40.8 85.8-.1 0-.1.1-.2.1-27.1 13.9-73.6 44.5-54.5 68 5.6 6.9 16 10 21.5 10 17.9 0 35.7-18 61.1-61.8 25.8-8.5 54.1-19.1 79-23.2 21.7 11.8 47.1 19.5 64 19.5 29.2 0 31.2-32 19.7-43.4-13.9-13.6-54.3-9.7-73.6-7.2zM377 105L279 7c-4.5-4.5-10.6-7-17-7h-6v128h128v-6.1c0-6.3-2.5-12.4-7-16.9zm-74.1 255.3c4.1-2.7-2.5-11.9-42.8-9 37.1 15.8 42.8 9 42.8 9z\"><\/path><\/svg>\t\t\t<\/span>\n\t\t\t\t\t\t\t\t\t<span class=\"elementor-button-text\">SERVICIOS A\u00c9REOS PARA UM<\/span>\n\t\t\t\t\t<\/span>\n\t\t\t\t\t<\/a>\n\t\t\t\t<\/div>\n\t\t\t\t\t\t\t\t<\/div>\n\t\t\t\t<\/div>\n\t\t\t\t\t<\/div>\n\t\t<\/div>\n\t\t\t\t\t<\/div>\n\t\t<\/section>\n\t\t\t\t\t<\/div>\n\t\t<\/div>\n\t\t\t\t\t<\/div>\n\t\t<\/section>\n\t\t\t\t<section class=\"elementor-section elementor-top-section elementor-element elementor-element-48dc97f elementor-section-stretched elementor-section-boxed elementor-section-height-default elementor-section-height-default\" data-id=\"48dc97f\" data-element_type=\"section\" data-e-type=\"section\" data-settings=\"{&quot;stretch_section&quot;:&quot;section-stretched&quot;,&quot;background_background&quot;:&quot;classic&quot;}\">\n\t\t\t\t\t\t<div class=\"elementor-container elementor-column-gap-default\">\n\t\t\t\t\t<div class=\"elementor-column elementor-col-100 elementor-top-column elementor-element elementor-element-066188f\" data-id=\"066188f\" data-element_type=\"column\" data-e-type=\"column\">\n\t\t\t<div class=\"elementor-widget-wrap elementor-element-populated\">\n\t\t\t\t\t\t<div class=\"elementor-element elementor-element-98fbe9a elementor-align-center elementor-mobile-align-start elementor-icon-list--layout-traditional elementor-list-item-link-full_width elementor-widget elementor-widget-icon-list\" data-id=\"98fbe9a\" data-element_type=\"widget\" data-e-type=\"widget\" data-widget_type=\"icon-list.default\">\n\t\t\t\t<div class=\"elementor-widget-container\">\n\t\t\t\t\t\t\t<ul class=\"elementor-icon-list-items\">\n\t\t\t\t\t\t\t<li class=\"elementor-icon-list-item\">\n\t\t\t\t\t\t\t\t\t\t\t<span class=\"elementor-icon-list-icon\">\n\t\t\t\t\t\t\t<svg aria-hidden=\"true\" class=\"e-font-icon-svg e-fas-question-circle\" viewBox=\"0 0 512 512\" xmlns=\"http:\/\/www.w3.org\/2000\/svg\"><path d=\"M504 256c0 136.997-111.043 248-248 248S8 392.997 8 256C8 119.083 119.043 8 256 8s248 111.083 248 248zM262.655 90c-54.497 0-89.255 22.957-116.549 63.758-3.536 5.286-2.353 12.415 2.715 16.258l34.699 26.31c5.205 3.947 12.621 3.008 16.665-2.122 17.864-22.658 30.113-35.797 57.303-35.797 20.429 0 45.698 13.148 45.698 32.958 0 14.976-12.363 22.667-32.534 33.976C247.128 238.528 216 254.941 216 296v4c0 6.627 5.373 12 12 12h56c6.627 0 12-5.373 12-12v-1.333c0-28.462 83.186-29.647 83.186-106.667 0-58.002-60.165-102-116.531-102zM256 338c-25.365 0-46 20.635-46 46 0 25.364 20.635 46 46 46s46-20.636 46-46c0-25.365-20.635-46-46-46z\"><\/path><\/svg>\t\t\t\t\t\t<\/span>\n\t\t\t\t\t\t\t\t\t\t<span class=\"elementor-icon-list-text\">Preguntas frecuentes<\/span>\n\t\t\t\t\t\t\t\t\t<\/li>\n\t\t\t\t\t\t<\/ul>\n\t\t\t\t\t\t<\/div>\n\t\t\t\t<\/div>\n\t\t\t\t<section class=\"elementor-section elementor-inner-section elementor-element elementor-element-a275e47 elementor-section-full_width elementor-section-height-default elementor-section-height-default\" data-id=\"a275e47\" data-element_type=\"section\" data-e-type=\"section\" data-settings=\"{&quot;background_background&quot;:&quot;classic&quot;}\">\n\t\t\t\t\t\t<div class=\"elementor-container elementor-column-gap-default\">\n\t\t\t\t\t<div class=\"elementor-column elementor-col-50 elementor-inner-column elementor-element elementor-element-a09c993\" data-id=\"a09c993\" data-element_type=\"column\" data-e-type=\"column\">\n\t\t\t<div class=\"elementor-widget-wrap elementor-element-populated\">\n\t\t\t\t\t\t<div class=\"elementor-element elementor-element-5194a8a elementor-widget elementor-widget-toggle\" data-id=\"5194a8a\" data-element_type=\"widget\" data-e-type=\"widget\" data-widget_type=\"toggle.default\">\n\t\t\t\t<div class=\"elementor-widget-container\">\n\t\t\t\t\t\t\t<div class=\"elementor-toggle\">\n\t\t\t\t\t\t\t<div class=\"elementor-toggle-item\">\n\t\t\t\t\t<div id=\"elementor-tab-title-8551\" class=\"elementor-tab-title\" data-tab=\"1\" role=\"button\" aria-controls=\"elementor-tab-content-8551\" aria-expanded=\"false\">\n\t\t\t\t\t\t\t\t\t\t\t\t<span class=\"elementor-toggle-icon elementor-toggle-icon-right\" aria-hidden=\"true\">\n\t\t\t\t\t\t\t\t\t\t\t\t\t\t\t<span class=\"elementor-toggle-icon-closed\"><i class=\" icomoon-the7-font-the7-plus-01\"><\/i><\/span>\n\t\t\t\t\t\t\t\t<span class=\"elementor-toggle-icon-opened\"><svg class=\"elementor-toggle-icon-opened e-font-icon-svg e-fas-minus\" viewBox=\"0 0 448 512\" xmlns=\"http:\/\/www.w3.org\/2000\/svg\"><path d=\"M416 208H32c-17.67 0-32 14.33-32 32v32c0 17.67 14.33 32 32 32h384c17.67 0 32-14.33 32-32v-32c0-17.67-14.33-32-32-32z\"><\/path><\/svg><\/span>\n\t\t\t\t\t\t\t\t\t\t\t\t\t<\/span>\n\t\t\t\t\t\t\t\t\t\t\t\t<a class=\"elementor-toggle-title\" tabindex=\"0\">\u00bfCu\u00e1l es el proceso de inscripci\u00f3n y aceptaci\u00f3n para este campamento?<\/a>\n\t\t\t\t\t<\/div>\n\n\t\t\t\t\t<div id=\"elementor-tab-content-8551\" class=\"elementor-tab-content elementor-clearfix\" data-tab=\"1\" role=\"region\" aria-labelledby=\"elementor-tab-title-8551\"><p>El participante <strong>proporcionar\u00e1 en su Pre-Solicitud online un v\u00eddeo para que<\/strong> <strong>el Atl\u00e9tico de Madrid PRO Camp<\/strong> <strong>lo eval\u00fae primero<\/strong> (se requiere un v\u00eddeo del jugador durante un partido\/actividad de f\u00fatbol (YouTube o Vimeo)), en ese momento se requerir\u00e1 un peque\u00f1o dep\u00f3sito. Los coordinadores del campamento y el personal t\u00e9cnico ver\u00e1n el v\u00eddeo de los participantes y tomar\u00e1n una decisi\u00f3n para su aceptaci\u00f3n en el campamento. Tras la aprobaci\u00f3n del participante en el campamento, se procesar\u00e1 el pago (dep\u00f3sito o pago completo, menos el peque\u00f1o dep\u00f3sito realizado en el momento de la preinscripci\u00f3n) para confirmar la plaza <strong>(\u00a1las plazas son LIMITADAS para este Campamento de Alto Nivel!)<\/strong>  <\/p>\n<\/div>\n\t\t\t\t<\/div>\n\t\t\t\t\t\t\t<div class=\"elementor-toggle-item\">\n\t\t\t\t\t<div id=\"elementor-tab-title-8552\" class=\"elementor-tab-title\" data-tab=\"2\" role=\"button\" aria-controls=\"elementor-tab-content-8552\" aria-expanded=\"false\">\n\t\t\t\t\t\t\t\t\t\t\t\t<span class=\"elementor-toggle-icon elementor-toggle-icon-right\" aria-hidden=\"true\">\n\t\t\t\t\t\t\t\t\t\t\t\t\t\t\t<span class=\"elementor-toggle-icon-closed\"><i class=\" icomoon-the7-font-the7-plus-01\"><\/i><\/span>\n\t\t\t\t\t\t\t\t<span class=\"elementor-toggle-icon-opened\"><svg class=\"elementor-toggle-icon-opened e-font-icon-svg e-fas-minus\" viewBox=\"0 0 448 512\" xmlns=\"http:\/\/www.w3.org\/2000\/svg\"><path d=\"M416 208H32c-17.67 0-32 14.33-32 32v32c0 17.67 14.33 32 32 32h384c17.67 0 32-14.33 32-32v-32c0-17.67-14.33-32-32-32z\"><\/path><\/svg><\/span>\n\t\t\t\t\t\t\t\t\t\t\t\t\t<\/span>\n\t\t\t\t\t\t\t\t\t\t\t\t<a class=\"elementor-toggle-title\" tabindex=\"0\">\u00bfQu\u00e9 grupo de edad puede asistir a los campamentos PRO del Atl\u00e9tico de Madrid?<\/a>\n\t\t\t\t\t<\/div>\n\n\t\t\t\t\t<div id=\"elementor-tab-content-8552\" class=\"elementor-tab-content elementor-clearfix\" data-tab=\"2\" role=\"region\" aria-labelledby=\"elementor-tab-title-8552\"><p>Los Campamentos de f\u00fatbol PRO del Atl\u00e9tico de Madrid est\u00e1n abiertos a chicos de 11 a 17 a\u00f1os (nacidos entre 2009 y 2017). Ten en cuenta que los campistas deben estar dentro de las restricciones de edad pertinentes para inscribirse en el campamento y que los campistas cuya edad est\u00e9 fuera de los l\u00edmites de edad mencionados no pueden inscribirse en el campamento. Los participantes en el campamento deben tener la edad correspondiente durante toda la duraci\u00f3n del curso para poder inscribirse.  <\/p>\n<\/div>\n\t\t\t\t<\/div>\n\t\t\t\t\t\t\t<div class=\"elementor-toggle-item\">\n\t\t\t\t\t<div id=\"elementor-tab-title-8553\" class=\"elementor-tab-title\" data-tab=\"3\" role=\"button\" aria-controls=\"elementor-tab-content-8553\" aria-expanded=\"false\">\n\t\t\t\t\t\t\t\t\t\t\t\t<span class=\"elementor-toggle-icon elementor-toggle-icon-right\" aria-hidden=\"true\">\n\t\t\t\t\t\t\t\t\t\t\t\t\t\t\t<span class=\"elementor-toggle-icon-closed\"><i class=\" icomoon-the7-font-the7-plus-01\"><\/i><\/span>\n\t\t\t\t\t\t\t\t<span class=\"elementor-toggle-icon-opened\"><svg class=\"elementor-toggle-icon-opened e-font-icon-svg e-fas-minus\" viewBox=\"0 0 448 512\" xmlns=\"http:\/\/www.w3.org\/2000\/svg\"><path d=\"M416 208H32c-17.67 0-32 14.33-32 32v32c0 17.67 14.33 32 32 32h384c17.67 0 32-14.33 32-32v-32c0-17.67-14.33-32-32-32z\"><\/path><\/svg><\/span>\n\t\t\t\t\t\t\t\t\t\t\t\t\t<\/span>\n\t\t\t\t\t\t\t\t\t\t\t\t<a class=\"elementor-toggle-title\" tabindex=\"0\">\u00bfNecesito pertenecer a un club de f\u00fatbol para inscribirme en el campamento?<\/a>\n\t\t\t\t\t<\/div>\n\n\t\t\t\t\t<div id=\"elementor-tab-content-8553\" class=\"elementor-tab-content elementor-clearfix\" data-tab=\"3\" role=\"region\" aria-labelledby=\"elementor-tab-title-8553\"><p>Los campistas deben ser jugadores registrados\/con licencia (de club) para inscribirse en el campamento de f\u00fatbol. Este programa de f\u00fatbol s\u00f3lo est\u00e1 dise\u00f1ado para quienes juegan al f\u00fatbol en un club de f\u00fatbol en casa y tienen licencia en un club. <\/p>\n<\/div>\n\t\t\t\t<\/div>\n\t\t\t\t\t\t\t<div class=\"elementor-toggle-item\">\n\t\t\t\t\t<div id=\"elementor-tab-title-8554\" class=\"elementor-tab-title\" data-tab=\"4\" role=\"button\" aria-controls=\"elementor-tab-content-8554\" aria-expanded=\"false\">\n\t\t\t\t\t\t\t\t\t\t\t\t<span class=\"elementor-toggle-icon elementor-toggle-icon-right\" aria-hidden=\"true\">\n\t\t\t\t\t\t\t\t\t\t\t\t\t\t\t<span class=\"elementor-toggle-icon-closed\"><i class=\" icomoon-the7-font-the7-plus-01\"><\/i><\/span>\n\t\t\t\t\t\t\t\t<span class=\"elementor-toggle-icon-opened\"><svg class=\"elementor-toggle-icon-opened e-font-icon-svg e-fas-minus\" viewBox=\"0 0 448 512\" xmlns=\"http:\/\/www.w3.org\/2000\/svg\"><path d=\"M416 208H32c-17.67 0-32 14.33-32 32v32c0 17.67 14.33 32 32 32h384c17.67 0 32-14.33 32-32v-32c0-17.67-14.33-32-32-32z\"><\/path><\/svg><\/span>\n\t\t\t\t\t\t\t\t\t\t\t\t\t<\/span>\n\t\t\t\t\t\t\t\t\t\t\t\t<a class=\"elementor-toggle-title\" tabindex=\"0\">\u00bfCu\u00e1les son los horarios de entrada y salida del campamento?<\/a>\n\t\t\t\t\t<\/div>\n\n\t\t\t\t\t<div id=\"elementor-tab-content-8554\" class=\"elementor-tab-content elementor-clearfix\" data-tab=\"4\" role=\"region\" aria-labelledby=\"elementor-tab-title-8554\"><p>pr\u00f3ximamente<\/p>\n<\/div>\n\t\t\t\t<\/div>\n\t\t\t\t\t\t\t<div class=\"elementor-toggle-item\">\n\t\t\t\t\t<div id=\"elementor-tab-title-8555\" class=\"elementor-tab-title\" data-tab=\"5\" role=\"button\" aria-controls=\"elementor-tab-content-8555\" aria-expanded=\"false\">\n\t\t\t\t\t\t\t\t\t\t\t\t<span class=\"elementor-toggle-icon elementor-toggle-icon-right\" aria-hidden=\"true\">\n\t\t\t\t\t\t\t\t\t\t\t\t\t\t\t<span class=\"elementor-toggle-icon-closed\"><i class=\" icomoon-the7-font-the7-plus-01\"><\/i><\/span>\n\t\t\t\t\t\t\t\t<span class=\"elementor-toggle-icon-opened\"><svg class=\"elementor-toggle-icon-opened e-font-icon-svg e-fas-minus\" viewBox=\"0 0 448 512\" xmlns=\"http:\/\/www.w3.org\/2000\/svg\"><path d=\"M416 208H32c-17.67 0-32 14.33-32 32v32c0 17.67 14.33 32 32 32h384c17.67 0 32-14.33 32-32v-32c0-17.67-14.33-32-32-32z\"><\/path><\/svg><\/span>\n\t\t\t\t\t\t\t\t\t\t\t\t\t<\/span>\n\t\t\t\t\t\t\t\t\t\t\t\t<a class=\"elementor-toggle-title\" tabindex=\"0\">\u00bfC\u00f3mo puedo conseguir una prueba con la Academia?<\/a>\n\t\t\t\t\t<\/div>\n\n\t\t\t\t\t<div id=\"elementor-tab-content-8555\" class=\"elementor-tab-content elementor-clearfix\" data-tab=\"5\" role=\"region\" aria-labelledby=\"elementor-tab-title-8555\"><p>El Atl\u00e9tico de Madrid cuenta con una red de ojeadores para identificar a j\u00f3venes talentos. Los jugadores tienen que causar impresi\u00f3n en su club\/equipo local. No puedes solicitar una prueba a trav\u00e9s de los Campos de F\u00fatbol PRO del Atl\u00e9tico de Madrid.  <\/p>\n<\/div>\n\t\t\t\t<\/div>\n\t\t\t\t\t\t\t<div class=\"elementor-toggle-item\">\n\t\t\t\t\t<div id=\"elementor-tab-title-8556\" class=\"elementor-tab-title\" data-tab=\"6\" role=\"button\" aria-controls=\"elementor-tab-content-8556\" aria-expanded=\"false\">\n\t\t\t\t\t\t\t\t\t\t\t\t<span class=\"elementor-toggle-icon elementor-toggle-icon-right\" aria-hidden=\"true\">\n\t\t\t\t\t\t\t\t\t\t\t\t\t\t\t<span class=\"elementor-toggle-icon-closed\"><i class=\" icomoon-the7-font-the7-plus-01\"><\/i><\/span>\n\t\t\t\t\t\t\t\t<span class=\"elementor-toggle-icon-opened\"><svg class=\"elementor-toggle-icon-opened e-font-icon-svg e-fas-minus\" viewBox=\"0 0 448 512\" xmlns=\"http:\/\/www.w3.org\/2000\/svg\"><path d=\"M416 208H32c-17.67 0-32 14.33-32 32v32c0 17.67 14.33 32 32 32h384c17.67 0 32-14.33 32-32v-32c0-17.67-14.33-32-32-32z\"><\/path><\/svg><\/span>\n\t\t\t\t\t\t\t\t\t\t\t\t\t<\/span>\n\t\t\t\t\t\t\t\t\t\t\t\t<a class=\"elementor-toggle-title\" tabindex=\"0\">\u00bfQu\u00e9 posibilidades hay de conocer a un jugador?<\/a>\n\t\t\t\t\t<\/div>\n\n\t\t\t\t\t<div id=\"elementor-tab-content-8556\" class=\"elementor-tab-content elementor-clearfix\" data-tab=\"6\" role=\"region\" aria-labelledby=\"elementor-tab-title-8556\"><p>Los jugadores del primer equipo del Atl\u00e9tico de Madrid no asistir\u00e1n al Campamento.<\/p>\n<\/div>\n\t\t\t\t<\/div>\n\t\t\t\t\t\t\t<div class=\"elementor-toggle-item\">\n\t\t\t\t\t<div id=\"elementor-tab-title-8557\" class=\"elementor-tab-title\" data-tab=\"7\" role=\"button\" aria-controls=\"elementor-tab-content-8557\" aria-expanded=\"false\">\n\t\t\t\t\t\t\t\t\t\t\t\t<span class=\"elementor-toggle-icon elementor-toggle-icon-right\" aria-hidden=\"true\">\n\t\t\t\t\t\t\t\t\t\t\t\t\t\t\t<span class=\"elementor-toggle-icon-closed\"><i class=\" icomoon-the7-font-the7-plus-01\"><\/i><\/span>\n\t\t\t\t\t\t\t\t<span class=\"elementor-toggle-icon-opened\"><svg class=\"elementor-toggle-icon-opened e-font-icon-svg e-fas-minus\" viewBox=\"0 0 448 512\" xmlns=\"http:\/\/www.w3.org\/2000\/svg\"><path d=\"M416 208H32c-17.67 0-32 14.33-32 32v32c0 17.67 14.33 32 32 32h384c17.67 0 32-14.33 32-32v-32c0-17.67-14.33-32-32-32z\"><\/path><\/svg><\/span>\n\t\t\t\t\t\t\t\t\t\t\t\t\t<\/span>\n\t\t\t\t\t\t\t\t\t\t\t\t<a class=\"elementor-toggle-title\" tabindex=\"0\">Mi hijo va solo, \u00bfestar\u00e1 bien?<\/a>\n\t\t\t\t\t<\/div>\n\n\t\t\t\t\t<div id=\"elementor-tab-content-8557\" class=\"elementor-tab-content elementor-clearfix\" data-tab=\"7\" role=\"region\" aria-labelledby=\"elementor-tab-title-8557\"><p>S\u00ed, la mayor\u00eda de los jugadores asisten sin amigos ni familiares. Se colocar\u00e1 a los individuos en grupos con jugadores de su misma edad que tambi\u00e9n vayan solos. La primera sesi\u00f3n de cada curso est\u00e1 dise\u00f1ada para ayudar a todos los jugadores individuales a integrarse para formar un equipo y tambi\u00e9n para hacer nuevos amigos.  <\/p>\n<\/div>\n\t\t\t\t<\/div>\n\t\t\t\t\t\t\t<div class=\"elementor-toggle-item\">\n\t\t\t\t\t<div id=\"elementor-tab-title-8558\" class=\"elementor-tab-title\" data-tab=\"8\" role=\"button\" aria-controls=\"elementor-tab-content-8558\" aria-expanded=\"false\">\n\t\t\t\t\t\t\t\t\t\t\t\t<span class=\"elementor-toggle-icon elementor-toggle-icon-right\" aria-hidden=\"true\">\n\t\t\t\t\t\t\t\t\t\t\t\t\t\t\t<span class=\"elementor-toggle-icon-closed\"><i class=\" icomoon-the7-font-the7-plus-01\"><\/i><\/span>\n\t\t\t\t\t\t\t\t<span class=\"elementor-toggle-icon-opened\"><svg class=\"elementor-toggle-icon-opened e-font-icon-svg e-fas-minus\" viewBox=\"0 0 448 512\" xmlns=\"http:\/\/www.w3.org\/2000\/svg\"><path d=\"M416 208H32c-17.67 0-32 14.33-32 32v32c0 17.67 14.33 32 32 32h384c17.67 0 32-14.33 32-32v-32c0-17.67-14.33-32-32-32z\"><\/path><\/svg><\/span>\n\t\t\t\t\t\t\t\t\t\t\t\t\t<\/span>\n\t\t\t\t\t\t\t\t\t\t\t\t<a class=\"elementor-toggle-title\" tabindex=\"0\">\u00bfQu\u00e9 esperar en cuanto a la cultura del campamento seg\u00fan el pa\u00eds del campamento?<\/a>\n\t\t\t\t\t<\/div>\n\n\t\t\t\t\t<div id=\"elementor-tab-content-8558\" class=\"elementor-tab-content elementor-clearfix\" data-tab=\"8\" role=\"region\" aria-labelledby=\"elementor-tab-title-8558\"><p>Cada campamento proporciona una experiencia deportiva, as\u00ed como una experiencia cultural. Muchos de los participantes vivir\u00e1n una experiencia diferente a la de casa, ya que estar\u00e1n en un pa\u00eds extranjero con un modo de vida diferente. En la mayor\u00eda de los campamentos, los participantes experimentar\u00e1n la cocina local, horarios especiales para las comidas (comidas tempranas en el norte de Europa, comidas tard\u00edas en el sur) seg\u00fan la cultura del pa\u00eds, duchas despu\u00e9s de las sesiones de entrenamiento, entretenimiento t\u00edpico en el campamento seg\u00fan la cultura de los campamentos de verano del pa\u00eds, acostarse temprano o tarde seg\u00fan los h\u00e1bitos de vida del pa\u00eds y mucho m\u00e1s. Si crees que tu hijo tendr\u00e1 dificultades para adaptarse a un nuevo modo de vida, te recomendamos que esperes a que tenga una edad en la que est\u00e9 preparado para hacerlo.   <\/p>\n<\/div>\n\t\t\t\t<\/div>\n\t\t\t\t\t\t\t<div class=\"elementor-toggle-item\">\n\t\t\t\t\t<div id=\"elementor-tab-title-8559\" class=\"elementor-tab-title\" data-tab=\"9\" role=\"button\" aria-controls=\"elementor-tab-content-8559\" aria-expanded=\"false\">\n\t\t\t\t\t\t\t\t\t\t\t\t<span class=\"elementor-toggle-icon elementor-toggle-icon-right\" aria-hidden=\"true\">\n\t\t\t\t\t\t\t\t\t\t\t\t\t\t\t<span class=\"elementor-toggle-icon-closed\"><i class=\" icomoon-the7-font-the7-plus-01\"><\/i><\/span>\n\t\t\t\t\t\t\t\t<span class=\"elementor-toggle-icon-opened\"><svg class=\"elementor-toggle-icon-opened e-font-icon-svg e-fas-minus\" viewBox=\"0 0 448 512\" xmlns=\"http:\/\/www.w3.org\/2000\/svg\"><path d=\"M416 208H32c-17.67 0-32 14.33-32 32v32c0 17.67 14.33 32 32 32h384c17.67 0 32-14.33 32-32v-32c0-17.67-14.33-32-32-32z\"><\/path><\/svg><\/span>\n\t\t\t\t\t\t\t\t\t\t\t\t\t<\/span>\n\t\t\t\t\t\t\t\t\t\t\t\t<a class=\"elementor-toggle-title\" tabindex=\"0\">\u00bfD\u00f3nde est\u00e1 ubicado el campamento de noche?<\/a>\n\t\t\t\t\t<\/div>\n\n\t\t\t\t\t<div id=\"elementor-tab-content-8559\" class=\"elementor-tab-content elementor-clearfix\" data-tab=\"9\" role=\"region\" aria-labelledby=\"elementor-tab-title-8559\"><p>Los Campamentos de f\u00fatbol de noche tienen sus sesiones de pr\u00e1ctica de f\u00fatbol en el Campus de Entrenamiento de la Academia del Atl\u00e9tico de Madrid y el alojamiento ser\u00e1 en la residencia del Atl\u00e9tico de Madrid, situada en San Sebasti\u00e1n de Los Reyes, Madrid, en habitaciones dobles. Puedes encontrar m\u00e1s informaci\u00f3n en <a href=\"https:\/\/soccercampsinternational.com\/es\/campamentos-futbol-espana\/campamentos-atletico-de-madrid\/localizacion\/\"><span style=\"color: #e01020;\"><strong>Ubicaci\u00f3n del campamento<\/strong><\/span><\/a> del campamento.<\/p>\n<\/div>\n\t\t\t\t<\/div>\n\t\t\t\t\t\t\t<div class=\"elementor-toggle-item\">\n\t\t\t\t\t<div id=\"elementor-tab-title-85510\" class=\"elementor-tab-title\" data-tab=\"10\" role=\"button\" aria-controls=\"elementor-tab-content-85510\" aria-expanded=\"false\">\n\t\t\t\t\t\t\t\t\t\t\t\t<span class=\"elementor-toggle-icon elementor-toggle-icon-right\" aria-hidden=\"true\">\n\t\t\t\t\t\t\t\t\t\t\t\t\t\t\t<span class=\"elementor-toggle-icon-closed\"><i class=\" icomoon-the7-font-the7-plus-01\"><\/i><\/span>\n\t\t\t\t\t\t\t\t<span class=\"elementor-toggle-icon-opened\"><svg class=\"elementor-toggle-icon-opened e-font-icon-svg e-fas-minus\" viewBox=\"0 0 448 512\" xmlns=\"http:\/\/www.w3.org\/2000\/svg\"><path d=\"M416 208H32c-17.67 0-32 14.33-32 32v32c0 17.67 14.33 32 32 32h384c17.67 0 32-14.33 32-32v-32c0-17.67-14.33-32-32-32z\"><\/path><\/svg><\/span>\n\t\t\t\t\t\t\t\t\t\t\t\t\t<\/span>\n\t\t\t\t\t\t\t\t\t\t\t\t<a class=\"elementor-toggle-title\" tabindex=\"0\">\u00bfQu\u00e9 documentaci\u00f3n se necesita para participar en Campus Experience?<\/a>\n\t\t\t\t\t<\/div>\n\n\t\t\t\t\t<div id=\"elementor-tab-content-85510\" class=\"elementor-tab-content elementor-clearfix\" data-tab=\"10\" role=\"region\" aria-labelledby=\"elementor-tab-title-85510\"><p><span dir=\"auto\">Antes de que comience el programa, cada participante debe presentar la siguiente documentaci\u00f3n a trav\u00e9s del formulario o por correo electr\u00f3nico:<\/span><\/p>\n<ul>\n<li aria-level=\"1\"><span dir=\"auto\">Fotograf\u00eda reciente tipo carn\u00e9<\/span><\/li>\n<li aria-level=\"1\"><span dir=\"auto\">Partida de nacimiento del participante<\/span><\/li>\n<li aria-level=\"1\"><span dir=\"auto\">Copia del pasaporte o documento nacional de identidad del participante (no es necesario para menores de 14 a\u00f1os)<\/span><\/li>\n<li aria-level=\"1\"><span dir=\"auto\">Copia del pasaporte o documento nacional de identidad del padre, madre o tutor legal<\/span><\/li>\n<li aria-level=\"1\"><span dir=\"auto\">Copia de la tarjeta sanitaria o <strong>seguro m\u00e9dico con cobertura en Espa\u00f1a<\/strong>.<\/span><\/li>\n<li aria-level=\"1\">Formulario de consentimiento<\/li>\n<\/ul>\n<p><span dir=\"auto\">La falta de cualquiera de estos documentos puede impedir que el jugador participe en el campus.<\/span><\/p>\n<\/div>\n\t\t\t\t<\/div>\n\t\t\t\t\t\t\t<div class=\"elementor-toggle-item\">\n\t\t\t\t\t<div id=\"elementor-tab-title-85511\" class=\"elementor-tab-title\" data-tab=\"11\" role=\"button\" aria-controls=\"elementor-tab-content-85511\" aria-expanded=\"false\">\n\t\t\t\t\t\t\t\t\t\t\t\t<span class=\"elementor-toggle-icon elementor-toggle-icon-right\" aria-hidden=\"true\">\n\t\t\t\t\t\t\t\t\t\t\t\t\t\t\t<span class=\"elementor-toggle-icon-closed\"><i class=\" icomoon-the7-font-the7-plus-01\"><\/i><\/span>\n\t\t\t\t\t\t\t\t<span class=\"elementor-toggle-icon-opened\"><svg class=\"elementor-toggle-icon-opened e-font-icon-svg e-fas-minus\" viewBox=\"0 0 448 512\" xmlns=\"http:\/\/www.w3.org\/2000\/svg\"><path d=\"M416 208H32c-17.67 0-32 14.33-32 32v32c0 17.67 14.33 32 32 32h384c17.67 0 32-14.33 32-32v-32c0-17.67-14.33-32-32-32z\"><\/path><\/svg><\/span>\n\t\t\t\t\t\t\t\t\t\t\t\t\t<\/span>\n\t\t\t\t\t\t\t\t\t\t\t\t<a class=\"elementor-toggle-title\" tabindex=\"0\">\u00bfCu\u00e1ndo debe presentarse la documentaci\u00f3n?<\/a>\n\t\t\t\t\t<\/div>\n\n\t\t\t\t\t<div id=\"elementor-tab-content-85511\" class=\"elementor-tab-content elementor-clearfix\" data-tab=\"11\" role=\"region\" aria-labelledby=\"elementor-tab-title-85511\"><p><span dir=\"auto\">La documentaci\u00f3n debe presentarse completa al menos <\/span><strong><span dir=\"auto\">30 d\u00edas antes del inicio del programa<\/span><\/strong><span dir=\"auto\">.<\/span><\/p>\n<p><span dir=\"auto\">Si la inscripci\u00f3n se realiza dentro de ese plazo, deber\u00e1 presentarse en un plazo m\u00e1ximo de 72 horas desde la confirmaci\u00f3n del pago.<\/span><\/p>\n<\/div>\n\t\t\t\t<\/div>\n\t\t\t\t\t\t\t<div class=\"elementor-toggle-item\">\n\t\t\t\t\t<div id=\"elementor-tab-title-85512\" class=\"elementor-tab-title\" data-tab=\"12\" role=\"button\" aria-controls=\"elementor-tab-content-85512\" aria-expanded=\"false\">\n\t\t\t\t\t\t\t\t\t\t\t\t<span class=\"elementor-toggle-icon elementor-toggle-icon-right\" aria-hidden=\"true\">\n\t\t\t\t\t\t\t\t\t\t\t\t\t\t\t<span class=\"elementor-toggle-icon-closed\"><i class=\" icomoon-the7-font-the7-plus-01\"><\/i><\/span>\n\t\t\t\t\t\t\t\t<span class=\"elementor-toggle-icon-opened\"><svg class=\"elementor-toggle-icon-opened e-font-icon-svg e-fas-minus\" viewBox=\"0 0 448 512\" xmlns=\"http:\/\/www.w3.org\/2000\/svg\"><path d=\"M416 208H32c-17.67 0-32 14.33-32 32v32c0 17.67 14.33 32 32 32h384c17.67 0 32-14.33 32-32v-32c0-17.67-14.33-32-32-32z\"><\/path><\/svg><\/span>\n\t\t\t\t\t\t\t\t\t\t\t\t\t<\/span>\n\t\t\t\t\t\t\t\t\t\t\t\t<a class=\"elementor-toggle-title\" tabindex=\"0\">\u00bfCu\u00e1ndo finaliza el plazo de presentaci\u00f3n de candidaturas?<\/a>\n\t\t\t\t\t<\/div>\n\n\t\t\t\t\t<div id=\"elementor-tab-content-85512\" class=\"elementor-tab-content elementor-clearfix\" data-tab=\"12\" role=\"region\" aria-labelledby=\"elementor-tab-title-85512\"><p>Las solicitudes est\u00e1n abiertas hasta que no queden plazas libres. Las plazas son limitadas y se asignan por orden de llegada. Una vez que se llena una sesi\u00f3n, se cierra para la venta.  <\/p>\n<\/div>\n\t\t\t\t<\/div>\n\t\t\t\t\t\t\t<div class=\"elementor-toggle-item\">\n\t\t\t\t\t<div id=\"elementor-tab-title-85513\" class=\"elementor-tab-title\" data-tab=\"13\" role=\"button\" aria-controls=\"elementor-tab-content-85513\" aria-expanded=\"false\">\n\t\t\t\t\t\t\t\t\t\t\t\t<span class=\"elementor-toggle-icon elementor-toggle-icon-right\" aria-hidden=\"true\">\n\t\t\t\t\t\t\t\t\t\t\t\t\t\t\t<span class=\"elementor-toggle-icon-closed\"><i class=\" icomoon-the7-font-the7-plus-01\"><\/i><\/span>\n\t\t\t\t\t\t\t\t<span class=\"elementor-toggle-icon-opened\"><svg class=\"elementor-toggle-icon-opened e-font-icon-svg e-fas-minus\" viewBox=\"0 0 448 512\" xmlns=\"http:\/\/www.w3.org\/2000\/svg\"><path d=\"M416 208H32c-17.67 0-32 14.33-32 32v32c0 17.67 14.33 32 32 32h384c17.67 0 32-14.33 32-32v-32c0-17.67-14.33-32-32-32z\"><\/path><\/svg><\/span>\n\t\t\t\t\t\t\t\t\t\t\t\t\t<\/span>\n\t\t\t\t\t\t\t\t\t\t\t\t<a class=\"elementor-toggle-title\" tabindex=\"0\">\u00bfSe proporcionan comidas?<\/a>\n\t\t\t\t\t<\/div>\n\n\t\t\t\t\t<div id=\"elementor-tab-content-85513\" class=\"elementor-tab-content elementor-clearfix\" data-tab=\"13\" role=\"region\" aria-labelledby=\"elementor-tab-title-85513\"><p>El coste incluye tres comidas al d\u00eda. El buffet ser\u00e1 preparado<br \/>por los nutricionistas del club, siguiendo las normas de la dieta de un atleta de \u00e9lite. <\/p>\n<\/div>\n\t\t\t\t<\/div>\n\t\t\t\t\t\t\t<div class=\"elementor-toggle-item\">\n\t\t\t\t\t<div id=\"elementor-tab-title-85514\" class=\"elementor-tab-title\" data-tab=\"14\" role=\"button\" aria-controls=\"elementor-tab-content-85514\" aria-expanded=\"false\">\n\t\t\t\t\t\t\t\t\t\t\t\t<span class=\"elementor-toggle-icon elementor-toggle-icon-right\" aria-hidden=\"true\">\n\t\t\t\t\t\t\t\t\t\t\t\t\t\t\t<span class=\"elementor-toggle-icon-closed\"><i class=\" icomoon-the7-font-the7-plus-01\"><\/i><\/span>\n\t\t\t\t\t\t\t\t<span class=\"elementor-toggle-icon-opened\"><svg class=\"elementor-toggle-icon-opened e-font-icon-svg e-fas-minus\" viewBox=\"0 0 448 512\" xmlns=\"http:\/\/www.w3.org\/2000\/svg\"><path d=\"M416 208H32c-17.67 0-32 14.33-32 32v32c0 17.67 14.33 32 32 32h384c17.67 0 32-14.33 32-32v-32c0-17.67-14.33-32-32-32z\"><\/path><\/svg><\/span>\n\t\t\t\t\t\t\t\t\t\t\t\t\t<\/span>\n\t\t\t\t\t\t\t\t\t\t\t\t<a class=\"elementor-toggle-title\" tabindex=\"0\">\u00bfRecibo un kit de formaci\u00f3n?<\/a>\n\t\t\t\t\t<\/div>\n\n\t\t\t\t\t<div id=\"elementor-tab-content-85514\" class=\"elementor-tab-content elementor-clearfix\" data-tab=\"14\" role=\"region\" aria-labelledby=\"elementor-tab-title-85514\"><p>S\u00ed, se proporcionar\u00e1 a los jugadores una equipaci\u00f3n completa (3 camisetas, 3 pantalones cortos, 3 pares de calcetines) para toda la estancia.<\/p>\n<\/div>\n\t\t\t\t<\/div>\n\t\t\t\t\t\t\t<div class=\"elementor-toggle-item\">\n\t\t\t\t\t<div id=\"elementor-tab-title-85515\" class=\"elementor-tab-title\" data-tab=\"15\" role=\"button\" aria-controls=\"elementor-tab-content-85515\" aria-expanded=\"false\">\n\t\t\t\t\t\t\t\t\t\t\t\t<span class=\"elementor-toggle-icon elementor-toggle-icon-right\" aria-hidden=\"true\">\n\t\t\t\t\t\t\t\t\t\t\t\t\t\t\t<span class=\"elementor-toggle-icon-closed\"><i class=\" icomoon-the7-font-the7-plus-01\"><\/i><\/span>\n\t\t\t\t\t\t\t\t<span class=\"elementor-toggle-icon-opened\"><svg class=\"elementor-toggle-icon-opened e-font-icon-svg e-fas-minus\" viewBox=\"0 0 448 512\" xmlns=\"http:\/\/www.w3.org\/2000\/svg\"><path d=\"M416 208H32c-17.67 0-32 14.33-32 32v32c0 17.67 14.33 32 32 32h384c17.67 0 32-14.33 32-32v-32c0-17.67-14.33-32-32-32z\"><\/path><\/svg><\/span>\n\t\t\t\t\t\t\t\t\t\t\t\t\t<\/span>\n\t\t\t\t\t\t\t\t\t\t\t\t<a class=\"elementor-toggle-title\" tabindex=\"0\">\u00bfCu\u00e1nto dinero de bolsillo necesitar\u00e1n durante el campamento?<\/a>\n\t\t\t\t\t<\/div>\n\n\t\t\t\t\t<div id=\"elementor-tab-content-85515\" class=\"elementor-tab-content elementor-clearfix\" data-tab=\"15\" role=\"region\" aria-labelledby=\"elementor-tab-title-85515\"><p>Se sugiere que cada ni\u00f1o lleve algo de calderilla para llamadas telef\u00f3nicas, refrescos, recuerdos y otras cosas (150-200 euros por sesi\u00f3n).<\/p>\n<\/div>\n\t\t\t\t<\/div>\n\t\t\t\t\t\t\t<div class=\"elementor-toggle-item\">\n\t\t\t\t\t<div id=\"elementor-tab-title-85516\" class=\"elementor-tab-title\" data-tab=\"16\" role=\"button\" aria-controls=\"elementor-tab-content-85516\" aria-expanded=\"false\">\n\t\t\t\t\t\t\t\t\t\t\t\t<span class=\"elementor-toggle-icon elementor-toggle-icon-right\" aria-hidden=\"true\">\n\t\t\t\t\t\t\t\t\t\t\t\t\t\t\t<span class=\"elementor-toggle-icon-closed\"><i class=\" icomoon-the7-font-the7-plus-01\"><\/i><\/span>\n\t\t\t\t\t\t\t\t<span class=\"elementor-toggle-icon-opened\"><svg class=\"elementor-toggle-icon-opened e-font-icon-svg e-fas-minus\" viewBox=\"0 0 448 512\" xmlns=\"http:\/\/www.w3.org\/2000\/svg\"><path d=\"M416 208H32c-17.67 0-32 14.33-32 32v32c0 17.67 14.33 32 32 32h384c17.67 0 32-14.33 32-32v-32c0-17.67-14.33-32-32-32z\"><\/path><\/svg><\/span>\n\t\t\t\t\t\t\t\t\t\t\t\t\t<\/span>\n\t\t\t\t\t\t\t\t\t\t\t\t<a class=\"elementor-toggle-title\" tabindex=\"0\">\u00bfPuedo visitar a mi hijo durante el campamento?<\/a>\n\t\t\t\t\t<\/div>\n\n\t\t\t\t\t<div id=\"elementor-tab-content-85516\" class=\"elementor-tab-content elementor-clearfix\" data-tab=\"16\" role=\"region\" aria-labelledby=\"elementor-tab-title-85516\"><p>S\u00ed, ser\u00e1 posible ver una sesi\u00f3n de entrenamiento en el Centro de Entrenamiento del Atl\u00e9tico de Madrid. Los detalles se proporcionar\u00e1n en el check-in previa solicitud. <br \/>(lo anterior se confirmar\u00e1 en breve)<\/p>\n<\/div>\n\t\t\t\t<\/div>\n\t\t\t\t\t\t\t<div class=\"elementor-toggle-item\">\n\t\t\t\t\t<div id=\"elementor-tab-title-85517\" class=\"elementor-tab-title\" data-tab=\"17\" role=\"button\" aria-controls=\"elementor-tab-content-85517\" aria-expanded=\"false\">\n\t\t\t\t\t\t\t\t\t\t\t\t<span class=\"elementor-toggle-icon elementor-toggle-icon-right\" aria-hidden=\"true\">\n\t\t\t\t\t\t\t\t\t\t\t\t\t\t\t<span class=\"elementor-toggle-icon-closed\"><i class=\" icomoon-the7-font-the7-plus-01\"><\/i><\/span>\n\t\t\t\t\t\t\t\t<span class=\"elementor-toggle-icon-opened\"><svg class=\"elementor-toggle-icon-opened e-font-icon-svg e-fas-minus\" viewBox=\"0 0 448 512\" xmlns=\"http:\/\/www.w3.org\/2000\/svg\"><path d=\"M416 208H32c-17.67 0-32 14.33-32 32v32c0 17.67 14.33 32 32 32h384c17.67 0 32-14.33 32-32v-32c0-17.67-14.33-32-32-32z\"><\/path><\/svg><\/span>\n\t\t\t\t\t\t\t\t\t\t\t\t\t<\/span>\n\t\t\t\t\t\t\t\t\t\t\t\t<a class=\"elementor-toggle-title\" tabindex=\"0\">\u00bfPuedo quedarme en el centro con mi hijo?<\/a>\n\t\t\t\t\t<\/div>\n\n\t\t\t\t\t<div id=\"elementor-tab-content-85517\" class=\"elementor-tab-content elementor-clearfix\" data-tab=\"17\" role=\"region\" aria-labelledby=\"elementor-tab-title-85517\"><p>Los padres no pueden alojarse in situ. Puedes reservar una habitaci\u00f3n en un hotel cercano al campamento en Madrid. <\/p>\n<\/div>\n\t\t\t\t<\/div>\n\t\t\t\t\t\t\t<div class=\"elementor-toggle-item\">\n\t\t\t\t\t<div id=\"elementor-tab-title-85518\" class=\"elementor-tab-title\" data-tab=\"18\" role=\"button\" aria-controls=\"elementor-tab-content-85518\" aria-expanded=\"false\">\n\t\t\t\t\t\t\t\t\t\t\t\t<span class=\"elementor-toggle-icon elementor-toggle-icon-right\" aria-hidden=\"true\">\n\t\t\t\t\t\t\t\t\t\t\t\t\t\t\t<span class=\"elementor-toggle-icon-closed\"><i class=\" icomoon-the7-font-the7-plus-01\"><\/i><\/span>\n\t\t\t\t\t\t\t\t<span class=\"elementor-toggle-icon-opened\"><svg class=\"elementor-toggle-icon-opened e-font-icon-svg e-fas-minus\" viewBox=\"0 0 448 512\" xmlns=\"http:\/\/www.w3.org\/2000\/svg\"><path d=\"M416 208H32c-17.67 0-32 14.33-32 32v32c0 17.67 14.33 32 32 32h384c17.67 0 32-14.33 32-32v-32c0-17.67-14.33-32-32-32z\"><\/path><\/svg><\/span>\n\t\t\t\t\t\t\t\t\t\t\t\t\t<\/span>\n\t\t\t\t\t\t\t\t\t\t\t\t<a class=\"elementor-toggle-title\" tabindex=\"0\">\u00bfHay cursos espec\u00edficos de Portero?<\/a>\n\t\t\t\t\t<\/div>\n\n\t\t\t\t\t<div id=\"elementor-tab-content-85518\" class=\"elementor-tab-content elementor-clearfix\" data-tab=\"18\" role=\"region\" aria-labelledby=\"elementor-tab-title-85518\"><p>Hay formaci\u00f3n espec\u00edfica para Porteros durante los cursos disponibles. S\u00f3lo tienes que seleccionar la Opci\u00f3n de Formaci\u00f3n de Porteros durante la inscripci\u00f3n online.  Los porteros tendr\u00e1n una parte dedicada de las sesiones de entrenamiento antes del comienzo de la sesi\u00f3n de entrenamiento del equipo, y luego se unir\u00e1n a los entrenamientos y partidos del equipo.<\/p>\n<\/div>\n\t\t\t\t<\/div>\n\t\t\t\t\t\t\t<div class=\"elementor-toggle-item\">\n\t\t\t\t\t<div id=\"elementor-tab-title-85519\" class=\"elementor-tab-title\" data-tab=\"19\" role=\"button\" aria-controls=\"elementor-tab-content-85519\" aria-expanded=\"false\">\n\t\t\t\t\t\t\t\t\t\t\t\t<span class=\"elementor-toggle-icon elementor-toggle-icon-right\" aria-hidden=\"true\">\n\t\t\t\t\t\t\t\t\t\t\t\t\t\t\t<span class=\"elementor-toggle-icon-closed\"><i class=\" icomoon-the7-font-the7-plus-01\"><\/i><\/span>\n\t\t\t\t\t\t\t\t<span class=\"elementor-toggle-icon-opened\"><svg class=\"elementor-toggle-icon-opened e-font-icon-svg e-fas-minus\" viewBox=\"0 0 448 512\" xmlns=\"http:\/\/www.w3.org\/2000\/svg\"><path d=\"M416 208H32c-17.67 0-32 14.33-32 32v32c0 17.67 14.33 32 32 32h384c17.67 0 32-14.33 32-32v-32c0-17.67-14.33-32-32-32z\"><\/path><\/svg><\/span>\n\t\t\t\t\t\t\t\t\t\t\t\t\t<\/span>\n\t\t\t\t\t\t\t\t\t\t\t\t<a class=\"elementor-toggle-title\" tabindex=\"0\">\u00bfNecesita el ni\u00f1o un \"visado de turista\/visitante infantil\" para asistir al campamento de f\u00fatbol?<\/a>\n\t\t\t\t\t<\/div>\n\n\t\t\t\t\t<div id=\"elementor-tab-content-85519\" class=\"elementor-tab-content elementor-clearfix\" data-tab=\"19\" role=\"region\" aria-labelledby=\"elementor-tab-title-85519\"><p><b>IMPORTANTE:<\/b> Ten en cuenta que eres el \u00fanico responsable de obtener todos los documentos de viaje necesarios, incluidos, entre otros, un pasaporte v\u00e1lido y los visados de viaje tur\u00edstico correspondientes para la persona que asista al campamento de f\u00fatbol, el Participante. Debes ponerte en contacto con la oficina consular correspondiente para conocer los requisitos de entrada y visado del pa\u00eds en el que se encuentra el campamento seleccionado. Una vez que hayas inscrito a tu hijo con nosotros, y hayas pagado el campamento en su totalidad, si lo solicitas por escrito, estaremos encantados de proporcionarte una carta de confirmaci\u00f3n de la inscripci\u00f3n para el Participante concreto. Esta carta <i>puede<\/i> ser exigida por algunos consulados para el \u00abVisado de turista\/visitante menor de edad\u00bb. (NOTA: S\u00f3lo podemos emitir la carta para el Participante, no para ninguna otra persona). Ten en cuenta que los procesos de solicitud de visado en los consulados pueden durar varios meses. Cuanto m\u00e1s esperes, m\u00e1s posibilidades tendr\u00e1s de que te denieguen el \u00abvisado de turista\/visitante infantil\u00bb necesario para tu hijo y algunos campamentos no te devolver\u00e1n el dinero. Consulta las condiciones del campamento.<\/p>\n<\/div>\n\t\t\t\t<\/div>\n\t\t\t\t\t\t\t<div class=\"elementor-toggle-item\">\n\t\t\t\t\t<div id=\"elementor-tab-title-85520\" class=\"elementor-tab-title\" data-tab=\"20\" role=\"button\" aria-controls=\"elementor-tab-content-85520\" aria-expanded=\"false\">\n\t\t\t\t\t\t\t\t\t\t\t\t<span class=\"elementor-toggle-icon elementor-toggle-icon-right\" aria-hidden=\"true\">\n\t\t\t\t\t\t\t\t\t\t\t\t\t\t\t<span class=\"elementor-toggle-icon-closed\"><i class=\" icomoon-the7-font-the7-plus-01\"><\/i><\/span>\n\t\t\t\t\t\t\t\t<span class=\"elementor-toggle-icon-opened\"><svg class=\"elementor-toggle-icon-opened e-font-icon-svg e-fas-minus\" viewBox=\"0 0 448 512\" xmlns=\"http:\/\/www.w3.org\/2000\/svg\"><path d=\"M416 208H32c-17.67 0-32 14.33-32 32v32c0 17.67 14.33 32 32 32h384c17.67 0 32-14.33 32-32v-32c0-17.67-14.33-32-32-32z\"><\/path><\/svg><\/span>\n\t\t\t\t\t\t\t\t\t\t\t\t\t<\/span>\n\t\t\t\t\t\t\t\t\t\t\t\t<a class=\"elementor-toggle-title\" tabindex=\"0\">\u00bfNecesito un seguro?<\/a>\n\t\t\t\t\t<\/div>\n\n\t\t\t\t\t<div id=\"elementor-tab-content-85520\" class=\"elementor-tab-content elementor-clearfix\" data-tab=\"20\" role=\"region\" aria-labelledby=\"elementor-tab-title-85520\"><p>El seguro m\u00ednimo est\u00e1ndar est\u00e1 incluido en tu campamento. Consulta los detalles en <span style=\"color: #e01020;\"><a style=\"color: #e01020;\" href=\"https:\/\/soccercampsinternational.com\/es\/campamentos-futbol-espana\/campamentos-atletico-de-madrid\/#prices\"><strong>Precios de los campamentos<\/strong><\/a><\/span> pero si deseas una cobertura adicional, te recomendamos que contrates un seguro que cubra los efectos personales, las enfermedades y las lesiones. No se efectuar\u00e1n reembolsos si una enfermedad o lesi\u00f3n impide la participaci\u00f3n o acorta la estancia en el campamento.   Cada participante tendr\u00e1 un seguro m\u00e9dico para lesiones + accidentes deportivos. Adem\u00e1s, cada participante deber\u00e1 traer su propio seguro privado. <\/p>\n<\/div>\n\t\t\t\t<\/div>\n\t\t\t\t\t\t\t<div class=\"elementor-toggle-item\">\n\t\t\t\t\t<div id=\"elementor-tab-title-85521\" class=\"elementor-tab-title\" data-tab=\"21\" role=\"button\" aria-controls=\"elementor-tab-content-85521\" aria-expanded=\"false\">\n\t\t\t\t\t\t\t\t\t\t\t\t<span class=\"elementor-toggle-icon elementor-toggle-icon-right\" aria-hidden=\"true\">\n\t\t\t\t\t\t\t\t\t\t\t\t\t\t\t<span class=\"elementor-toggle-icon-closed\"><i class=\" icomoon-the7-font-the7-plus-01\"><\/i><\/span>\n\t\t\t\t\t\t\t\t<span class=\"elementor-toggle-icon-opened\"><svg class=\"elementor-toggle-icon-opened e-font-icon-svg e-fas-minus\" viewBox=\"0 0 448 512\" xmlns=\"http:\/\/www.w3.org\/2000\/svg\"><path d=\"M416 208H32c-17.67 0-32 14.33-32 32v32c0 17.67 14.33 32 32 32h384c17.67 0 32-14.33 32-32v-32c0-17.67-14.33-32-32-32z\"><\/path><\/svg><\/span>\n\t\t\t\t\t\t\t\t\t\t\t\t\t<\/span>\n\t\t\t\t\t\t\t\t\t\t\t\t<a class=\"elementor-toggle-title\" tabindex=\"0\">\u00bfEstar\u00e9 en la misma habitaci\u00f3n que mi amigo?<\/a>\n\t\t\t\t\t<\/div>\n\n\t\t\t\t\t<div id=\"elementor-tab-content-85521\" class=\"elementor-tab-content elementor-clearfix\" data-tab=\"21\" role=\"region\" aria-labelledby=\"elementor-tab-title-85521\"><p>El alojamiento ser\u00e1 principalmente en habitaciones dobles con aseos y duchas. Se proporcionar\u00e1 ropa de cama.  Si deseas compartirlo con un amigo o familiar, ind\u00edcalo al hacer la reserva en l\u00ednea. Ten en cuenta que no podemos garantizar ninguna solicitud de habitaci\u00f3n compartida. Visita la <span style=\"color: #e01020;\"><a style=\"color: #e01020;\" href=\"https:\/\/soccercampsinternational.com\/es\/campamentos-futbol-espana\/campamentos-atletico-de-madrid\/localizacion\/\"><strong>Ubicaci\u00f3n del campamento<\/strong><\/a><\/span> para obtener m\u00e1s informaci\u00f3n.<\/p>\n<\/div>\n\t\t\t\t<\/div>\n\t\t\t\t\t\t\t<div class=\"elementor-toggle-item\">\n\t\t\t\t\t<div id=\"elementor-tab-title-85522\" class=\"elementor-tab-title\" data-tab=\"22\" role=\"button\" aria-controls=\"elementor-tab-content-85522\" aria-expanded=\"false\">\n\t\t\t\t\t\t\t\t\t\t\t\t<span class=\"elementor-toggle-icon elementor-toggle-icon-right\" aria-hidden=\"true\">\n\t\t\t\t\t\t\t\t\t\t\t\t\t\t\t<span class=\"elementor-toggle-icon-closed\"><i class=\" icomoon-the7-font-the7-plus-01\"><\/i><\/span>\n\t\t\t\t\t\t\t\t<span class=\"elementor-toggle-icon-opened\"><svg class=\"elementor-toggle-icon-opened e-font-icon-svg e-fas-minus\" viewBox=\"0 0 448 512\" xmlns=\"http:\/\/www.w3.org\/2000\/svg\"><path d=\"M416 208H32c-17.67 0-32 14.33-32 32v32c0 17.67 14.33 32 32 32h384c17.67 0 32-14.33 32-32v-32c0-17.67-14.33-32-32-32z\"><\/path><\/svg><\/span>\n\t\t\t\t\t\t\t\t\t\t\t\t\t<\/span>\n\t\t\t\t\t\t\t\t\t\t\t\t<a class=\"elementor-toggle-title\" tabindex=\"0\">\u00bfDurante cu\u00e1ntas semanas puede asistir mi hijo?<\/a>\n\t\t\t\t\t<\/div>\n\n\t\t\t\t\t<div id=\"elementor-tab-content-85522\" class=\"elementor-tab-content elementor-clearfix\" data-tab=\"22\" role=\"region\" aria-labelledby=\"elementor-tab-title-85522\"><p>Los campistas s\u00f3lo pueden inscribirse en 1 sesi\u00f3n debido a las restricciones de edad para cada sesi\u00f3n.<\/p>\n<\/div>\n\t\t\t\t<\/div>\n\t\t\t\t\t\t\t\t\t\t<script type=\"application\/ld+json\">{\"@context\":\"https:\\\/\\\/schema.org\",\"@type\":\"FAQPage\",\"mainEntity\":[{\"@type\":\"Question\",\"name\":\"\\u00bfCu\\u00e1l es el proceso de inscripci\\u00f3n y aceptaci\\u00f3n para este campamento?\",\"acceptedAnswer\":{\"@type\":\"Answer\",\"text\":\"<p>El participante <strong>proporcionar\\u00e1 en su Pre-Solicitud online un v\\u00eddeo para que<\\\/strong> <strong>el Atl\\u00e9tico de Madrid PRO Camp<\\\/strong> <strong>lo eval\\u00fae primero<\\\/strong> (se requiere un v\\u00eddeo del jugador durante un partido\\\/actividad de f\\u00fatbol (YouTube o Vimeo)), en ese momento se requerir\\u00e1 un peque\\u00f1o dep\\u00f3sito. Los coordinadores del campamento y el personal t\\u00e9cnico ver\\u00e1n el v\\u00eddeo de los participantes y tomar\\u00e1n una decisi\\u00f3n para su aceptaci\\u00f3n en el campamento. Tras la aprobaci\\u00f3n del participante en el campamento, se procesar\\u00e1 el pago (dep\\u00f3sito o pago completo, menos el peque\\u00f1o dep\\u00f3sito realizado en el momento de la preinscripci\\u00f3n) para confirmar la plaza <strong>(\\u00a1las plazas son LIMITADAS para este Campamento de Alto Nivel!)<\\\/strong>  <\\\/p>\\n\"}},{\"@type\":\"Question\",\"name\":\"\\u00bfQu\\u00e9 grupo de edad puede asistir a los campamentos PRO del Atl\\u00e9tico de Madrid?\",\"acceptedAnswer\":{\"@type\":\"Answer\",\"text\":\"<p>Los Campamentos de f\\u00fatbol PRO del Atl\\u00e9tico de Madrid est\\u00e1n abiertos a chicos de 11 a 17 a\\u00f1os (nacidos entre 2009 y 2017). Ten en cuenta que los campistas deben estar dentro de las restricciones de edad pertinentes para inscribirse en el campamento y que los campistas cuya edad est\\u00e9 fuera de los l\\u00edmites de edad mencionados no pueden inscribirse en el campamento. Los participantes en el campamento deben tener la edad correspondiente durante toda la duraci\\u00f3n del curso para poder inscribirse.  <\\\/p>\\n\"}},{\"@type\":\"Question\",\"name\":\"\\u00bfNecesito pertenecer a un club de f\\u00fatbol para inscribirme en el campamento?\",\"acceptedAnswer\":{\"@type\":\"Answer\",\"text\":\"<p>Los campistas deben ser jugadores registrados\\\/con licencia (de club) para inscribirse en el campamento de f\\u00fatbol. Este programa de f\\u00fatbol s\\u00f3lo est\\u00e1 dise\\u00f1ado para quienes juegan al f\\u00fatbol en un club de f\\u00fatbol en casa y tienen licencia en un club. <\\\/p>\\n\"}},{\"@type\":\"Question\",\"name\":\"\\u00bfCu\\u00e1les son los horarios de entrada y salida del campamento?\",\"acceptedAnswer\":{\"@type\":\"Answer\",\"text\":\"<p>pr\\u00f3ximamente<\\\/p>\\n\"}},{\"@type\":\"Question\",\"name\":\"\\u00bfC\\u00f3mo puedo conseguir una prueba con la Academia?\",\"acceptedAnswer\":{\"@type\":\"Answer\",\"text\":\"<p>El Atl\\u00e9tico de Madrid cuenta con una red de ojeadores para identificar a j\\u00f3venes talentos. Los jugadores tienen que causar impresi\\u00f3n en su club\\\/equipo local. No puedes solicitar una prueba a trav\\u00e9s de los Campos de F\\u00fatbol PRO del Atl\\u00e9tico de Madrid.  <\\\/p>\\n\"}},{\"@type\":\"Question\",\"name\":\"\\u00bfQu\\u00e9 posibilidades hay de conocer a un jugador?\",\"acceptedAnswer\":{\"@type\":\"Answer\",\"text\":\"<p>Los jugadores del primer equipo del Atl\\u00e9tico de Madrid no asistir\\u00e1n al Campamento.<\\\/p>\\n\"}},{\"@type\":\"Question\",\"name\":\"Mi hijo va solo, \\u00bfestar\\u00e1 bien?\",\"acceptedAnswer\":{\"@type\":\"Answer\",\"text\":\"<p>S\\u00ed, la mayor\\u00eda de los jugadores asisten sin amigos ni familiares. Se colocar\\u00e1 a los individuos en grupos con jugadores de su misma edad que tambi\\u00e9n vayan solos. La primera sesi\\u00f3n de cada curso est\\u00e1 dise\\u00f1ada para ayudar a todos los jugadores individuales a integrarse para formar un equipo y tambi\\u00e9n para hacer nuevos amigos.  <\\\/p>\\n\"}},{\"@type\":\"Question\",\"name\":\"\\u00bfQu\\u00e9 esperar en cuanto a la cultura del campamento seg\\u00fan el pa\\u00eds del campamento?\",\"acceptedAnswer\":{\"@type\":\"Answer\",\"text\":\"<p>Cada campamento proporciona una experiencia deportiva, as\\u00ed como una experiencia cultural. Muchos de los participantes vivir\\u00e1n una experiencia diferente a la de casa, ya que estar\\u00e1n en un pa\\u00eds extranjero con un modo de vida diferente. En la mayor\\u00eda de los campamentos, los participantes experimentar\\u00e1n la cocina local, horarios especiales para las comidas (comidas tempranas en el norte de Europa, comidas tard\\u00edas en el sur) seg\\u00fan la cultura del pa\\u00eds, duchas despu\\u00e9s de las sesiones de entrenamiento, entretenimiento t\\u00edpico en el campamento seg\\u00fan la cultura de los campamentos de verano del pa\\u00eds, acostarse temprano o tarde seg\\u00fan los h\\u00e1bitos de vida del pa\\u00eds y mucho m\\u00e1s. Si crees que tu hijo tendr\\u00e1 dificultades para adaptarse a un nuevo modo de vida, te recomendamos que esperes a que tenga una edad en la que est\\u00e9 preparado para hacerlo.   <\\\/p>\\n\"}},{\"@type\":\"Question\",\"name\":\"\\u00bfD\\u00f3nde est\\u00e1 ubicado el campamento de noche?\",\"acceptedAnswer\":{\"@type\":\"Answer\",\"text\":\"<p>Los Campamentos de f\\u00fatbol de noche tienen sus sesiones de pr\\u00e1ctica de f\\u00fatbol en el Campus de Entrenamiento de la Academia del Atl\\u00e9tico de Madrid y el alojamiento ser\\u00e1 en la residencia del Atl\\u00e9tico de Madrid, situada en San Sebasti\\u00e1n de Los Reyes, Madrid, en habitaciones dobles. Puedes encontrar m\\u00e1s informaci\\u00f3n en <a href=\\\"https:\\\/\\\/soccercampsinternational.com\\\/es\\\/campamentos-futbol-espana\\\/campamentos-atletico-de-madrid\\\/localizacion\\\/\\\"><span style=\\\"color: #e01020;\\\"><strong>Ubicaci\\u00f3n del campamento<\\\/strong><\\\/span><\\\/a> del campamento.<\\\/p>\\n\"}},{\"@type\":\"Question\",\"name\":\"\\u00bfQu\\u00e9 documentaci\\u00f3n se necesita para participar en Campus Experience?\",\"acceptedAnswer\":{\"@type\":\"Answer\",\"text\":\"<p><span dir=\\\"auto\\\">Antes de que comience el programa, cada participante debe presentar la siguiente documentaci\\u00f3n a trav\\u00e9s del formulario o por correo electr\\u00f3nico:<\\\/span><\\\/p>\\n<ul>\\n<li aria-level=\\\"1\\\"><span dir=\\\"auto\\\">Fotograf\\u00eda reciente tipo carn\\u00e9<\\\/span><\\\/li>\\n<li aria-level=\\\"1\\\"><span dir=\\\"auto\\\">Partida de nacimiento del participante<\\\/span><\\\/li>\\n<li aria-level=\\\"1\\\"><span dir=\\\"auto\\\">Copia del pasaporte o documento nacional de identidad del participante (no es necesario para menores de 14 a\\u00f1os)<\\\/span><\\\/li>\\n<li aria-level=\\\"1\\\"><span dir=\\\"auto\\\">Copia del pasaporte o documento nacional de identidad del padre, madre o tutor legal<\\\/span><\\\/li>\\n<li aria-level=\\\"1\\\"><span dir=\\\"auto\\\">Copia de la tarjeta sanitaria o <strong>seguro m\\u00e9dico con cobertura en Espa\\u00f1a<\\\/strong>.<\\\/span><\\\/li>\\n<li aria-level=\\\"1\\\">Formulario de consentimiento<\\\/li>\\n<\\\/ul>\\n<p><span dir=\\\"auto\\\">La falta de cualquiera de estos documentos puede impedir que el jugador participe en el campus.<\\\/span><\\\/p>\\n\"}},{\"@type\":\"Question\",\"name\":\"\\u00bfCu\\u00e1ndo debe presentarse la documentaci\\u00f3n?\",\"acceptedAnswer\":{\"@type\":\"Answer\",\"text\":\"<p><span dir=\\\"auto\\\">La documentaci\\u00f3n debe presentarse completa al menos <\\\/span><strong><span dir=\\\"auto\\\">30 d\\u00edas antes del inicio del programa<\\\/span><\\\/strong><span dir=\\\"auto\\\">.<\\\/span><\\\/p>\\n<p><span dir=\\\"auto\\\">Si la inscripci\\u00f3n se realiza dentro de ese plazo, deber\\u00e1 presentarse en un plazo m\\u00e1ximo de 72 horas desde la confirmaci\\u00f3n del pago.<\\\/span><\\\/p>\\n\"}},{\"@type\":\"Question\",\"name\":\"\\u00bfCu\\u00e1ndo finaliza el plazo de presentaci\\u00f3n de candidaturas?\",\"acceptedAnswer\":{\"@type\":\"Answer\",\"text\":\"<p>Las solicitudes est\\u00e1n abiertas hasta que no queden plazas libres. Las plazas son limitadas y se asignan por orden de llegada. Una vez que se llena una sesi\\u00f3n, se cierra para la venta.  <\\\/p>\\n\"}},{\"@type\":\"Question\",\"name\":\"\\u00bfSe proporcionan comidas?\",\"acceptedAnswer\":{\"@type\":\"Answer\",\"text\":\"<p>El coste incluye tres comidas al d\\u00eda. El buffet ser\\u00e1 preparado<br \\\/>por los nutricionistas del club, siguiendo las normas de la dieta de un atleta de \\u00e9lite. <\\\/p>\\n\"}},{\"@type\":\"Question\",\"name\":\"\\u00bfRecibo un kit de formaci\\u00f3n?\",\"acceptedAnswer\":{\"@type\":\"Answer\",\"text\":\"<p>S\\u00ed, se proporcionar\\u00e1 a los jugadores una equipaci\\u00f3n completa (3 camisetas, 3 pantalones cortos, 3 pares de calcetines) para toda la estancia.<\\\/p>\\n\"}},{\"@type\":\"Question\",\"name\":\"\\u00bfCu\\u00e1nto dinero de bolsillo necesitar\\u00e1n durante el campamento?\",\"acceptedAnswer\":{\"@type\":\"Answer\",\"text\":\"<p>Se sugiere que cada ni\\u00f1o lleve algo de calderilla para llamadas telef\\u00f3nicas, refrescos, recuerdos y otras cosas (150-200 euros por sesi\\u00f3n).<\\\/p>\\n\"}},{\"@type\":\"Question\",\"name\":\"\\u00bfPuedo visitar a mi hijo durante el campamento?\",\"acceptedAnswer\":{\"@type\":\"Answer\",\"text\":\"<p>S\\u00ed, ser\\u00e1 posible ver una sesi\\u00f3n de entrenamiento en el Centro de Entrenamiento del Atl\\u00e9tico de Madrid. Los detalles se proporcionar\\u00e1n en el check-in previa solicitud. <br \\\/>(lo anterior se confirmar\\u00e1 en breve)<\\\/p>\\n\"}},{\"@type\":\"Question\",\"name\":\"\\u00bfPuedo quedarme en el centro con mi hijo?\",\"acceptedAnswer\":{\"@type\":\"Answer\",\"text\":\"<p>Los padres no pueden alojarse in situ. Puedes reservar una habitaci\\u00f3n en un hotel cercano al campamento en Madrid. <\\\/p>\\n\"}},{\"@type\":\"Question\",\"name\":\"\\u00bfHay cursos espec\\u00edficos de Portero?\",\"acceptedAnswer\":{\"@type\":\"Answer\",\"text\":\"<p>Hay formaci\\u00f3n espec\\u00edfica para Porteros durante los cursos disponibles. S\\u00f3lo tienes que seleccionar la Opci\\u00f3n de Formaci\\u00f3n de Porteros durante la inscripci\\u00f3n online.  Los porteros tendr\\u00e1n una parte dedicada de las sesiones de entrenamiento antes del comienzo de la sesi\\u00f3n de entrenamiento del equipo, y luego se unir\\u00e1n a los entrenamientos y partidos del equipo.<\\\/p>\\n\"}},{\"@type\":\"Question\",\"name\":\"\\u00bfNecesita el ni\\u00f1o un \\\"visado de turista\\\/visitante infantil\\\" para asistir al campamento de f\\u00fatbol?\",\"acceptedAnswer\":{\"@type\":\"Answer\",\"text\":\"<p><b>IMPORTANTE:<\\\/b> Ten en cuenta que eres el \\u00fanico responsable de obtener todos los documentos de viaje necesarios, incluidos, entre otros, un pasaporte v\\u00e1lido y los visados de viaje tur\\u00edstico correspondientes para la persona que asista al campamento de f\\u00fatbol, el Participante. Debes ponerte en contacto con la oficina consular correspondiente para conocer los requisitos de entrada y visado del pa\\u00eds en el que se encuentra el campamento seleccionado. Una vez que hayas inscrito a tu hijo con nosotros, y hayas pagado el campamento en su totalidad, si lo solicitas por escrito, estaremos encantados de proporcionarte una carta de confirmaci\\u00f3n de la inscripci\\u00f3n para el Participante concreto. Esta carta <i>puede<\\\/i> ser exigida por algunos consulados para el \\u00abVisado de turista\\\/visitante menor de edad\\u00bb. (NOTA: S\\u00f3lo podemos emitir la carta para el Participante, no para ninguna otra persona). Ten en cuenta que los procesos de solicitud de visado en los consulados pueden durar varios meses. Cuanto m\\u00e1s esperes, m\\u00e1s posibilidades tendr\\u00e1s de que te denieguen el \\u00abvisado de turista\\\/visitante infantil\\u00bb necesario para tu hijo y algunos campamentos no te devolver\\u00e1n el dinero. Consulta las condiciones del campamento.<\\\/p>\\n\"}},{\"@type\":\"Question\",\"name\":\"\\u00bfNecesito un seguro?\",\"acceptedAnswer\":{\"@type\":\"Answer\",\"text\":\"<p>El seguro m\\u00ednimo est\\u00e1ndar est\\u00e1 incluido en tu campamento. Consulta los detalles en <span style=\\\"color: #e01020;\\\"><a style=\\\"color: #e01020;\\\" href=\\\"https:\\\/\\\/soccercampsinternational.com\\\/es\\\/campamentos-futbol-espana\\\/campamentos-atletico-de-madrid\\\/#prices\\\"><strong>Precios de los campamentos<\\\/strong><\\\/a><\\\/span> pero si deseas una cobertura adicional, te recomendamos que contrates un seguro que cubra los efectos personales, las enfermedades y las lesiones. No se efectuar\\u00e1n reembolsos si una enfermedad o lesi\\u00f3n impide la participaci\\u00f3n o acorta la estancia en el campamento.   Cada participante tendr\\u00e1 un seguro m\\u00e9dico para lesiones + accidentes deportivos. Adem\\u00e1s, cada participante deber\\u00e1 traer su propio seguro privado. <\\\/p>\\n\"}},{\"@type\":\"Question\",\"name\":\"\\u00bfEstar\\u00e9 en la misma habitaci\\u00f3n que mi amigo?\",\"acceptedAnswer\":{\"@type\":\"Answer\",\"text\":\"<p>El alojamiento ser\\u00e1 principalmente en habitaciones dobles con aseos y duchas. Se proporcionar\\u00e1 ropa de cama.  Si deseas compartirlo con un amigo o familiar, ind\\u00edcalo al hacer la reserva en l\\u00ednea. Ten en cuenta que no podemos garantizar ninguna solicitud de habitaci\\u00f3n compartida. Visita la <span style=\\\"color: #e01020;\\\"><a style=\\\"color: #e01020;\\\" href=\\\"https:\\\/\\\/soccercampsinternational.com\\\/es\\\/campamentos-futbol-espana\\\/campamentos-atletico-de-madrid\\\/localizacion\\\/\\\"><strong>Ubicaci\\u00f3n del campamento<\\\/strong><\\\/a><\\\/span> para obtener m\\u00e1s informaci\\u00f3n.<\\\/p>\\n\"}},{\"@type\":\"Question\",\"name\":\"\\u00bfDurante cu\\u00e1ntas semanas puede asistir mi hijo?\",\"acceptedAnswer\":{\"@type\":\"Answer\",\"text\":\"<p>Los campistas s\\u00f3lo pueden inscribirse en 1 sesi\\u00f3n debido a las restricciones de edad para cada sesi\\u00f3n.<\\\/p>\\n\"}}]}<\/script>\n\t\t\t\t\t<\/div>\n\t\t\t\t\t\t<\/div>\n\t\t\t\t<\/div>\n\t\t\t\t\t<\/div>\n\t\t<\/div>\n\t\t\t\t<div class=\"elementor-column elementor-col-50 elementor-inner-column elementor-element elementor-element-3577418\" data-id=\"3577418\" data-element_type=\"column\" data-e-type=\"column\">\n\t\t\t<div class=\"elementor-widget-wrap elementor-element-populated\">\n\t\t\t\t\t\t<div class=\"elementor-element elementor-element-2181098 elementor-widget elementor-widget-toggle\" data-id=\"2181098\" data-element_type=\"widget\" data-e-type=\"widget\" data-widget_type=\"toggle.default\">\n\t\t\t\t<div class=\"elementor-widget-container\">\n\t\t\t\t\t\t\t<div class=\"elementor-toggle\">\n\t\t\t\t\t\t\t<div class=\"elementor-toggle-item\">\n\t\t\t\t\t<div id=\"elementor-tab-title-3511\" class=\"elementor-tab-title\" data-tab=\"1\" role=\"button\" aria-controls=\"elementor-tab-content-3511\" aria-expanded=\"false\">\n\t\t\t\t\t\t\t\t\t\t\t\t<span class=\"elementor-toggle-icon elementor-toggle-icon-right\" aria-hidden=\"true\">\n\t\t\t\t\t\t\t\t\t\t\t\t\t\t\t<span class=\"elementor-toggle-icon-closed\"><i class=\" icomoon-the7-font-the7-plus-01\"><\/i><\/span>\n\t\t\t\t\t\t\t\t<span class=\"elementor-toggle-icon-opened\"><svg class=\"elementor-toggle-icon-opened e-font-icon-svg e-fas-minus\" viewBox=\"0 0 448 512\" xmlns=\"http:\/\/www.w3.org\/2000\/svg\"><path d=\"M416 208H32c-17.67 0-32 14.33-32 32v32c0 17.67 14.33 32 32 32h384c17.67 0 32-14.33 32-32v-32c0-17.67-14.33-32-32-32z\"><\/path><\/svg><\/span>\n\t\t\t\t\t\t\t\t\t\t\t\t\t<\/span>\n\t\t\t\t\t\t\t\t\t\t\t\t<a class=\"elementor-toggle-title\" tabindex=\"0\">\u00bfSe pueden utilizar tel\u00e9fonos m\u00f3viles durante el campamento?<\/a>\n\t\t\t\t\t<\/div>\n\n\t\t\t\t\t<div id=\"elementor-tab-content-3511\" class=\"elementor-tab-content elementor-clearfix\" data-tab=\"1\" role=\"region\" aria-labelledby=\"elementor-tab-title-3511\"><p>Para preservar la seguridad y la intimidad de los menores, est\u00e1 prohibido llevar tel\u00e9fonos m\u00f3viles u otros dispositivos electr\u00f3nicos en el campus. El equipo de seguridad de la Residencia guardar\u00e1 los tel\u00e9fonos m\u00f3viles y los entregar\u00e1 a los jugadores durante el horario establecido para que puedan llamar a sus familias. Hay Wi-Fi disponible en la residencia de la Academia.  <\/p>\n<p><em>El club no se hace responsable del da\u00f1o o p\u00e9rdida de ning\u00fan dispositivo.<\/em><\/p>\n<\/div>\n\t\t\t\t<\/div>\n\t\t\t\t\t\t\t<div class=\"elementor-toggle-item\">\n\t\t\t\t\t<div id=\"elementor-tab-title-3512\" class=\"elementor-tab-title\" data-tab=\"2\" role=\"button\" aria-controls=\"elementor-tab-content-3512\" aria-expanded=\"false\">\n\t\t\t\t\t\t\t\t\t\t\t\t<span class=\"elementor-toggle-icon elementor-toggle-icon-right\" aria-hidden=\"true\">\n\t\t\t\t\t\t\t\t\t\t\t\t\t\t\t<span class=\"elementor-toggle-icon-closed\"><i class=\" icomoon-the7-font-the7-plus-01\"><\/i><\/span>\n\t\t\t\t\t\t\t\t<span class=\"elementor-toggle-icon-opened\"><svg class=\"elementor-toggle-icon-opened e-font-icon-svg e-fas-minus\" viewBox=\"0 0 448 512\" xmlns=\"http:\/\/www.w3.org\/2000\/svg\"><path d=\"M416 208H32c-17.67 0-32 14.33-32 32v32c0 17.67 14.33 32 32 32h384c17.67 0 32-14.33 32-32v-32c0-17.67-14.33-32-32-32z\"><\/path><\/svg><\/span>\n\t\t\t\t\t\t\t\t\t\t\t\t\t<\/span>\n\t\t\t\t\t\t\t\t\t\t\t\t<a class=\"elementor-toggle-title\" tabindex=\"0\">\u00bfCu\u00e1les son los n\u00fameros de tel\u00e9fono del campamento?<\/a>\n\t\t\t\t\t<\/div>\n\n\t\t\t\t\t<div id=\"elementor-tab-content-3512\" class=\"elementor-tab-content elementor-clearfix\" data-tab=\"2\" role=\"region\" aria-labelledby=\"elementor-tab-title-3512\"><p>Los n\u00fameros de tel\u00e9fono del campamento se facilitar\u00e1n en el paquete de bienvenida unas semanas antes del comienzo del campamento para los campistas inscritos.<\/p>\n<\/div>\n\t\t\t\t<\/div>\n\t\t\t\t\t\t\t<div class=\"elementor-toggle-item\">\n\t\t\t\t\t<div id=\"elementor-tab-title-3513\" class=\"elementor-tab-title\" data-tab=\"3\" role=\"button\" aria-controls=\"elementor-tab-content-3513\" aria-expanded=\"false\">\n\t\t\t\t\t\t\t\t\t\t\t\t<span class=\"elementor-toggle-icon elementor-toggle-icon-right\" aria-hidden=\"true\">\n\t\t\t\t\t\t\t\t\t\t\t\t\t\t\t<span class=\"elementor-toggle-icon-closed\"><i class=\" icomoon-the7-font-the7-plus-01\"><\/i><\/span>\n\t\t\t\t\t\t\t\t<span class=\"elementor-toggle-icon-opened\"><svg class=\"elementor-toggle-icon-opened e-font-icon-svg e-fas-minus\" viewBox=\"0 0 448 512\" xmlns=\"http:\/\/www.w3.org\/2000\/svg\"><path d=\"M416 208H32c-17.67 0-32 14.33-32 32v32c0 17.67 14.33 32 32 32h384c17.67 0 32-14.33 32-32v-32c0-17.67-14.33-32-32-32z\"><\/path><\/svg><\/span>\n\t\t\t\t\t\t\t\t\t\t\t\t\t<\/span>\n\t\t\t\t\t\t\t\t\t\t\t\t<a class=\"elementor-toggle-title\" tabindex=\"0\">\u00bfHay servicio de lavander\u00eda?<\/a>\n\t\t\t\t\t<\/div>\n\n\t\t\t\t\t<div id=\"elementor-tab-content-3513\" class=\"elementor-tab-content elementor-clearfix\" data-tab=\"3\" role=\"region\" aria-labelledby=\"elementor-tab-title-3513\"><p>S\u00ed, s\u00f3lo para los uniformes deportivos, se lavar\u00e1n a diario y deber\u00e1n depositarse y recogerse con suficiente antelaci\u00f3n para la pr\u00e1ctica deportiva.<br \/>(se confirmar\u00e1 en breve)<\/p>\n<\/div>\n\t\t\t\t<\/div>\n\t\t\t\t\t\t\t<div class=\"elementor-toggle-item\">\n\t\t\t\t\t<div id=\"elementor-tab-title-3514\" class=\"elementor-tab-title\" data-tab=\"4\" role=\"button\" aria-controls=\"elementor-tab-content-3514\" aria-expanded=\"false\">\n\t\t\t\t\t\t\t\t\t\t\t\t<span class=\"elementor-toggle-icon elementor-toggle-icon-right\" aria-hidden=\"true\">\n\t\t\t\t\t\t\t\t\t\t\t\t\t\t\t<span class=\"elementor-toggle-icon-closed\"><i class=\" icomoon-the7-font-the7-plus-01\"><\/i><\/span>\n\t\t\t\t\t\t\t\t<span class=\"elementor-toggle-icon-opened\"><svg class=\"elementor-toggle-icon-opened e-font-icon-svg e-fas-minus\" viewBox=\"0 0 448 512\" xmlns=\"http:\/\/www.w3.org\/2000\/svg\"><path d=\"M416 208H32c-17.67 0-32 14.33-32 32v32c0 17.67 14.33 32 32 32h384c17.67 0 32-14.33 32-32v-32c0-17.67-14.33-32-32-32z\"><\/path><\/svg><\/span>\n\t\t\t\t\t\t\t\t\t\t\t\t\t<\/span>\n\t\t\t\t\t\t\t\t\t\t\t\t<a class=\"elementor-toggle-title\" tabindex=\"0\">Mi hijo tiene que seguir una dieta espec\u00edfica por motivos de salud. \u00bfEs posible? <\/a>\n\t\t\t\t\t<\/div>\n\n\t\t\t\t\t<div id=\"elementor-tab-content-3514\" class=\"elementor-tab-content elementor-clearfix\" data-tab=\"4\" role=\"region\" aria-labelledby=\"elementor-tab-title-3514\"><p>Si tu hijo tiene alg\u00fan requisito diet\u00e9tico especial, y no lo mencionaste al inscribirte por Internet, inf\u00f3rmanos lo antes posible. La mayor\u00eda de las dietas pueden ser atendidas previo acuerdo. <\/p>\n<\/div>\n\t\t\t\t<\/div>\n\t\t\t\t\t\t\t<div class=\"elementor-toggle-item\">\n\t\t\t\t\t<div id=\"elementor-tab-title-3515\" class=\"elementor-tab-title\" data-tab=\"5\" role=\"button\" aria-controls=\"elementor-tab-content-3515\" aria-expanded=\"false\">\n\t\t\t\t\t\t\t\t\t\t\t\t<span class=\"elementor-toggle-icon elementor-toggle-icon-right\" aria-hidden=\"true\">\n\t\t\t\t\t\t\t\t\t\t\t\t\t\t\t<span class=\"elementor-toggle-icon-closed\"><i class=\" icomoon-the7-font-the7-plus-01\"><\/i><\/span>\n\t\t\t\t\t\t\t\t<span class=\"elementor-toggle-icon-opened\"><svg class=\"elementor-toggle-icon-opened e-font-icon-svg e-fas-minus\" viewBox=\"0 0 448 512\" xmlns=\"http:\/\/www.w3.org\/2000\/svg\"><path d=\"M416 208H32c-17.67 0-32 14.33-32 32v32c0 17.67 14.33 32 32 32h384c17.67 0 32-14.33 32-32v-32c0-17.67-14.33-32-32-32z\"><\/path><\/svg><\/span>\n\t\t\t\t\t\t\t\t\t\t\t\t\t<\/span>\n\t\t\t\t\t\t\t\t\t\t\t\t<a class=\"elementor-toggle-title\" tabindex=\"0\">Mi hijo toma medicamentos recetados, \u00bfdebo informarles de ello?<\/a>\n\t\t\t\t\t<\/div>\n\n\t\t\t\t\t<div id=\"elementor-tab-content-3515\" class=\"elementor-tab-content elementor-clearfix\" data-tab=\"5\" role=\"region\" aria-labelledby=\"elementor-tab-title-3515\"><p>S\u00ed, aseg\u00farate de indicar en el formulario de solicitud online cualquier medicaci\u00f3n que est\u00e9 tomando tu hijo o si est\u00e1 siguiendo alg\u00fan tratamiento. Pondremos al d\u00eda al personal m\u00e9dico a disposici\u00f3n en el campamento que seguir\u00e1 a tu hijo. Es importante que recibamos informaci\u00f3n precisa sobre cualquier enfermedad preexistente que pueda tener tu hijo. Si a\u00fan no nos has informado de tu estado de salud al inscribirte en l\u00ednea, hazlo lo antes posible. Ten en cuenta que los Campamentos PRO del Atl\u00e9tico de Madrid aceptan alumnos suponiendo que gozan de buena salud. Si tu hijo tiene que traer alg\u00fan medicamento, facil\u00edtanos informaci\u00f3n completa sobre la dosis, la hora a la que debe tomarlo y la informaci\u00f3n sobre su conservaci\u00f3n. <\/p>\n<\/div>\n\t\t\t\t<\/div>\n\t\t\t\t\t\t\t<div class=\"elementor-toggle-item\">\n\t\t\t\t\t<div id=\"elementor-tab-title-3516\" class=\"elementor-tab-title\" data-tab=\"6\" role=\"button\" aria-controls=\"elementor-tab-content-3516\" aria-expanded=\"false\">\n\t\t\t\t\t\t\t\t\t\t\t\t<span class=\"elementor-toggle-icon elementor-toggle-icon-right\" aria-hidden=\"true\">\n\t\t\t\t\t\t\t\t\t\t\t\t\t\t\t<span class=\"elementor-toggle-icon-closed\"><i class=\" icomoon-the7-font-the7-plus-01\"><\/i><\/span>\n\t\t\t\t\t\t\t\t<span class=\"elementor-toggle-icon-opened\"><svg class=\"elementor-toggle-icon-opened e-font-icon-svg e-fas-minus\" viewBox=\"0 0 448 512\" xmlns=\"http:\/\/www.w3.org\/2000\/svg\"><path d=\"M416 208H32c-17.67 0-32 14.33-32 32v32c0 17.67 14.33 32 32 32h384c17.67 0 32-14.33 32-32v-32c0-17.67-14.33-32-32-32z\"><\/path><\/svg><\/span>\n\t\t\t\t\t\t\t\t\t\t\t\t\t<\/span>\n\t\t\t\t\t\t\t\t\t\t\t\t<a class=\"elementor-toggle-title\" tabindex=\"0\">\u00bfHay alguien supervisando a los participantes durante la noche?<\/a>\n\t\t\t\t\t<\/div>\n\n\t\t\t\t\t<div id=\"elementor-tab-content-3516\" class=\"elementor-tab-content elementor-clearfix\" data-tab=\"6\" role=\"region\" aria-labelledby=\"elementor-tab-title-3516\"><p>Hay personal del campamento las 24 horas del d\u00eda.<\/p>\n<\/div>\n\t\t\t\t<\/div>\n\t\t\t\t\t\t\t<div class=\"elementor-toggle-item\">\n\t\t\t\t\t<div id=\"elementor-tab-title-3517\" class=\"elementor-tab-title\" data-tab=\"7\" role=\"button\" aria-controls=\"elementor-tab-content-3517\" aria-expanded=\"false\">\n\t\t\t\t\t\t\t\t\t\t\t\t<span class=\"elementor-toggle-icon elementor-toggle-icon-right\" aria-hidden=\"true\">\n\t\t\t\t\t\t\t\t\t\t\t\t\t\t\t<span class=\"elementor-toggle-icon-closed\"><i class=\" icomoon-the7-font-the7-plus-01\"><\/i><\/span>\n\t\t\t\t\t\t\t\t<span class=\"elementor-toggle-icon-opened\"><svg class=\"elementor-toggle-icon-opened e-font-icon-svg e-fas-minus\" viewBox=\"0 0 448 512\" xmlns=\"http:\/\/www.w3.org\/2000\/svg\"><path d=\"M416 208H32c-17.67 0-32 14.33-32 32v32c0 17.67 14.33 32 32 32h384c17.67 0 32-14.33 32-32v-32c0-17.67-14.33-32-32-32z\"><\/path><\/svg><\/span>\n\t\t\t\t\t\t\t\t\t\t\t\t\t<\/span>\n\t\t\t\t\t\t\t\t\t\t\t\t<a class=\"elementor-toggle-title\" tabindex=\"0\">\u00bfQu\u00e9 idiomas hablan los entrenadores en el campamento?<\/a>\n\t\t\t\t\t<\/div>\n\n\t\t\t\t\t<div id=\"elementor-tab-content-3517\" class=\"elementor-tab-content elementor-clearfix\" data-tab=\"7\" role=\"region\" aria-labelledby=\"elementor-tab-title-3517\"><p>Las sesiones de los Campamentos PRO del Atl\u00e9tico de Madrid se imparten en espa\u00f1ol e ingl\u00e9s, ya que muchos participantes extranjeros vienen de todo el mundo. Durante muchos a\u00f1os, hemos tenido participantes procedentes de todo el mundo y muchos de ellos no hablan el idioma nativo del lugar donde se realiza el campamento, pero se aclimatan muy bien al campamento, ya que no ha habido ninguna barrera ling\u00fc\u00edstica en el pasado. <\/p>\n<\/div>\n\t\t\t\t<\/div>\n\t\t\t\t\t\t\t<div class=\"elementor-toggle-item\">\n\t\t\t\t\t<div id=\"elementor-tab-title-3518\" class=\"elementor-tab-title\" data-tab=\"8\" role=\"button\" aria-controls=\"elementor-tab-content-3518\" aria-expanded=\"false\">\n\t\t\t\t\t\t\t\t\t\t\t\t<span class=\"elementor-toggle-icon elementor-toggle-icon-right\" aria-hidden=\"true\">\n\t\t\t\t\t\t\t\t\t\t\t\t\t\t\t<span class=\"elementor-toggle-icon-closed\"><i class=\" icomoon-the7-font-the7-plus-01\"><\/i><\/span>\n\t\t\t\t\t\t\t\t<span class=\"elementor-toggle-icon-opened\"><svg class=\"elementor-toggle-icon-opened e-font-icon-svg e-fas-minus\" viewBox=\"0 0 448 512\" xmlns=\"http:\/\/www.w3.org\/2000\/svg\"><path d=\"M416 208H32c-17.67 0-32 14.33-32 32v32c0 17.67 14.33 32 32 32h384c17.67 0 32-14.33 32-32v-32c0-17.67-14.33-32-32-32z\"><\/path><\/svg><\/span>\n\t\t\t\t\t\t\t\t\t\t\t\t\t<\/span>\n\t\t\t\t\t\t\t\t\t\t\t\t<a class=\"elementor-toggle-title\" tabindex=\"0\">\u00bfQu\u00e9 deben traer los jugadores de casa?<\/a>\n\t\t\t\t\t<\/div>\n\n\t\t\t\t\t<div id=\"elementor-tab-content-3518\" class=\"elementor-tab-content elementor-clearfix\" data-tab=\"8\" role=\"region\" aria-labelledby=\"elementor-tab-title-3518\"><p>Los participantes deben ser<\/p>\n<p>&#8211; Ropa de verano <br \/>&#8211; Botas de f\u00fatbol y zapatillas de correr de calle.<br \/>&#8211; Chanclas, toalla, ba\u00f1ador y neceser.<\/p>\n<p><em>IMPORTANTE: No est\u00e1 permitido llevar ropa o mochilas de otros equipos de f\u00fatbol profesional.<\/em><\/p>\n<\/div>\n\t\t\t\t<\/div>\n\t\t\t\t\t\t\t<div class=\"elementor-toggle-item\">\n\t\t\t\t\t<div id=\"elementor-tab-title-3519\" class=\"elementor-tab-title\" data-tab=\"9\" role=\"button\" aria-controls=\"elementor-tab-content-3519\" aria-expanded=\"false\">\n\t\t\t\t\t\t\t\t\t\t\t\t<span class=\"elementor-toggle-icon elementor-toggle-icon-right\" aria-hidden=\"true\">\n\t\t\t\t\t\t\t\t\t\t\t\t\t\t\t<span class=\"elementor-toggle-icon-closed\"><i class=\" icomoon-the7-font-the7-plus-01\"><\/i><\/span>\n\t\t\t\t\t\t\t\t<span class=\"elementor-toggle-icon-opened\"><svg class=\"elementor-toggle-icon-opened e-font-icon-svg e-fas-minus\" viewBox=\"0 0 448 512\" xmlns=\"http:\/\/www.w3.org\/2000\/svg\"><path d=\"M416 208H32c-17.67 0-32 14.33-32 32v32c0 17.67 14.33 32 32 32h384c17.67 0 32-14.33 32-32v-32c0-17.67-14.33-32-32-32z\"><\/path><\/svg><\/span>\n\t\t\t\t\t\t\t\t\t\t\t\t\t<\/span>\n\t\t\t\t\t\t\t\t\t\t\t\t<a class=\"elementor-toggle-title\" tabindex=\"0\">\u00bfCu\u00e1ndo se repartir\u00e1n los kits?<\/a>\n\t\t\t\t\t<\/div>\n\n\t\t\t\t\t<div id=\"elementor-tab-content-3519\" class=\"elementor-tab-content elementor-clearfix\" data-tab=\"9\" role=\"region\" aria-labelledby=\"elementor-tab-title-3519\"><p>Los jugadores recibir\u00e1n sus equipos de entrenamiento el primer d\u00eda antes de que comience la primera sesi\u00f3n de entrenamiento.<\/p>\n<\/div>\n\t\t\t\t<\/div>\n\t\t\t\t\t\t\t<div class=\"elementor-toggle-item\">\n\t\t\t\t\t<div id=\"elementor-tab-title-35110\" class=\"elementor-tab-title\" data-tab=\"10\" role=\"button\" aria-controls=\"elementor-tab-content-35110\" aria-expanded=\"false\">\n\t\t\t\t\t\t\t\t\t\t\t\t<span class=\"elementor-toggle-icon elementor-toggle-icon-right\" aria-hidden=\"true\">\n\t\t\t\t\t\t\t\t\t\t\t\t\t\t\t<span class=\"elementor-toggle-icon-closed\"><i class=\" icomoon-the7-font-the7-plus-01\"><\/i><\/span>\n\t\t\t\t\t\t\t\t<span class=\"elementor-toggle-icon-opened\"><svg class=\"elementor-toggle-icon-opened e-font-icon-svg e-fas-minus\" viewBox=\"0 0 448 512\" xmlns=\"http:\/\/www.w3.org\/2000\/svg\"><path d=\"M416 208H32c-17.67 0-32 14.33-32 32v32c0 17.67 14.33 32 32 32h384c17.67 0 32-14.33 32-32v-32c0-17.67-14.33-32-32-32z\"><\/path><\/svg><\/span>\n\t\t\t\t\t\t\t\t\t\t\t\t\t<\/span>\n\t\t\t\t\t\t\t\t\t\t\t\t<a class=\"elementor-toggle-title\" tabindex=\"0\">\u00bfCu\u00e1l es la direcci\u00f3n exacta del Complejo Deportivo?<\/a>\n\t\t\t\t\t<\/div>\n\n\t\t\t\t\t<div id=\"elementor-tab-content-35110\" class=\"elementor-tab-content elementor-clearfix\" data-tab=\"10\" role=\"region\" aria-labelledby=\"elementor-tab-title-35110\"><p>Centro Deportivo Alcal\u00e1 de Henares:<br \/>Avenida Gustavo Adolfo B\u00e9cquer, 1 (Alcal\u00e1 de Henares, Madrid)<\/p>\n<\/div>\n\t\t\t\t<\/div>\n\t\t\t\t\t\t\t<div class=\"elementor-toggle-item\">\n\t\t\t\t\t<div id=\"elementor-tab-title-35111\" class=\"elementor-tab-title\" data-tab=\"11\" role=\"button\" aria-controls=\"elementor-tab-content-35111\" aria-expanded=\"false\">\n\t\t\t\t\t\t\t\t\t\t\t\t<span class=\"elementor-toggle-icon elementor-toggle-icon-right\" aria-hidden=\"true\">\n\t\t\t\t\t\t\t\t\t\t\t\t\t\t\t<span class=\"elementor-toggle-icon-closed\"><i class=\" icomoon-the7-font-the7-plus-01\"><\/i><\/span>\n\t\t\t\t\t\t\t\t<span class=\"elementor-toggle-icon-opened\"><svg class=\"elementor-toggle-icon-opened e-font-icon-svg e-fas-minus\" viewBox=\"0 0 448 512\" xmlns=\"http:\/\/www.w3.org\/2000\/svg\"><path d=\"M416 208H32c-17.67 0-32 14.33-32 32v32c0 17.67 14.33 32 32 32h384c17.67 0 32-14.33 32-32v-32c0-17.67-14.33-32-32-32z\"><\/path><\/svg><\/span>\n\t\t\t\t\t\t\t\t\t\t\t\t\t<\/span>\n\t\t\t\t\t\t\t\t\t\t\t\t<a class=\"elementor-toggle-title\" tabindex=\"0\">Visados para Espa\u00f1a<\/a>\n\t\t\t\t\t<\/div>\n\n\t\t\t\t\t<div id=\"elementor-tab-content-35111\" class=\"elementor-tab-content elementor-clearfix\" data-tab=\"11\" role=\"region\" aria-labelledby=\"elementor-tab-title-35111\"><p>Las cartas de invitaci\u00f3n s\u00f3lo se entregar\u00e1n a los participantes, en ning\u00fan caso se entregar\u00e1n a nombre de ning\u00fan adulto.<\/p>\n<p>El plazo para emitir las cartas de invitaci\u00f3n ser\u00e1 de 24 a 48 horas h\u00e1biles una vez realizada la solicitud. Hay que tener en cuenta que para ello es necesario tener la documentaci\u00f3n y el pago de la inscripci\u00f3n recibidos, completos y correctos. <\/p>\n<p>En caso de no disponer de este plazo, el Atl\u00e9tico de Madrid no se responsabilizar\u00e1 de las consecuencias de dicha actuaci\u00f3n y, por tanto, no proceder\u00e1 a la devoluci\u00f3n de ninguna cantidad ya abonada.<\/p>\n<\/div>\n\t\t\t\t<\/div>\n\t\t\t\t\t\t\t\t<\/div>\n\t\t\t\t\t\t<\/div>\n\t\t\t\t<\/div>\n\t\t\t\t\t<\/div>\n\t\t<\/div>\n\t\t\t\t\t<\/div>\n\t\t<\/section>\n\t\t\t\t\t<\/div>\n\t\t<\/div>\n\t\t\t\t\t<\/div>\n\t\t<\/section>\n\t\t\t\t<\/div>\n\t\t","protected":false},"excerpt":{"rendered":"<p>Atl\u00e9tico de Madrid PRO Campamentos de f\u00fatbol Informaci\u00f3n sobre el traslado al aeropuerto y preguntas frecuentes sobre el campamento Para los que lleguen del extranjero, el campamento ofrece un servicio de traslado de pago desde el aeropuerto de Madrid (MAD) Barajas hasta el lugar de alojamiento del campamento. Todos los traslados deben concertarse previamente. Los&hellip;<\/p>\n","protected":false},"author":2,"featured_media":0,"parent":45451,"menu_order":0,"comment_status":"closed","ping_status":"closed","template":"","meta":{"_mo_disable_npp":"","footnotes":""},"class_list":["post-45441","page","type-page","status-publish","hentry"],"_links":{"self":[{"href":"https:\/\/soccercampsinternational.com\/es\/wp-json\/wp\/v2\/pages\/45441","targetHints":{"allow":["GET"]}}],"collection":[{"href":"https:\/\/soccercampsinternational.com\/es\/wp-json\/wp\/v2\/pages"}],"about":[{"href":"https:\/\/soccercampsinternational.com\/es\/wp-json\/wp\/v2\/types\/page"}],"author":[{"embeddable":true,"href":"https:\/\/soccercampsinternational.com\/es\/wp-json\/wp\/v2\/users\/2"}],"replies":[{"embeddable":true,"href":"https:\/\/soccercampsinternational.com\/es\/wp-json\/wp\/v2\/comments?post=45441"}],"version-history":[{"count":0,"href":"https:\/\/soccercampsinternational.com\/es\/wp-json\/wp\/v2\/pages\/45441\/revisions"}],"up":[{"embeddable":true,"href":"https:\/\/soccercampsinternational.com\/es\/wp-json\/wp\/v2\/pages\/45451"}],"wp:attachment":[{"href":"https:\/\/soccercampsinternational.com\/es\/wp-json\/wp\/v2\/media?parent=45441"}],"curies":[{"name":"wp","href":"https:\/\/api.w.org\/{rel}","templated":true}]}}